{"version":"1.0","provider_name":"ADF International","provider_url":"https:\/\/adfinternational.org\/de","title":"US-Regierung\u00a0erkl\u00e4rt\u00a0Nigeria\u00a0zu\u00a0einem\u00a0Land von besonderer Sorge\u00a0 US-Regierung erkl\u00e4rt Nigeria zu einem Land von besonderer Sorge","type":"rich","width":600,"height":338,"html":"<blockquote class=\"wp-embedded-content\" data-secret=\"qd6m5uFOXD\"><a href=\"https:\/\/adfinternational.org\/de\/news\/us-regierungerklaertnigeriazueinemland-von-besonderer-sorge\">US-Regierung\u00a0erkl\u00e4rt\u00a0Nigeria\u00a0zu\u00a0einem\u00a0Land von besonderer Sorge\u00a0<\/a><\/blockquote><iframe sandbox=\"allow-scripts\" security=\"restricted\" src=\"https:\/\/adfinternational.org\/de\/news\/us-regierungerklaertnigeriazueinemland-von-besonderer-sorge\/embed#?secret=qd6m5uFOXD\" width=\"600\" height=\"338\" title=\"&#8222;US-Regierung\u00a0erkl\u00e4rt\u00a0Nigeria\u00a0zu\u00a0einem\u00a0Land von besonderer Sorge\u00a0&#8220; &#8212; ADF International\" data-secret=\"qd6m5uFOXD\" frameborder=\"0\" marginwidth=\"0\" marginheight=\"0\" scrolling=\"no\" class=\"wp-embedded-content\"><\/iframe><script type=\"text\/javascript\">\n\/* <![CDATA[ *\/\n\/*! This file is auto-generated *\/\n!function(d,l){\"use strict\";l.querySelector&&d.addEventListener&&\"undefined\"!=typeof URL&&(d.wp=d.wp||{},d.wp.receiveEmbedMessage||(d.wp.receiveEmbedMessage=function(e){var t=e.data;if((t||t.secret||t.message||t.value)&&!\/[^a-zA-Z0-9]\/.test(t.secret)){for(var s,r,n,a=l.querySelectorAll('iframe[data-secret=\"'+t.secret+'\"]'),o=l.querySelectorAll('blockquote[data-secret=\"'+t.secret+'\"]'),c=new RegExp(\"^https?:$\",\"i\"),i=0;i<o.length;i++)o[i].style.display=\"none\";for(i=0;i<a.length;i++)s=a[i],e.source===s.contentWindow&&(s.removeAttribute(\"style\"),\"height\"===t.message?(1e3<(r=parseInt(t.value,10))?r=1e3:~~r<200&&(r=200),s.height=r):\"link\"===t.message&&(r=new URL(s.getAttribute(\"src\")),n=new URL(t.value),c.test(n.protocol))&&n.host===r.host&&l.activeElement===s&&(d.top.location.href=t.value))}},d.addEventListener(\"message\",d.wp.receiveEmbedMessage,!1),l.addEventListener(\"DOMContentLoaded\",function(){for(var e,t,s=l.querySelectorAll(\"iframe.wp-embedded-content\"),r=0;r<s.length;r++)(t=(e=s[r]).getAttribute(\"data-secret\"))||(t=Math.random().toString(36).substring(2,12),e.src+=\"#?secret=\"+t,e.setAttribute(\"data-secret\",t)),e.contentWindow.postMessage({message:\"ready\",secret:t},\"*\")},!1)))}(window,document);\n\/\/# sourceURL=https:\/\/adfinternational.org\/wp-includes\/js\/wp-embed.min.js\n\/* ]]> *\/\n<\/script>\n","thumbnail_url":"https:\/\/adfinternational.org\/wp-content\/uploads\/2025\/06\/nigeria.png","thumbnail_width":555,"thumbnail_height":403,"description":"Die US-Regierung hat offiziell angek\u00fcndigt, Ma\u00dfnahmen zu ergreifen, um die massenhafte Verfolgung von Christen in Nigeria zu bek\u00e4mpfen und erkl\u00e4rte das Christentum dort f\u00fcr \u201cexistenziell bedroht\u201d"}