{"id":55933,"date":"2023-07-03T21:17:38","date_gmt":"2023-07-03T21:17:38","guid":{"rendered":"https:\/\/adfinternational.org\/life-is-protected"},"modified":"2026-07-06T13:51:04","modified_gmt":"2026-07-06T13:51:04","slug":"lebensschutz","status":"publish","type":"page","link":"https:\/\/adfinternational.org\/de\/unsere-themen\/lebensschutz\/","title":{"rendered":"Lebensschutz"},"content":{"rendered":"<svg width=\"0\" height=\"0\" style=\"position:absolute;width:0;height:0;overflow:hidden\" aria-hidden=\"true\" focusable=\"false\"><filter id=\"adf-tritone-map\" color-interpolation-filters=\"sRGB\"><feColorMatrix type=\"matrix\" values=\"0.2126 0.7152 0.0722 0 0  0.2126 0.7152 0.0722 0 0  0.2126 0.7152 0.0722 0 0  0 0 0 1 0\"\/><feComponentTransfer><feFuncR type=\"table\" tableValues=\"0 0.131 0.261 0.391 0.522 0.652 0.751 0.803 0.856 0.908 0.961\"\/><feFuncG type=\"table\" tableValues=\"0.188 0.257 0.326 0.395 0.464 0.532 0.598 0.659 0.720 0.782 0.843\"\/><feFuncB type=\"table\" tableValues=\"0.341 0.313 0.284 0.255 0.226 0.198 0.209 0.277 0.346 0.414 0.482\"\/><\/feComponentTransfer><\/filter><\/svg><section class=\"adfi-focus-hero wp-block-adfi-focus-hero\">\n        <div class=\"adfi-focus-hero-bg\" style=\"background-image: url(https:\/\/adfinternational.org\/wp-content\/uploads\/2026\/04\/life-hero.webp)\"><\/div>\n        <div class=\"adfi-focus-hero-overlay\"><\/div>\n    <div class=\"container position-relative\" style=\"z-index:3\">\n        <div class=\"row\">\n            <div class=\"col-lg-7 col-xl-6\">\n                <h1 class=\"adfi-focus-hero-heading\">Leben und W\u00fcrde sch\u00fctzen<\/h1>\n                <p class=\"adfi-focus-hero-subheading\">Jeder Mensch hat das Recht auf Leben<\/p>\n                                <a href=\"\/de\/spenden\" class=\"btn-ds-primary-dark\">\n                    Unterst\u00fctzen Sie uns                <\/a>\n                            <\/div>\n        <\/div>\n    <\/div>\n<\/section>\n\n\n<div class=\"adfi-achievements adfi-achievements--cream wp-block-adfi-achievements\">\n\t<div class=\"container text-center\">\n\t\t<h2 class=\"adfi-achievements-heading\"><\/h2>\n\t\t<div class=\"row justify-content-center adfi-achievements-stats\">\n\t\t\t\t\t\t<div class=\"col-12 col-md-4\">\n\t\t\t\t<div class=\"adfi-achievements-number\" data-target=\"35\">0<\/div>\n\t\t\t\t<div class=\"adfi-achievements-label\">L\u00e4nder mit laufenden F\u00e4llen<\/div>\n\t\t\t<\/div>\n\t\t\t\t\t\t<div class=\"col-12 col-md-4\">\n\t\t\t\t<div class=\"adfi-achievements-number\" data-target=\"123\">0<\/div>\n\t\t\t\t<div class=\"adfi-achievements-label\">aktuelle F\u00e4lle weltweit<\/div>\n\t\t\t<\/div>\n\t\t\t\t\t\t<div class=\"col-12 col-md-4\">\n\t\t\t\t<div class=\"adfi-achievements-number\" data-target=\"353\">0<\/div>\n\t\t\t\t<div class=\"adfi-achievements-label\">Erfolge von ADF International<\/div>\n\t\t\t<\/div>\n\t\t\t\t\t<\/div>\n\t\t\t<\/div>\n<\/div>\n\n\n\n<div class=\"wp-block-group container py-5 is-layout-flow wp-block-group-is-layout-flow\">\n<div class=\"wp-block-columns is-layout-flex wp-container-core-columns-is-layout-8f761849 wp-block-columns-is-layout-flex\">\n<div class=\"wp-block-column is-layout-flow wp-block-column-is-layout-flow\" style=\"flex-basis:62%\">\n<h2 class=\"wp-block-heading has-text-color\" id=\"h-jeder-mensch-hat-das-recht-auf-leben\" style=\"color:#003057;font-family:var(--adf-ff-1);font-size:clamp(1.5rem, 2.5vw, 2rem)\">Jeder Mensch hat das Recht auf Leben<\/h2>\n\n\n\n<p class=\"has-text-color wp-block-paragraph\" style=\"color:#333333;font-family:Spectral;font-size:1.05rem;line-height:1.8\">Das Recht auf Leben ist die Voraussetzung der Grundrechte, es muss gesch\u00fctzt werden von der Empf\u00e4ngnis bis zum nat\u00fcrlichen Tod. Viele gesch\u00fctzte Rechtsg\u00fcter k\u00f6nnen nach einer Verletzung wiederhergestellt werden \u2013 ein einmal verlorenes Leben hingegen nicht.<\/p>\n\n\n\n<h2 class=\"wp-block-heading has-text-color\" id=\"h-unterschiedslos-gewahrte-grundrechte\" style=\"color:#003057;font-family:var(--adf-ff-1);font-size:clamp(1.5rem, 2.5vw, 2rem)\">Unterschiedslos gew\u00e4hrte Grundrechte<\/h2>\n\n\n\n<p class=\"has-text-color wp-block-paragraph\" style=\"color:#333333;font-family:Spectral;font-size:1.05rem;line-height:1.8\">Nach der schrecklichen Erfahrung der \u201eEntmenschlichung\u201c definierter Personengruppen im 20. Jahrhundert entschied die V\u00f6lkergemeinschaft, jedem Menschen unterschiedslos und ohne Bedingungen Grundrechte zu garantieren. Das erste davon ist das Recht auf Leben. Die meisten Menschenrechtsdokumente nennen es darum ganz am Anfang ihrer Aufz\u00e4hlung.<\/p>\n\n\n\n<p class=\"has-text-color wp-block-paragraph\" style=\"color:#333333;font-family:Spectral;font-size:1.05rem;line-height:1.8\">Schon allein darum kann es aus grundrechtlicher Sicht kein \u201eRecht\u201d auf Abtreibung oder Euthanasie geben. Solche Forderungen stehen komplett im Widerspruch zur V\u00f6lkerrechtsordnung. Unabh\u00e4ngig von Entwicklungsstatus oder sonstigen willk\u00fcrlichen Kriterien hat jeder Mensch eine unantastbare W\u00fcrde.<\/p>\n\n\n\n<h2 class=\"wp-block-heading has-text-color\" id=\"h-wurde-unabhangig-von-alter-und-geschlecht\" style=\"color:#003057;font-family:var(--adf-ff-1);font-size:clamp(1.5rem, 2.5vw, 2rem)\">W\u00fcrde unabh\u00e4ngig von Alter und Geschlecht<\/h2>\n\n\n\n<p class=\"has-text-color wp-block-paragraph\" style=\"color:#333333;font-family:Spectral;font-size:1.05rem;line-height:1.8\">Darum engagieren wir uns beispielsweise in Indien f\u00fcr das Lebensrecht jedes Menschen und setzen uns gegen selektive vorgeburtliche Kindst\u00f6tung von M\u00e4dchen ein. Ungerechte Behandlung von Frauen beginnt im Mutterleib.<\/p>\n\n\n\n<p class=\"has-text-color wp-block-paragraph\" style=\"color:#333333;font-family:Spectral;font-size:1.05rem;line-height:1.8\">Das Drama von Euthanasie und assistiertem Suizid hat Europa fest im Griff. \u201eIn der DACH-Region wurden in den vergangenen Jahren die Schutzbarrieren gegen den assistierten Suizid erheblich geschw\u00e4cht. In Deutschland ist die Beihilfe zum Suizid seit 2020 grunds\u00e4tzlich erlaubt, in \u00d6sterreich seit 2022 durch das Sterbeverf\u00fcgungsgesetz legalisiert, und in der Schweiz ist sie schon lange Praxis \u2013 mit stetig steigenden Zahlen. W\u00e4hrend dort inzwischen j\u00e4hrlich \u00fcber 1.700 Einheimische sowie rund 500 ausl\u00e4ndische Staatsb\u00fcrger durch assistierten Suizid sterben, rechnen Beobachter bis 2035 mit einer Verdoppelung der F\u00e4lle. Auch \u00d6sterreich erlebt einen raschen Anstieg: Nach 98 F\u00e4llen im Jahr 2023 wurden bereits bis Juli 2025 \u00fcber 700 Sterbeverf\u00fcgungen erteilt.<\/p>\n\n\n\n<p class=\"has-text-color wp-block-paragraph\" style=\"color:#333333;font-family:Spectral;font-size:1.05rem;line-height:1.8\">Noch drastischer zeigt sich die Entwicklung in Belgien. Dort wurden von 2002-2023 \u00fcber 33.000 F\u00e4lle aktiver Euthanasie offiziell gemeldet \u2013 h\u00e4ufig durch eine t\u00f6dliche Injektion, teilweise auch bei Minderj\u00e4hrigen. Im Jahr 2023 machten Euthanasief\u00e4lle 3,16 Prozent aller Todesf\u00e4lle in Belgien aus.<\/p>\n\n\n\n<p class=\"has-text-color wp-block-paragraph\" style=\"color:#333333;font-family:Spectral;font-size:1.05rem;line-height:1.8\">Zunehmend ist auch der zivilgesellschaftliche Einsatz f\u00fcr den Schutz des Lebens unter Beschuss. Vielerorts werden Gebet und Hilfsangebote in der N\u00e4he von abtreibungsbezogenen Einrichtungen eingeschr\u00e4nkt. \u00c4rzte, Apotheker und medizinisches Personal m\u00fcssen um ihre Gewissensfreiheit f\u00fcrchten. Und immer h\u00e4ufiger werden Lebensschutzbotschaften Opfer von Zensur. Deswegen brauchen Grundrechte immer h\u00e4ufiger auch in Bezug auf das Lebensrecht juristischen Schutz.<\/p>\n\n\n\n<p class=\"has-text-color wp-block-paragraph\" style=\"color:#333333;font-family:Spectral;font-size:1.05rem;line-height:1.8\">Und doch vermittelt uns die Gesellschaft zunehmend, dass menschliches Leben austauschbar und wertlos sei. Das zeigt sich etwa in der Legalisierung von Abtreibung, Euthanasie und in zahlreichen bioethischen Fragestellungen, die durch neue Technologien entstehen.<\/p>\n\n\n\n<p class=\"has-text-color wp-block-paragraph\" style=\"color:#333333;font-family:Spectral;font-size:1.05rem;line-height:1.8\">Der wahre Wert des menschlichen Lebens liegt darin, dass Gott selbst der Sch\u00f6pfer und Urheber allen Lebens ist. Die Heilige Schrift bezeugt, dass Er uns schon im Mutterleib geformt hat und uns kannte, noch bevor wir geboren wurden.<\/p>\n\n\n\n<p class=\"has-text-color wp-block-paragraph\" style=\"color:#333333;font-family:Spectral;font-size:1.05rem;line-height:1.8\">Aus Liebe hat Gott uns ins Leben gerufen \u2013 und aus derselben Liebe hat Er seinen Sohn gesandt, um uns zu erl\u00f6sen. Durch Jesus Christus wird deutlich, wie wertvoll und sch\u00fctzenswert jedes menschliche Leben ist.<\/p>\n\n\n\n<p class=\"has-text-color wp-block-paragraph\" style=\"color:#333333;font-family:Spectral;font-size:1.05rem;line-height:1.8\">Weil das Leben von Gott stammt, geh\u00f6rt es auch Ihm. Einen Menschen, der nach seinem Ebenbild geschaffen ist, willk\u00fcrlich zu t\u00f6ten, ist deshalb nicht nur zutiefst ungerecht, sondern richtet sich direkt gegen den Sch\u00f6pfer selbst.<\/p>\n\n\n\n<p class=\"has-text-color wp-block-paragraph\" style=\"color:#333333;font-family:Spectral;font-size:1.05rem;line-height:1.8\">Im Buch der Spr\u00fcche 6,17 lesen wir, dass Gott \u201eH\u00e4nde, die unschuldiges Blut vergie\u00dfen\u201c, verhasst sind. Und in Deuteronomium 30,19\u201320 ruft Er uns auf: \u201eW\u00e4hle das Leben, damit du lebst \u2013 du und deine Nachkommen. Liebe den HERRN, deinen Gott, h\u00f6re auf seine Stimme und halte dich an ihm fest; denn er ist dein Leben.\u201d<br><\/p>\n\n\n\n<p class=\"has-text-color wp-block-paragraph\" style=\"color:#333333;font-family:Spectral;font-size:1.05rem;line-height:1.8\">Es steht uns nicht zu, unschuldiges Leben zu nehmen \u2013 weder am Anfang noch am Ende noch irgendwo dazwischen. Die Heilige Schrift lehrt uns, dass selbst im Leid Gnade m\u00f6glich ist. Deshalb verdient jedes menschliche Leben den h\u00f6chsten Schutz.<br>Daraus folgt: Der Staat \u2013 als Diener Gottes \u2013 hat den Auftrag, das menschliche Leben zu achten, zu sch\u00fctzen und zu bewahren.<\/p>\n\n\n\n<h2 class=\"wp-block-heading has-text-color\" id=\"h-der-rechtliche-rahmen\" style=\"color:#003057;font-family:var(--adf-ff-1);font-size:clamp(1.5rem, 2.5vw, 2rem)\">Der rechtliche Rahmen<\/h2>\n\n\n\n<p class=\"has-text-color wp-block-paragraph\" style=\"color:#333333;font-family:Spectral;font-size:1.05rem;line-height:1.8\">Die ersten zwei Gesetze im deutschen Grundgesetz sch\u00fctzen die W\u00fcrde und das Leben: \u201eDie W\u00fcrde des Menschen ist unantastbar\u201c (Art. 1 (1) GG) und \u201ejeder hat das Recht auf Leben und k\u00f6rperliche Unversehrtheit\u201c (Art. 2 (2) GG).<\/p>\n\n\n\n<p class=\"has-text-color wp-block-paragraph\" style=\"color:#333333;font-family:Spectral;font-size:1.05rem;line-height:1.8\">Das \u00f6sterreichische Gesetzbuch sch\u00fctzt sogar explizit ungeborene Kinder: \u201eUngeborne Kinder haben von dem Zeitpuncte ihrer Empf\u00e4ngni\u00df an, einen Anspruch auf den Schutz der Gesetze. In so weit es um ihre und nicht um die Rechte eines Dritten zu thun ist, werden sie als Geborne angesehen\u201c (\u00a722 ABGB).<br>Und auch die Bundesverfassung der Schweiz sch\u00fctzt dieses Recht: \u201eJeder Mensch hat das Recht auf Leben\u201c(Art. 10 (1) BV).<br>Das V\u00f6lkerrecht sch\u00fctzt das Recht auf Leben umfassend und mit Nachdruck.<\/p>\n\n\n\n<p class=\"has-text-color wp-block-paragraph\" style=\"color:#333333;font-family:Spectral;font-size:1.05rem;line-height:1.8\">Nach internationalem Recht gibt es zweifelsfrei kein \u201eRecht auf Abtreibung\u201c. Im Gegenteil: Die grundlegenden internationalen Menschenrechtsvertr\u00e4ge, die f\u00fcr Staaten verbindlich sind, enthalten starke Schutzbestimmungen f\u00fcr das Recht auf Leben \u2013 und zahlreiche Verweise auf das ungeborene Leben.<\/p>\n\n\n\n<p class=\"has-text-color wp-block-paragraph\" style=\"color:#333333;font-family:Spectral;font-size:1.05rem;line-height:1.8\">Abtreibung \u2013 also die T\u00f6tung unschuldigen menschlichen Lebens in seiner verletzlichsten Phase \u2013 kann niemals ein Menschenrecht sein.<br>Ebenso wenig existiert ein \u201eRecht zu sterben\u201c. Kein v\u00f6lkerrechtlicher Vertrag st\u00fctzt die Legalisierung von Euthanasie, assistiertem Suizid oder anderen lebensbeendenden Ma\u00dfnahmen. Im Gegenteil: Entsprechend den etablierten menschenrechtlichen Standards m\u00fcssen wir jeden einzelnen Menschen \u2013 besonders die Schw\u00e4chsten \u2013 mit h\u00f6chster Wachsamkeit vor einer Kultur des Todes sch\u00fctzen.<\/p>\n\n\n\n<p class=\"has-text-color wp-block-paragraph\" style=\"color:#333333;font-family:Spectral;font-size:1.05rem;line-height:1.8\">Der Internationale Pakt \u00fcber b\u00fcrgerliche und politische Rechte (UN-Zivilpakt) sieht in Artikel 6 Absatz 1 vor, dass \u201ejeder Mensch ein angeborenes Recht auf Leben hat. Dieses Recht ist gesetzlich zu sch\u00fctzen. Niemand darf willk\u00fcrlich seines Lebens beraubt werden.\u201c<br>Die Konvention \u00fcber die Rechte des Kindes besagt in Artikel 6 Absatz 1, dass \u201ejedes Kind ein angeborenes Recht auf Leben hat\u201c und in der Pr\u00e4ambel hei\u00dft es, dass \u201edas Kind wegen seiner mangelnden k\u00f6rperlichen und geistigen Reife besonderen Schutzes und besonderer F\u00fcrsorge, insbesondere eines angemessenen rechtlichen Schutzes vor und nach der Geburt, bedarf.\u201c<\/p>\n\n\n\n<p class=\"has-text-color wp-block-paragraph\" style=\"color:#333333;font-family:Spectral;font-size:1.05rem;line-height:1.8\">Die UN-Behindertenrechtskonvention besagt in Artikel 10, dass \u201ejeder Mensch ein angeborenes Recht auf Leben hat, und [die Vertragsstaaten] treffen alle erforderlichen Ma\u00dfnahmen, um den wirksamen und gleichberechtigten Genuss dieses Rechts durch Menschen mit Behinderungen zu gew\u00e4hrleisten.\u201c<br>Die amerikanische Kommission \u00fcber Menschenrechte besagt, dass \u201ejeder Mensch das Recht hat, dass sein Leben geachtet wird. Dieses Recht ist gesetzlich zu sch\u00fctzen, und zwar im Allgemeinen vom Augenblick der Empf\u00e4ngnis an.\u201c<\/p>\n\n\n\n<p class=\"has-text-color wp-block-paragraph\" style=\"color:#333333;font-family:Spectral;font-size:1.05rem;line-height:1.8\">Artikel 2 der Charta der Grundrechte der Europ\u00e4ischen Union (EU-Charta) erkennt an, dass \u201ejede Person das Recht auf Leben hat.\u201c Der Europ\u00e4ische Gerichtshof f\u00fcr Menschenrechte hat wiederholt entschieden, dass die Europ\u00e4ische Menschenrechtskonvention kein \u201eRecht zu sterben\u201c enth\u00e4lt, das dem Recht auf Leben \u201ediametral entgegengesetzt\u201c w\u00e4re.<\/p>\n\n\n\n<h2 class=\"wp-block-heading has-text-color\" id=\"h-gewissensfreiheit-im-medizinischen-beruf-schutzen\" style=\"color:#003057;font-family:var(--adf-ff-1);font-size:clamp(1.5rem, 2.5vw, 2rem)\">Gewissensfreiheit im medizinischen Beruf sch\u00fctzen<\/h2>\n\n\n\n<p class=\"has-text-color wp-block-paragraph\" style=\"color:#333333;font-family:Spectral;font-size:1.05rem;line-height:1.8\">Viele angehende christliche \u00c4rzte meiden bestimmte Fachrichtungen der Medizin \u2013 etwa Geburtshilfe und Gyn\u00e4kologie \u2013 aus Angst vor wachsendem Druck und moralischen Konflikten in diesen Bereichen. Genau hier setzt unsere Arbeit bei ADF International an.<\/p>\n\n\n\n<p class=\"has-text-color wp-block-paragraph\" style=\"color:#333333;font-family:Spectral;font-size:1.05rem;line-height:1.8\">Niemand sollte gezwungen sein, zwischen seinem Gewissen und seinem Beruf zu w\u00e4hlen. Pers\u00f6nliche \u00dcberzeugungen und das Gewissen durchdringen alle Lebensbereiche \u2013 sie lassen sich nicht einfach am Eingang zum Arbeitsplatz ablegen.<br>Im Bereich der Bioethik bringen neue Technologien schwerwiegende menschenrechtliche Fragen mit sich \u2013 etwa dann, wenn Mutterschaft auf zwei oder mehrere Parteien aufgeteilt wird. Frauen d\u00fcrfen nicht auf die Rolle blo\u00dfer \u201eGeb\u00e4rmaschinen\u201c reduziert oder entsprechend ausgebeutet werden. Die Leihmutterschaft, oft verbunden mit ernsthaften Risiken f\u00fcr die Gesundheit der Frau, hat weltweit besorgniserregende Auswirkungen \u2013 sowohl f\u00fcr die betroffenen Frauen als auch f\u00fcr die Kinder.<\/p>\n\n\n\n<p class=\"has-text-color wp-block-paragraph\" style=\"color:#333333;font-family:Spectral;font-size:1.05rem;line-height:1.8\">Diese Erfahrung trifft Frauen in Entwicklungsl\u00e4ndern besonders hart, da sie zunehmend der Ausbeutung durch die Vermietung ihres Mutterleibs ausgesetzt sind.<\/p>\n\n\n\n<p class=\"has-text-color wp-block-paragraph\" style=\"color:#333333;font-family:Spectral;font-size:1.05rem;line-height:1.8\">Auch Kinder, die durch Leihmutterschaft zur Welt kommen, erleben schwerwiegende Verletzungen ihrer Rechte \u2013 etwa durch den Verkauf unmittelbar nach der Geburt oder die Verwehrung ihres Rechts, ihre eigene Identit\u00e4t zu kennen.<\/p>\n\n\n\n<blockquote class=\"wp-block-quote has-text-color is-layout-flow wp-block-quote-is-layout-flow\" style=\"color:#003057\">\n<p class=\"wp-block-paragraph\">\u201cDu hast mich mit meinem Innersten geschaffen, im Leib meiner Mutter hast du mich gebildet. Herr, ich danke dir daf\u00fcr, dass du mich so wunderbar und einzigartig gemacht hast!\u201d<\/p>\n<cite>Psalm 139,13\u201318<\/cite><\/blockquote>\n\n\n\n<p class=\"has-text-color wp-block-paragraph\" style=\"color:#333333;font-family:Spectral;font-size:1.05rem;line-height:1.8\">Unser Ziel ist es, dass weltweit das Recht auf Leben garantiert wird \u2013 und Praktiken, die dieses Recht verletzen, wie Abtreibung, Euthanasie und der assistierte Suizid, nicht nur gesetzlich verboten, sondern auch gesellschaftlich undenkbar werden.<\/p>\n\n\n\n<p class=\"has-text-color wp-block-paragraph\" style=\"color:#333333;font-family:Spectral;font-size:1.05rem;line-height:1.8\">Wir bei ADF International setzen uns mit Nachdruck f\u00fcr den Schutz der grundlegendsten Freiheit ein: das Recht auf Leben, das tagt\u00e4glich in vielen Teilen der Welt verletzt wird.<\/p>\n\n\n\n<p class=\"has-text-color wp-block-paragraph\" style=\"color:#333333;font-family:Spectral;font-size:1.05rem;line-height:1.8\"><strong>ADF International verteidigt das Recht auf Leben durch gezielte Anwaltschaft um:<\/strong><\/p>\n\n\n\n<ul style=\"color:#003057;font-family:Spectral;font-size:1.05rem;line-height:1.8\" class=\"wp-block-list has-text-color\">\n<li>Staaten bei internationalen Institutionen zur Einhaltung ihrer Verpflichtungen zum Schutz des Lebensrechts zu bewegen<\/li>\n\n\n\n<li>Rechtlichen Schutz f\u00fcr das Leben auf nationaler Ebene zu sichern und auszubauen<\/li>\n\n\n\n<li>Menschen beizustehen, deren Gewissensfreiheit verletzt wird, weil sie die Unantastbarkeit des menschlichen Lebens verteidigen<\/li>\n\n\n\n<li>Personen zu verteidigen, deren Meinungsfreiheit aufgrund ihres Lebensschutz-Engagements eingeschr\u00e4nkt oder verletzt wird<\/li>\n<\/ul>\n\n\n\n<p class=\"has-text-color wp-block-paragraph\" style=\"color:#333333;font-family:Spectral;font-size:1.05rem;line-height:1.8\"><\/p>\n<\/div>\n\n\n\n<div class=\"wp-block-column is-layout-flow wp-block-column-is-layout-flow\" style=\"flex-basis:38%\"><div class=\"adfi-topic-news wp-block-adfi-topic-news\">\n        <h2 class=\"adfi-topic-news-heading\">Nachrichten<\/h2>\n    \n    <ul class=\"adfi-topic-news-list\">\n                <li class=\"adfi-topic-news-item\">\n            <a href=\"https:\/\/adfinternational.org\/de\/news\/wiener-gericht-bestatigt-grundrechte-friedliche-gebetswachen\/\" class=\"adfi-topic-news-link\">\n                                <div class=\"adfi-topic-news-thumb-wrap\">\n                    <img loading=\"lazy\" decoding=\"async\" width=\"150\" height=\"150\" src=\"https:\/\/adfinternational.org\/wp-content\/uploads\/2026\/01\/Jugend-furs-Leben_Gebetswache_2-150x150.jpeg\" class=\"adfi-topic-news-thumb wp-post-image\" alt=\"\" \/>                    <div class=\"adf-hero-warm-stack\" aria-hidden=\"true\"><div class=\"adf-hero-warm-cool\"><\/div><div class=\"adf-hero-warm-cream\"><\/div><div class=\"adf-hero-warm-gold\"><\/div><\/div>\n                <\/div>\n                                <div class=\"adfi-topic-news-meta\">\n                    <span class=\"adfi-topic-news-type\">Pressemitteilung<\/span>\n                    <span class=\"adfi-topic-news-date\">23. Januar 2026<\/span>\n                    <span class=\"adfi-topic-news-title\">Wiener Gericht best\u00e4tigt Grundrechte: friedliche Gebetswachen vor Abtreibungseinrichtungen von Versammlungsfreiheit gedeckt<\/span>\n                <\/div>\n            <\/a>\n        <\/li>\n                <li class=\"adfi-topic-news-item\">\n            <a href=\"https:\/\/adfinternational.org\/de\/news\/europaeisches-gerichtsverfahren-koennte-die-zukunft-religioeser-symbole-in-oeffentlichen-einrichtungen-bestimmen\/\" class=\"adfi-topic-news-link\">\n                                <div class=\"adfi-topic-news-thumb-wrap\">\n                    <img loading=\"lazy\" decoding=\"async\" width=\"150\" height=\"150\" src=\"https:\/\/adfinternational.org\/wp-content\/uploads\/2026\/01\/courtroom_greece-1-150x150.webp\" class=\"adfi-topic-news-thumb wp-post-image\" alt=\"\" \/>                    <div class=\"adf-hero-warm-stack\" aria-hidden=\"true\"><div class=\"adf-hero-warm-cool\"><\/div><div class=\"adf-hero-warm-cream\"><\/div><div class=\"adf-hero-warm-gold\"><\/div><\/div>\n                <\/div>\n                                <div class=\"adfi-topic-news-meta\">\n                    <span class=\"adfi-topic-news-type\">Pressemitteilung<\/span>\n                    <span class=\"adfi-topic-news-date\">16. Januar 2026<\/span>\n                    <span class=\"adfi-topic-news-title\">Europ\u00e4isches Gerichtsverfahren k\u00f6nnte die Zukunft religi\u00f6ser Symbole in \u00f6ffentlichen Einrichtungen bestimmen<\/span>\n                <\/div>\n            <\/a>\n        <\/li>\n                <li class=\"adfi-topic-news-item\">\n            <a href=\"https:\/\/adfinternational.org\/de\/news\/grossbritannien-christin-wegen-stillen-gebets-strafrechtlich-verfolgt\/\" class=\"adfi-topic-news-link\">\n                                <div class=\"adfi-topic-news-thumb-wrap\">\n                    <img loading=\"lazy\" decoding=\"async\" width=\"150\" height=\"150\" src=\"https:\/\/adfinternational.org\/wp-content\/uploads\/2023\/12\/Isabel_600x400-150x150.webp\" class=\"adfi-topic-news-thumb wp-post-image\" alt=\"\" \/>                    <div class=\"adf-hero-warm-stack\" aria-hidden=\"true\"><div class=\"adf-hero-warm-cool\"><\/div><div class=\"adf-hero-warm-cream\"><\/div><div class=\"adf-hero-warm-gold\"><\/div><\/div>\n                <\/div>\n                                <div class=\"adfi-topic-news-meta\">\n                    <span class=\"adfi-topic-news-type\">Pressemitteilung<\/span>\n                    <span class=\"adfi-topic-news-date\">19. Dezember 2025<\/span>\n                    <span class=\"adfi-topic-news-title\">Gro\u00dfbritannien: Christin wegen stillen Gebets strafrechtlich verfolgt<\/span>\n                <\/div>\n            <\/a>\n        <\/li>\n                <li class=\"adfi-topic-news-item\">\n            <a href=\"https:\/\/adfinternational.org\/de\/news\/europaeischer-gerichtshof-fuer-menschenrechte-untergraebt-recht-auf-leben-von-ungeborenen-kindern-mit-behinderung\/\" class=\"adfi-topic-news-link\">\n                                <div class=\"adfi-topic-news-thumb-wrap\">\n                    <img loading=\"lazy\" decoding=\"async\" width=\"150\" height=\"150\" src=\"https:\/\/adfinternational.org\/wp-content\/uploads\/2021\/06\/bigstock-Babys-Hand-With-Fathers-Hand-390826664dasda-150x150.jpg\" class=\"adfi-topic-news-thumb wp-post-image\" alt=\"\" \/>                    <div class=\"adf-hero-warm-stack\" aria-hidden=\"true\"><div class=\"adf-hero-warm-cool\"><\/div><div class=\"adf-hero-warm-cream\"><\/div><div class=\"adf-hero-warm-gold\"><\/div><\/div>\n                <\/div>\n                                <div class=\"adfi-topic-news-meta\">\n                    <span class=\"adfi-topic-news-type\">Pressemitteilung<\/span>\n                    <span class=\"adfi-topic-news-date\">14. November 2025<\/span>\n                    <span class=\"adfi-topic-news-title\">Europ\u00e4ischer Gerichtshof f\u00fcr Menschenrechte untergr\u00e4bt Recht auf Leben von ungeborenen Kindern mit Behinderung<\/span>\n                <\/div>\n            <\/a>\n        <\/li>\n                <li class=\"adfi-topic-news-item\">\n            <a href=\"https:\/\/adfinternational.org\/de\/news\/gebet-vor-abtreibungseinrichtung-in-regensburg-endgueltig-erlaubt\/\" class=\"adfi-topic-news-link\">\n                                <div class=\"adfi-topic-news-thumb-wrap\">\n                    <img loading=\"lazy\" decoding=\"async\" width=\"150\" height=\"150\" src=\"https:\/\/adfinternational.org\/wp-content\/uploads\/2025\/09\/Regensburg-prayer-vigil_opposite-clinic-scaled-1-150x150.jpg\" class=\"adfi-topic-news-thumb wp-post-image\" alt=\"\" \/>                    <div class=\"adf-hero-warm-stack\" aria-hidden=\"true\"><div class=\"adf-hero-warm-cool\"><\/div><div class=\"adf-hero-warm-cream\"><\/div><div class=\"adf-hero-warm-gold\"><\/div><\/div>\n                <\/div>\n                                <div class=\"adfi-topic-news-meta\">\n                    <span class=\"adfi-topic-news-type\">Pressemitteilung<\/span>\n                    <span class=\"adfi-topic-news-date\">6. November 2025<\/span>\n                    <span class=\"adfi-topic-news-title\">Gebet vor Abtreibungseinrichtung in Regensburg endg\u00fcltig erlaubt<\/span>\n                <\/div>\n            <\/a>\n        <\/li>\n                <li class=\"adfi-topic-news-item\">\n            <a href=\"https:\/\/adfinternational.org\/de\/news\/gerichte-sichern-gebet-vor-abtreibungseinrichtung-in-regensburg\/\" class=\"adfi-topic-news-link\">\n                                <div class=\"adfi-topic-news-thumb-wrap\">\n                    <img loading=\"lazy\" decoding=\"async\" width=\"150\" height=\"150\" src=\"https:\/\/adfinternational.org\/wp-content\/uploads\/2025\/09\/Regensburg-prayer-vigil_opposite-clinic-scaled-1-150x150.jpg\" class=\"adfi-topic-news-thumb wp-post-image\" alt=\"\" \/>                    <div class=\"adf-hero-warm-stack\" aria-hidden=\"true\"><div class=\"adf-hero-warm-cool\"><\/div><div class=\"adf-hero-warm-cream\"><\/div><div class=\"adf-hero-warm-gold\"><\/div><\/div>\n                <\/div>\n                                <div class=\"adfi-topic-news-meta\">\n                    <span class=\"adfi-topic-news-type\">Pressemitteilung<\/span>\n                    <span class=\"adfi-topic-news-date\">30. September 2025<\/span>\n                    <span class=\"adfi-topic-news-title\">Gerichte sichern Gebet vor Abtreibungseinrichtung in Regensburg\u00a0<\/span>\n                <\/div>\n            <\/a>\n        <\/li>\n            <\/ul>\n<\/div>\n<\/div>\n<\/div>\n<\/div>\n\n\n<section class=\"adfi-focus-cta adfi-focus-cta--navy wp-block-adfi-focus-cta\">\n    <div class=\"container\">\n        <div class=\"row justify-content-center\">\n            <div class=\"col-lg-7 text-center\">\n                                <p class=\"adfi-focus-cta-eyebrow\">Unterst\u00fctzen Sie uns<\/p>\n                                                <h2 class=\"adfi-focus-cta-heading\">Sch\u00fctzen Sie das Recht auf Leben<\/h2>\n                                                <p class=\"adfi-focus-cta-text\">Unterst\u00fctzen Sie unsere weltweite Arbeit mit Ihrer Spende.<\/p>\n                                                <a href=\"\/de\/spenden\" class=\"btn-ds-primary-dark\">\n                    Jetzt spenden                <\/a>\n                            <\/div>\n        <\/div>\n    <\/div>\n<\/section>\n\n\n<div class=\"adfi-cases-spotlight wp-block-adfi-cases-spotlight\" id=\"adfi-cases-spotlight-1\" data-per-page=\"3\">\n\t<div class=\"container\">\n\t\t\t\t<h2 class=\"adfi-cases-spotlight-heading\">Unsere F\u00e4lle<\/h2>\n\t\t\n\t\t<div class=\"adfi-cases-spotlight-grid\">\n\t\t\t\t\t\t<div class=\"adfi-cases-spotlight-card\" data-page=\"0\">\n\t\t\t\t\t\t\t\t<div class=\"adfi-cases-spotlight-card-image\">\n\t\t\t\t\t<a href=\"https:\/\/adfinternational.org\/de\/fall\/pro-life-students-germany-de\/\"><img loading=\"lazy\" decoding=\"async\" width=\"768\" height=\"512\" src=\"https:\/\/adfinternational.org\/wp-content\/uploads\/2025\/01\/DSC09796-scaled-1-768x512.jpg\" class=\"adfi-cases-spotlight-card-img wp-post-image\" alt=\"\" srcset=\"https:\/\/adfinternational.org\/wp-content\/uploads\/2025\/01\/DSC09796-scaled-1-768x512.jpg 768w, https:\/\/adfinternational.org\/wp-content\/uploads\/2025\/01\/DSC09796-scaled-1-300x200.jpg 300w, https:\/\/adfinternational.org\/wp-content\/uploads\/2025\/01\/DSC09796-scaled-1-1024x683.jpg 1024w, https:\/\/adfinternational.org\/wp-content\/uploads\/2025\/01\/DSC09796-scaled-1-1536x1024.jpg 1536w, https:\/\/adfinternational.org\/wp-content\/uploads\/2025\/01\/DSC09796-scaled-1-2048x1366.jpg 2048w\" sizes=\"auto, (max-width: 768px) 100vw, 768px\" \/><\/a>\n\t\t\t\t\t<div class=\"adf-hero-warm-stack\" aria-hidden=\"true\"><div class=\"adf-hero-warm-cool\"><\/div><div class=\"adf-hero-warm-cream\"><\/div><div class=\"adf-hero-warm-gold\"><\/div><\/div>\n\t\t\t\t<\/div>\n\t\t\t\t\t\t\t\t<h3 class=\"adfi-cases-spotlight-card-title\">Pro-Life Students<\/h3>\n\t\t\t\t<p class=\"adfi-cases-spotlight-card-excerpt\">Uni Regensburg erkennt Pro-Life-Gruppe nach Vergleich an<\/p>\n\t\t\t\t<div class=\"adfi-cases-spotlight-card-cta\">\n\t\t\t\t\t<a class=\"btn-ds-primary-light-navy\" href=\"https:\/\/adfinternational.org\/de\/fall\/pro-life-students-germany-de\/\">Mehr erfahren<\/a>\n\t\t\t\t<\/div>\n\t\t\t<\/div>\n\t\t\t\t\t\t<div class=\"adfi-cases-spotlight-card\" data-page=\"0\">\n\t\t\t\t\t\t\t\t<div class=\"adfi-cases-spotlight-card-image\">\n\t\t\t\t\t<a href=\"https:\/\/adfinternational.org\/de\/fall\/andreas-kersten-deutschland-de\/\"><img loading=\"lazy\" decoding=\"async\" width=\"768\" height=\"354\" src=\"https:\/\/adfinternational.org\/wp-content\/uploads\/2021\/12\/Andreas-Kersten_closeup-768x354.jpg\" class=\"adfi-cases-spotlight-card-img wp-post-image\" alt=\"\" srcset=\"https:\/\/adfinternational.org\/wp-content\/uploads\/2021\/12\/Andreas-Kersten_closeup-768x354.jpg 768w, https:\/\/adfinternational.org\/wp-content\/uploads\/2021\/12\/Andreas-Kersten_closeup-300x138.jpg 300w, https:\/\/adfinternational.org\/wp-content\/uploads\/2021\/12\/Andreas-Kersten_closeup.jpg 1024w\" sizes=\"auto, (max-width: 768px) 100vw, 768px\" \/><\/a>\n\t\t\t\t\t<div class=\"adf-hero-warm-stack\" aria-hidden=\"true\"><div class=\"adf-hero-warm-cool\"><\/div><div class=\"adf-hero-warm-cream\"><\/div><div class=\"adf-hero-warm-gold\"><\/div><\/div>\n\t\t\t\t<\/div>\n\t\t\t\t\t\t\t\t<h3 class=\"adfi-cases-spotlight-card-title\">Andreas Kersten<\/h3>\n\t\t\t\t<p class=\"adfi-cases-spotlight-card-excerpt\">In Berlin steht der Apotheker Andreas Kersten vor Gericht. Grund daf\u00fcr ist seine Weigerung aus Gewissensgr\u00fcnden in seiner Apotheke in Berlin die \u201ePille danach\u201c zu verkaufen, woraufhin die Apothekerkammer Berlin&#8230;<\/p>\n\t\t\t\t<div class=\"adfi-cases-spotlight-card-cta\">\n\t\t\t\t\t<a class=\"btn-ds-primary-light-navy\" href=\"https:\/\/adfinternational.org\/de\/fall\/andreas-kersten-deutschland-de\/\">Mehr erfahren<\/a>\n\t\t\t\t<\/div>\n\t\t\t<\/div>\n\t\t\t\t\t\t<div class=\"adfi-cases-spotlight-card\" data-page=\"0\">\n\t\t\t\t\t\t\t\t<div class=\"adfi-cases-spotlight-card-image\">\n\t\t\t\t\t<a href=\"https:\/\/adfinternational.org\/de\/fall\/isabel-vaughan-spruce-de\/\"><img loading=\"lazy\" decoding=\"async\" width=\"768\" height=\"512\" src=\"https:\/\/adfinternational.org\/wp-content\/uploads\/2022\/12\/DSC00068-scaled-1-1-768x512.jpg\" class=\"adfi-cases-spotlight-card-img wp-post-image\" alt=\"Isabel arrested in the UK\" srcset=\"https:\/\/adfinternational.org\/wp-content\/uploads\/2022\/12\/DSC00068-scaled-1-1-768x512.jpg 768w, https:\/\/adfinternational.org\/wp-content\/uploads\/2022\/12\/DSC00068-scaled-1-1-300x200.jpg 300w, https:\/\/adfinternational.org\/wp-content\/uploads\/2022\/12\/DSC00068-scaled-1-1-1024x683.jpg 1024w, https:\/\/adfinternational.org\/wp-content\/uploads\/2022\/12\/DSC00068-scaled-1-1-1536x1024.jpg 1536w, https:\/\/adfinternational.org\/wp-content\/uploads\/2022\/12\/DSC00068-scaled-1-1-2048x1366.jpg 2048w\" sizes=\"auto, (max-width: 768px) 100vw, 768px\" \/><\/a>\n\t\t\t\t\t<div class=\"adf-hero-warm-stack\" aria-hidden=\"true\"><div class=\"adf-hero-warm-cool\"><\/div><div class=\"adf-hero-warm-cream\"><\/div><div class=\"adf-hero-warm-gold\"><\/div><\/div>\n\t\t\t\t<\/div>\n\t\t\t\t\t\t\t\t<h3 class=\"adfi-cases-spotlight-card-title\">Isabel Vaughan-Spruce<\/h3>\n\t\t\t\t<p class=\"adfi-cases-spotlight-card-excerpt\">In Gro\u00dfbritannien wurde die Leiterin vom Marsch f\u00fcrs Leben UK Isabel Vaughan-Spruce zweimal verhaftet und f\u00fcr ein \u201eGedankenverbrechen\u201c in Form von stillen Gebeten in der N\u00e4he einer Abtreibungsklinik in vier&#8230;<\/p>\n\t\t\t\t<div class=\"adfi-cases-spotlight-card-cta\">\n\t\t\t\t\t<a class=\"btn-ds-primary-light-navy\" href=\"https:\/\/adfinternational.org\/de\/fall\/isabel-vaughan-spruce-de\/\">Mehr erfahren<\/a>\n\t\t\t\t<\/div>\n\t\t\t<\/div>\n\t\t\t\t\t\t<div class=\"adfi-cases-spotlight-card adfi-cases-spotlight-hidden\" data-page=\"1\">\n\t\t\t\t\t\t\t\t<div class=\"adfi-cases-spotlight-card-image\">\n\t\t\t\t\t<a href=\"https:\/\/adfinternational.org\/de\/fall\/pavica-vojnovic-de\/\"><img loading=\"lazy\" decoding=\"async\" width=\"768\" height=\"598\" src=\"https:\/\/adfinternational.org\/wp-content\/uploads\/2021\/04\/header-pavica-768x598.jpeg\" class=\"adfi-cases-spotlight-card-img wp-post-image\" alt=\"\" srcset=\"https:\/\/adfinternational.org\/wp-content\/uploads\/2021\/04\/header-pavica-768x598.jpeg 768w, https:\/\/adfinternational.org\/wp-content\/uploads\/2021\/04\/header-pavica-300x234.jpeg 300w, https:\/\/adfinternational.org\/wp-content\/uploads\/2021\/04\/header-pavica-1024x797.jpeg 1024w, https:\/\/adfinternational.org\/wp-content\/uploads\/2021\/04\/header-pavica-1536x1196.jpeg 1536w, https:\/\/adfinternational.org\/wp-content\/uploads\/2021\/04\/header-pavica.jpeg 1800w\" sizes=\"auto, (max-width: 768px) 100vw, 768px\" \/><\/a>\n\t\t\t\t\t<div class=\"adf-hero-warm-stack\" aria-hidden=\"true\"><div class=\"adf-hero-warm-cool\"><\/div><div class=\"adf-hero-warm-cream\"><\/div><div class=\"adf-hero-warm-gold\"><\/div><\/div>\n\t\t\t\t<\/div>\n\t\t\t\t\t\t\t\t<h3 class=\"adfi-cases-spotlight-card-title\">Pavica Vojnovi\u0107<\/h3>\n\t\t\t\t<p class=\"adfi-cases-spotlight-card-excerpt\">Pavica klagt gegen die Entscheidung der Stadt Pforzheim, die Gebetswachen ihrer &quot;40 Tage f\u00fcr das Leben&quot; Gruppe vor einer Abtreibungsberatungsstelle zu verbieten.<\/p>\n\t\t\t\t<div class=\"adfi-cases-spotlight-card-cta\">\n\t\t\t\t\t<a class=\"btn-ds-primary-light-navy\" href=\"https:\/\/adfinternational.org\/de\/fall\/pavica-vojnovic-de\/\">Mehr erfahren<\/a>\n\t\t\t\t<\/div>\n\t\t\t<\/div>\n\t\t\t\t\t<\/div>\n\n\t\t\t\t<div class=\"adfi-cases-spotlight-dots\">\n\t\t\t\t\t\t<button class=\"adfi-spotlight-dot active\" data-page=\"0\" aria-label=\"Go to page 1\" aria-current=\"true\"><\/button>\n\t\t\t\t\t\t<button class=\"adfi-spotlight-dot\" data-page=\"1\" aria-label=\"Go to page 2\"><\/button>\n\t\t\t\t\t<\/div>\n\t\t\t<\/div>\n<\/div>\n\n\n\n","protected":false},"excerpt":{"rendered":"<p>Jeder Mensch hat das Recht auf Leben Das Recht auf Leben ist die Voraussetzung der Grundrechte, es muss gesch\u00fctzt werden von der Empf\u00e4ngnis bis zum nat\u00fcrlichen Tod. Viele gesch\u00fctzte Rechtsg\u00fcter k\u00f6nnen nach einer Verletzung wiederhergestellt werden \u2013 ein einmal verlorenes Leben hingegen nicht. Unterschiedslos gew\u00e4hrte Grundrechte Nach der schrecklichen Erfahrung der \u201eEntmenschlichung\u201c definierter Personengruppen im [&hellip;]<\/p>\n","protected":false},"author":2,"featured_media":17254,"parent":0,"menu_order":0,"comment_status":"closed","ping_status":"closed","template":"","meta":{"give_campaign_id":0,"footnotes":""},"class_list":["post-55933","page","type-page","status-publish","has-post-thumbnail","hentry"],"campaignId":"","_links":{"self":[{"href":"https:\/\/adfinternational.org\/de\/wp-json\/wp\/v2\/pages\/55933","targetHints":{"allow":["GET"]}}],"collection":[{"href":"https:\/\/adfinternational.org\/de\/wp-json\/wp\/v2\/pages"}],"about":[{"href":"https:\/\/adfinternational.org\/de\/wp-json\/wp\/v2\/types\/page"}],"author":[{"embeddable":true,"href":"https:\/\/adfinternational.org\/de\/wp-json\/wp\/v2\/users\/2"}],"replies":[{"embeddable":true,"href":"https:\/\/adfinternational.org\/de\/wp-json\/wp\/v2\/comments?post=55933"}],"version-history":[{"count":0,"href":"https:\/\/adfinternational.org\/de\/wp-json\/wp\/v2\/pages\/55933\/revisions"}],"wp:featuredmedia":[{"embeddable":true,"href":"https:\/\/adfinternational.org\/de\/wp-json\/wp\/v2\/media\/17254"}],"wp:attachment":[{"href":"https:\/\/adfinternational.org\/de\/wp-json\/wp\/v2\/media?parent=55933"}],"curies":[{"name":"wp","href":"https:\/\/api.w.org\/{rel}","templated":true}]}}