{"id":13157,"date":"2021-01-02T10:00:00","date_gmt":"2021-01-02T09:00:00","guid":{"rendered":"https:\/\/adfinternational.org\/portfolio\/paul-coleman\/"},"modified":"2025-11-26T12:01:22","modified_gmt":"2025-11-26T11:01:22","slug":"paul-coleman","status":"publish","type":"portfolio","link":"https:\/\/adfinternational.org\/de\/unser-team\/paul-coleman","title":{"rendered":"Paul Coleman"},"content":{"rendered":"\t\t<div data-elementor-type=\"wp-post\" data-elementor-id=\"13157\" class=\"elementor elementor-13157\" data-elementor-post-type=\"portfolio\">\n\t\t\t\t\t\t<section class=\"elementor-section elementor-top-section elementor-element elementor-element-e298453 elementor-section-boxed elementor-section-height-default elementor-section-height-default\" data-id=\"e298453\" data-element_type=\"section\" data-e-type=\"section\">\n\t\t\t\t\t\t<div class=\"elementor-container elementor-column-gap-default\">\n\t\t\t\t\t<div class=\"elementor-column elementor-col-33 elementor-top-column elementor-element elementor-element-af28f5c\" data-id=\"af28f5c\" data-element_type=\"column\" data-e-type=\"column\">\n\t\t\t<div class=\"elementor-widget-wrap elementor-element-populated\">\n\t\t\t\t\t\t<div class=\"elementor-element elementor-element-693a0e4 elementor-widget elementor-widget-image\" data-id=\"693a0e4\" data-element_type=\"widget\" data-e-type=\"widget\" data-widget_type=\"image.default\">\n\t\t\t\t<div class=\"elementor-widget-container\">\n\t\t\t\t\t\t\t\t\t\t\t\t\t\t\t<img fetchpriority=\"high\" decoding=\"async\" width=\"400\" height=\"400\" src=\"https:\/\/adfinternational.org\/wp-content\/uploads\/2025\/08\/Paul_Coleman_400x400.webp\" class=\"attachment-full size-full wp-image-75765\" alt=\"\" srcset=\"https:\/\/adfinternational.org\/wp-content\/uploads\/2025\/08\/Paul_Coleman_400x400.webp 400w, https:\/\/adfinternational.org\/wp-content\/uploads\/2025\/08\/Paul_Coleman_400x400-300x300.webp 300w, https:\/\/adfinternational.org\/wp-content\/uploads\/2025\/08\/Paul_Coleman_400x400-150x150.webp 150w\" sizes=\"(max-width: 400px) 100vw, 400px\" \/>\t\t\t\t\t\t\t\t\t\t\t\t\t\t\t<\/div>\n\t\t\t\t<\/div>\n\t\t\t\t\t<\/div>\n\t\t<\/div>\n\t\t\t\t<div class=\"elementor-column elementor-col-66 elementor-top-column elementor-element elementor-element-eba4065\" data-id=\"eba4065\" data-element_type=\"column\" data-e-type=\"column\">\n\t\t\t<div class=\"elementor-widget-wrap elementor-element-populated\">\n\t\t\t\t\t\t<div class=\"elementor-element elementor-element-e29516c elementor-widget elementor-widget-text-editor\" data-id=\"e29516c\" data-element_type=\"widget\" data-e-type=\"widget\" data-widget_type=\"text-editor.default\">\n\t\t\t\t<div class=\"elementor-widget-container\">\n\t\t\t\t\t\t\t\t\t<p>Paul Coleman<\/p>\t\t\t\t\t\t\t\t<\/div>\n\t\t\t\t<\/div>\n\t\t\t\t<div class=\"elementor-element elementor-element-a011b95 elementor-widget elementor-widget-text-editor\" data-id=\"a011b95\" data-element_type=\"widget\" data-e-type=\"widget\" data-widget_type=\"text-editor.default\">\n\t\t\t\t<div class=\"elementor-widget-container\">\n\t\t\t\t\t\t\t\t\t<p>Gesch\u00e4ftsf\u00fchrer und Leitender Anwalt (von ADF International)<\/p>\t\t\t\t\t\t\t\t<\/div>\n\t\t\t\t<\/div>\n\t\t\t\t<div class=\"elementor-element elementor-element-ce6f751 elementor-widget elementor-widget-raven-divider\" data-id=\"ce6f751\" data-element_type=\"widget\" data-e-type=\"widget\" data-widget_type=\"raven-divider.default\">\n\t\t\t\t<div class=\"elementor-widget-container\">\n\t\t\t\t\t\t\t<div class=\"raven-widget-wrapper\">\n\t\t\t<div class=\"raven-divider\">\n\t\t\t\t<span class=\"raven-divider-line raven-divider-solid\"><\/span>\n\t\t\t<\/div>\n\t\t<\/div>\n\t\t\t\t\t\t<\/div>\n\t\t\t\t<\/div>\n\t\t\t\t<div class=\"elementor-element elementor-element-362ad2b elementor-widget elementor-widget-text-editor\" data-id=\"362ad2b\" data-element_type=\"widget\" data-e-type=\"widget\" data-widget_type=\"text-editor.default\">\n\t\t\t\t<div class=\"elementor-widget-container\">\n\t\t\t\t\t\t\t\t\t<p>Paul Coleman ist Gesch\u00e4ftsf\u00fchrer und Leitender Anwalt von ADF International und arbeitet vom Hauptsitz der Organisation in Wien aus. In dieser Funktion verantwortet er die strategische rechtliche Interessenvertretung und die Programme der globalen, b\u00fcndnisorientierten Menschenrechtsorganisation.<\/p>\t\t\t\t\t\t\t\t<\/div>\n\t\t\t\t<\/div>\n\t\t\t\t\t<\/div>\n\t\t<\/div>\n\t\t\t\t\t<\/div>\n\t\t<\/section>\n\t\t\t\t<section class=\"elementor-section elementor-top-section elementor-element elementor-element-1ccd7fe elementor-section-stretched elementor-section-boxed elementor-section-height-default elementor-section-height-default\" data-id=\"1ccd7fe\" data-element_type=\"section\" data-e-type=\"section\" data-settings=\"{&quot;stretch_section&quot;:&quot;section-stretched&quot;,&quot;background_background&quot;:&quot;classic&quot;}\">\n\t\t\t\t\t\t<div class=\"elementor-container elementor-column-gap-wider\">\n\t\t\t\t\t<div class=\"elementor-column elementor-col-100 elementor-top-column elementor-element elementor-element-f4eeba6\" data-id=\"f4eeba6\" data-element_type=\"column\" data-e-type=\"column\">\n\t\t\t<div class=\"elementor-widget-wrap elementor-element-populated\">\n\t\t\t\t\t\t<div class=\"elementor-element elementor-element-7eb6b12 elementor-widget elementor-widget-text-editor\" data-id=\"7eb6b12\" data-element_type=\"widget\" data-e-type=\"widget\" data-widget_type=\"text-editor.default\">\n\t\t\t\t<div class=\"elementor-widget-container\">\n\t\t\t\t\t\t\t\t\t<p>Paul Coleman ist Gesch\u00e4ftsf\u00fchrer und Leitender Anwalt von ADF International und arbeitet vom Hauptsitz der Organisation in Wien aus. In dieser Funktion verantwortet er die strategische rechtliche Interessenvertretung und die Programme der globalen, b\u00fcndnisorientierten Menschenrechtsorganisation.<\/p><p>Unter Colemans F\u00fchrung hat ADF International sein Engagement auf \u00fcber 80 L\u00e4nder ausgeweitet, bearbeitet j\u00e4hrlich mehr als 600 rechtliche F\u00e4lle und hat durch das hochkar\u00e4tige Ausbildungsprogramm der Aret\u00e9 Academy ein weltweites Netzwerk von \u00fcber 1.000 Partnern aufgebaut. Mit B\u00fcros in Wien, London, Br\u00fcssel, Genf, New York und Washington, D.C., ist ADF International dauerhaft an wichtigen internationalen Institutionen vertreten, darunter die Vereinten Nationen, die Europ\u00e4ische Union und die Organisation amerikanischer Staaten.<\/p><p>Als Spezialist f\u00fcr internationales Menschenrecht und europ\u00e4isches Recht war Coleman an mehr als 20 F\u00e4llen vor dem Europ\u00e4ischen Gerichtshof f\u00fcr Menschenrechte beteiligt \u2013 darunter mehrere wegweisende Entscheidungen der Gro\u00dfen Kammer. Zudem hat er Beschwerden und Eingaben f\u00fcr den Interamerikanischen Gerichtshof f\u00fcr Menschenrechte, den Internationalen Strafgerichtshof, den Gerichtshof der Europ\u00e4ischen Union, den UN-Menschenrechtsausschuss sowie zahlreiche nationale Gerichte verfasst.<\/p><p>Coleman gilt als Experte f\u00fcr Fragen der Meinungsfreiheit. Er ist Autor des Buches Zensiert: Wie europ\u00e4ische &#8222;Hassrede&#8220;-Gesetze die Meinungsfreiheit bedrohen und tritt regelm\u00e4\u00dfig als Redner auf internationalen Foren auf. Dar\u00fcber hinaus hat er zahlreiche wissenschaftliche Beitr\u00e4ge und B\u00fccher ver\u00f6ffentlicht, und seine Kommentare erschienen in f\u00fchrenden Medien in Europa und den USA, darunter First Things, The Spectator, Newsweek, Public Discourse und The European Conservative.<\/p><p>Coleman erwarb seinen LL.M. sowie das postgraduale Diplom in Rechtsberatung mit Auszeichnung an der Northumbria Law School. Sein Bachelor of Law mit first-class honours (Law Bachelor mit Auszeichnung) erhielt er an der Newcastle University. Er ist als Solicitor (Rechtsanwalt) der obersten Gerichte Englands und Wales zugelassen.<\/p><p>Urspr\u00fcnglich aus dem Vereinigten K\u00f6nigreich stammend, lebt er heute mit seiner Frau und seinen zwei T\u00f6chtern in Wien.<\/p>\t\t\t\t\t\t\t\t<\/div>\n\t\t\t\t<\/div>\n\t\t\t\t\t<\/div>\n\t\t<\/div>\n\t\t\t\t\t<\/div>\n\t\t<\/section>\n\t\t\t\t<section class=\"elementor-section elementor-top-section elementor-element elementor-element-8a5d21c elementor-section-boxed elementor-section-height-default elementor-section-height-default\" data-id=\"8a5d21c\" data-element_type=\"section\" data-e-type=\"section\">\n\t\t\t\t\t\t<div class=\"elementor-container elementor-column-gap-default\">\n\t\t\t\t\t<div class=\"elementor-column elementor-col-100 elementor-top-column elementor-element elementor-element-452628b\" data-id=\"452628b\" data-element_type=\"column\" data-e-type=\"column\">\n\t\t\t<div class=\"elementor-widget-wrap elementor-element-populated\">\n\t\t\t\t\t\t<div class=\"elementor-element elementor-element-007b6ba elementor-widget elementor-widget-raven-divider\" data-id=\"007b6ba\" data-element_type=\"widget\" data-e-type=\"widget\" data-widget_type=\"raven-divider.default\">\n\t\t\t\t<div class=\"elementor-widget-container\">\n\t\t\t\t\t\t\t<div class=\"raven-widget-wrapper\">\n\t\t\t<div class=\"raven-divider\">\n\t\t\t\t<span class=\"raven-divider-line raven-divider-solid\"><\/span>\n\t\t\t<\/div>\n\t\t<\/div>\n\t\t\t\t\t\t<\/div>\n\t\t\t\t<\/div>\n\t\t\t\t\t<\/div>\n\t\t<\/div>\n\t\t\t\t\t<\/div>\n\t\t<\/section>\n\t\t\t\t<section class=\"elementor-section elementor-top-section elementor-element elementor-element-0c14561 elementor-section-boxed elementor-section-height-default elementor-section-height-default\" data-id=\"0c14561\" data-element_type=\"section\" data-e-type=\"section\">\n\t\t\t\t\t\t<div class=\"elementor-container elementor-column-gap-default\">\n\t\t\t\t\t<div class=\"elementor-column elementor-col-50 elementor-top-column elementor-element elementor-element-3576443\" data-id=\"3576443\" data-element_type=\"column\" data-e-type=\"column\">\n\t\t\t<div class=\"elementor-widget-wrap elementor-element-populated\">\n\t\t\t\t\t\t<div class=\"elementor-element elementor-element-a1db553 elementor-widget__width-initial elementor-hidden-desktop elementor-hidden-tablet elementor-hidden-mobile elementor-widget elementor-widget-spacer\" data-id=\"a1db553\" data-element_type=\"widget\" data-e-type=\"widget\" data-widget_type=\"spacer.default\">\n\t\t\t\t<div class=\"elementor-widget-container\">\n\t\t\t\t\t\t\t<div class=\"elementor-spacer\">\n\t\t\t<div class=\"elementor-spacer-inner\"><\/div>\n\t\t<\/div>\n\t\t\t\t\t\t<\/div>\n\t\t\t\t<\/div>\n\t\t\t\t\t<\/div>\n\t\t<\/div>\n\t\t\t\t<div class=\"elementor-column elementor-col-50 elementor-top-column elementor-element elementor-element-c87054b\" data-id=\"c87054b\" data-element_type=\"column\" data-e-type=\"column\">\n\t\t\t<div class=\"elementor-widget-wrap elementor-element-populated\">\n\t\t\t\t\t\t<div class=\"elementor-element elementor-element-4c15704 elementor-widget elementor-widget-text-editor\" data-id=\"4c15704\" data-element_type=\"widget\" data-e-type=\"widget\" data-widget_type=\"text-editor.default\">\n\t\t\t\t<div class=\"elementor-widget-container\">\n\t\t\t\t\t\t\t\t\t<p>Publikationen<\/p>\t\t\t\t\t\t\t\t<\/div>\n\t\t\t\t<\/div>\n\t\t\t\t\t<\/div>\n\t\t<\/div>\n\t\t\t\t\t<\/div>\n\t\t<\/section>\n\t\t\t\t<section class=\"elementor-section elementor-top-section elementor-element elementor-element-92f0d25 elementor-section-boxed elementor-section-height-default elementor-section-height-default\" data-id=\"92f0d25\" data-element_type=\"section\" data-e-type=\"section\" data-settings=\"{&quot;background_background&quot;:&quot;classic&quot;}\">\n\t\t\t\t\t\t<div class=\"elementor-container elementor-column-gap-default\">\n\t\t\t\t\t<div class=\"elementor-column elementor-col-33 elementor-top-column elementor-element elementor-element-d897c37\" data-id=\"d897c37\" data-element_type=\"column\" data-e-type=\"column\">\n\t\t\t<div class=\"elementor-widget-wrap\">\n\t\t\t\t\t\t\t<\/div>\n\t\t<\/div>\n\t\t\t\t<div class=\"elementor-column elementor-col-33 elementor-top-column elementor-element elementor-element-f3a3f7b\" data-id=\"f3a3f7b\" data-element_type=\"column\" data-e-type=\"column\">\n\t\t\t<div class=\"elementor-widget-wrap elementor-element-populated\">\n\t\t\t\t\t\t<div class=\"elementor-element elementor-element-fc17743 elementor-widget__width-initial elementor-widget elementor-widget-image\" data-id=\"fc17743\" data-element_type=\"widget\" data-e-type=\"widget\" data-widget_type=\"image.default\">\n\t\t\t\t<div class=\"elementor-widget-container\">\n\t\t\t\t\t\t\t\t\t\t\t\t\t\t\t\t<a href=\"https:\/\/adfinternational.org\/de\/ressourcen\/zensiert\/\">\n\t\t\t\t\t\t\t<img decoding=\"async\" width=\"358\" height=\"358\" src=\"https:\/\/adfinternational.org\/wp-content\/uploads\/2022\/04\/zensiert-meinungsfreiheit-1.png\" class=\"attachment-large size-large wp-image-12214\" alt=\"\" srcset=\"https:\/\/adfinternational.org\/wp-content\/uploads\/2022\/04\/zensiert-meinungsfreiheit-1.png 358w, https:\/\/adfinternational.org\/wp-content\/uploads\/2022\/04\/zensiert-meinungsfreiheit-1-300x300.png 300w, https:\/\/adfinternational.org\/wp-content\/uploads\/2022\/04\/zensiert-meinungsfreiheit-1-150x150.png 150w\" sizes=\"(max-width: 358px) 100vw, 358px\" \/>\t\t\t\t\t\t\t\t<\/a>\n\t\t\t\t\t\t\t\t\t\t\t\t\t\t\t<\/div>\n\t\t\t\t<\/div>\n\t\t\t\t\t<\/div>\n\t\t<\/div>\n\t\t\t\t<div class=\"elementor-column elementor-col-33 elementor-top-column elementor-element elementor-element-2ed49e2\" data-id=\"2ed49e2\" data-element_type=\"column\" data-e-type=\"column\">\n\t\t\t<div class=\"elementor-widget-wrap elementor-element-populated\">\n\t\t\t\t\t\t<div class=\"elementor-element elementor-element-b202aca elementor-widget elementor-widget-text-editor\" data-id=\"b202aca\" data-element_type=\"widget\" data-e-type=\"widget\" data-widget_type=\"text-editor.default\">\n\t\t\t\t<div class=\"elementor-widget-container\">\n\t\t\t\t\t\t\t\t\t<p>Zensiert<\/p>\t\t\t\t\t\t\t\t<\/div>\n\t\t\t\t<\/div>\n\t\t\t\t<div class=\"elementor-element elementor-element-660cedf elementor-widget elementor-widget-text-editor\" data-id=\"660cedf\" data-element_type=\"widget\" data-e-type=\"widget\" data-widget_type=\"text-editor.default\">\n\t\t\t\t<div class=\"elementor-widget-container\">\n\t\t\t\t\t\t\t\t\tWas ist das Recht auf Meinungsfreiheit noch wert \u2013 wenn es jederzeit durch \u201eHassrede\u201c-Gesetze eingeschr\u00e4nkt werden kann, wie sie in ganz Europa zu finden sind? Und wer entscheidet dar\u00fcber, was Sie noch sagen d\u00fcrfen? Paul Coleman, Gesch\u00e4ftsf\u00fchrer und leitender Anwalt von ADF International, hat eine beeindruckende und alarmierende Sammlung europ\u00e4ischer \u201eHassrede\u201c-Gesetze zusammengetragen und die mehr als 50 realen Rechtsf\u00e4lle aus ganz Europa zeigen: Die Grenzen des Sagbaren werden schon lange schleichend enger gesetzt.\t\t\t\t\t\t\t\t<\/div>\n\t\t\t\t<\/div>\n\t\t\t\t\t<\/div>\n\t\t<\/div>\n\t\t\t\t\t<\/div>\n\t\t<\/section>\n\t\t\t\t<section class=\"elementor-section elementor-top-section elementor-element elementor-element-cd30c32 elementor-section-boxed elementor-section-height-default elementor-section-height-default\" data-id=\"cd30c32\" data-element_type=\"section\" data-e-type=\"section\">\n\t\t\t\t\t\t<div class=\"elementor-container elementor-column-gap-default\">\n\t\t\t\t\t<div class=\"elementor-column elementor-col-33 elementor-top-column elementor-element elementor-element-64ffbd2\" data-id=\"64ffbd2\" data-element_type=\"column\" data-e-type=\"column\">\n\t\t\t<div class=\"elementor-widget-wrap\">\n\t\t\t\t\t\t\t<\/div>\n\t\t<\/div>\n\t\t\t\t<div class=\"elementor-column elementor-col-33 elementor-top-column elementor-element elementor-element-d67866f\" data-id=\"d67866f\" data-element_type=\"column\" data-e-type=\"column\">\n\t\t\t<div class=\"elementor-widget-wrap elementor-element-populated\">\n\t\t\t\t\t\t<div class=\"elementor-element elementor-element-64b92da elementor-widget__width-initial elementor-widget elementor-widget-image\" data-id=\"64b92da\" data-element_type=\"widget\" data-e-type=\"widget\" data-widget_type=\"image.default\">\n\t\t\t\t<div class=\"elementor-widget-container\">\n\t\t\t\t\t\t\t\t\t\t\t\t\t\t\t<img decoding=\"async\" width=\"556\" height=\"800\" src=\"https:\/\/adfinternational.org\/wp-content\/uploads\/2025\/08\/Rights-Landscape-Book.png\" class=\"attachment-medium_large size-medium_large wp-image-75775\" alt=\"\" srcset=\"https:\/\/adfinternational.org\/wp-content\/uploads\/2025\/08\/Rights-Landscape-Book.png 556w, https:\/\/adfinternational.org\/wp-content\/uploads\/2025\/08\/Rights-Landscape-Book-209x300.png 209w\" sizes=\"(max-width: 556px) 100vw, 556px\" \/>\t\t\t\t\t\t\t\t\t\t\t\t\t\t\t<\/div>\n\t\t\t\t<\/div>\n\t\t\t\t\t<\/div>\n\t\t<\/div>\n\t\t\t\t<div class=\"elementor-column elementor-col-33 elementor-top-column elementor-element elementor-element-a9a15e3\" data-id=\"a9a15e3\" data-element_type=\"column\" data-e-type=\"column\">\n\t\t\t<div class=\"elementor-widget-wrap elementor-element-populated\">\n\t\t\t\t\t\t<div class=\"elementor-element elementor-element-a5bf92d elementor-widget elementor-widget-text-editor\" data-id=\"a5bf92d\" data-element_type=\"widget\" data-e-type=\"widget\" data-widget_type=\"text-editor.default\">\n\t\t\t\t<div class=\"elementor-widget-container\">\n\t\t\t\t\t\t\t\t\t<p>The Global Human Rights Landscape: A Short Guide to Understanding the International Organizations and the Opportunities for Engagement<\/p>\t\t\t\t\t\t\t\t<\/div>\n\t\t\t\t<\/div>\n\t\t\t\t<div class=\"elementor-element elementor-element-8998c30 elementor-widget elementor-widget-text-editor\" data-id=\"8998c30\" data-element_type=\"widget\" data-e-type=\"widget\" data-widget_type=\"text-editor.default\">\n\t\t\t\t<div class=\"elementor-widget-container\">\n\t\t\t\t\t\t\t\t\t<p>Throughout the world today, marriage is being redefined by national courts and governments, religious liberty is severely threatened, and abortion is routinely promoted as a \u2018human right\u2019. The international organizations that were established in the 20th century to protect fundamental human rights are instead in some areas being used to undermine them. This short guide seeks to answer three questions: What are the international and regional human rights institutions that exist around the world, why do they matter and how can individuals and organizations get involved?<\/p>\t\t\t\t\t\t\t\t<\/div>\n\t\t\t\t<\/div>\n\t\t\t\t\t<\/div>\n\t\t<\/div>\n\t\t\t\t\t<\/div>\n\t\t<\/section>\n\t\t\t\t<section class=\"elementor-section elementor-top-section elementor-element elementor-element-80000e5 elementor-section-boxed elementor-section-height-default elementor-section-height-default\" data-id=\"80000e5\" data-element_type=\"section\" data-e-type=\"section\">\n\t\t\t\t\t\t<div class=\"elementor-container elementor-column-gap-default\">\n\t\t\t\t\t<div class=\"elementor-column elementor-col-50 elementor-top-column elementor-element elementor-element-e4e46e3 elementor-hidden-tablet elementor-hidden-mobile\" data-id=\"e4e46e3\" data-element_type=\"column\" data-e-type=\"column\">\n\t\t\t<div class=\"elementor-widget-wrap elementor-element-populated\">\n\t\t\t\t\t\t<div class=\"elementor-element elementor-element-19051af elementor-widget__width-initial elementor-hidden-desktop elementor-hidden-tablet elementor-hidden-mobile elementor-widget elementor-widget-spacer\" data-id=\"19051af\" data-element_type=\"widget\" data-e-type=\"widget\" data-widget_type=\"spacer.default\">\n\t\t\t\t<div class=\"elementor-widget-container\">\n\t\t\t\t\t\t\t<div class=\"elementor-spacer\">\n\t\t\t<div class=\"elementor-spacer-inner\"><\/div>\n\t\t<\/div>\n\t\t\t\t\t\t<\/div>\n\t\t\t\t<\/div>\n\t\t\t\t\t<\/div>\n\t\t<\/div>\n\t\t\t\t<div class=\"elementor-column elementor-col-50 elementor-top-column elementor-element elementor-element-bc6eb28\" data-id=\"bc6eb28\" data-element_type=\"column\" data-e-type=\"column\">\n\t\t\t<div class=\"elementor-widget-wrap elementor-element-populated\">\n\t\t\t\t\t\t<div class=\"elementor-element elementor-element-8fce245 elementor-widget elementor-widget-text-editor\" data-id=\"8fce245\" data-element_type=\"widget\" data-e-type=\"widget\" data-widget_type=\"text-editor.default\">\n\t\t\t\t<div class=\"elementor-widget-container\">\n\t\t\t\t\t\t\t\t\t<p>Gallerie<\/p>\t\t\t\t\t\t\t\t<\/div>\n\t\t\t\t<\/div>\n\t\t\t\t<div class=\"elementor-element elementor-element-5c39a4d elementor-widget elementor-widget-gallery\" data-id=\"5c39a4d\" data-element_type=\"widget\" data-e-type=\"widget\" data-settings=\"{&quot;aspect_ratio&quot;:&quot;1:1&quot;,&quot;columns&quot;:5,&quot;lazyload&quot;:&quot;yes&quot;,&quot;gallery_layout&quot;:&quot;grid&quot;,&quot;columns_tablet&quot;:2,&quot;columns_mobile&quot;:1,&quot;gap&quot;:{&quot;unit&quot;:&quot;px&quot;,&quot;size&quot;:10,&quot;sizes&quot;:[]},&quot;gap_tablet&quot;:{&quot;unit&quot;:&quot;px&quot;,&quot;size&quot;:10,&quot;sizes&quot;:[]},&quot;gap_mobile&quot;:{&quot;unit&quot;:&quot;px&quot;,&quot;size&quot;:10,&quot;sizes&quot;:[]},&quot;link_to&quot;:&quot;file&quot;,&quot;overlay_background&quot;:&quot;yes&quot;,&quot;content_hover_animation&quot;:&quot;fade-in&quot;}\" data-widget_type=\"gallery.default\">\n\t\t\t\t<div class=\"elementor-widget-container\">\n\t\t\t\t\t\t\t<div class=\"elementor-gallery__container\">\n\t\t\t\t\t\t\t<a class=\"e-gallery-item elementor-gallery-item elementor-animated-content\" href=\"https:\/\/adfinternational.org\/wp-content\/uploads\/2025\/08\/Paul_Coleman_pic_5.jpg\" data-elementor-open-lightbox=\"yes\" data-elementor-lightbox-slideshow=\"5c39a4d\" data-elementor-lightbox-title=\"Paul_Coleman_pic_5.jpg\" data-e-action-hash=\"#elementor-action%3Aaction%3Dlightbox%26settings%3DeyJpZCI6NzU3ODAsInVybCI6Imh0dHBzOlwvXC9hZGZpbnRlcm5hdGlvbmFsLm9yZ1wvd3AtY29udGVudFwvdXBsb2Fkc1wvMjAyNVwvMDhcL1BhdWxfQ29sZW1hbl9waWNfNS5qcGciLCJzbGlkZXNob3ciOiI1YzM5YTRkIn0%3D\">\n\t\t\t\t\t<div class=\"e-gallery-image elementor-gallery-item__image\" data-thumbnail=\"https:\/\/adfinternational.org\/wp-content\/uploads\/2025\/08\/Paul_Coleman_pic_5.jpg\" data-width=\"701\" data-height=\"877\" aria-label=\"\" role=\"img\" ><\/div>\n\t\t\t\t\t\t\t\t\t\t\t<div class=\"elementor-gallery-item__overlay\"><\/div>\n\t\t\t\t\t\t\t\t\t\t\t\t\t\t<\/a>\n\t\t\t\t\t\t\t<a class=\"e-gallery-item elementor-gallery-item elementor-animated-content\" href=\"https:\/\/adfinternational.org\/wp-content\/uploads\/2025\/08\/Paul_Coleman_pic_3.jpg\" data-elementor-open-lightbox=\"yes\" data-elementor-lightbox-slideshow=\"5c39a4d\" data-elementor-lightbox-title=\"Paul_Coleman_pic_3.jpg\" data-e-action-hash=\"#elementor-action%3Aaction%3Dlightbox%26settings%3DeyJpZCI6NzU3ODUsInVybCI6Imh0dHBzOlwvXC9hZGZpbnRlcm5hdGlvbmFsLm9yZ1wvd3AtY29udGVudFwvdXBsb2Fkc1wvMjAyNVwvMDhcL1BhdWxfQ29sZW1hbl9waWNfMy5qcGciLCJzbGlkZXNob3ciOiI1YzM5YTRkIn0%3D\">\n\t\t\t\t\t<div class=\"e-gallery-image elementor-gallery-item__image\" data-thumbnail=\"https:\/\/adfinternational.org\/wp-content\/uploads\/2025\/08\/Paul_Coleman_pic_3-877x1024.jpg\" data-width=\"877\" data-height=\"1024\" aria-label=\"\" role=\"img\" ><\/div>\n\t\t\t\t\t\t\t\t\t\t\t<div class=\"elementor-gallery-item__overlay\"><\/div>\n\t\t\t\t\t\t\t\t\t\t\t\t\t\t<\/a>\n\t\t\t\t\t\t\t<a class=\"e-gallery-item elementor-gallery-item elementor-animated-content\" href=\"https:\/\/adfinternational.org\/wp-content\/uploads\/2025\/08\/Paul_Coleman_pic_6.jpg\" data-elementor-open-lightbox=\"yes\" data-elementor-lightbox-slideshow=\"5c39a4d\" data-elementor-lightbox-title=\"Paul_Coleman_pic_6.jpg\" data-e-action-hash=\"#elementor-action%3Aaction%3Dlightbox%26settings%3DeyJpZCI6NzU3OTAsInVybCI6Imh0dHBzOlwvXC9hZGZpbnRlcm5hdGlvbmFsLm9yZ1wvd3AtY29udGVudFwvdXBsb2Fkc1wvMjAyNVwvMDhcL1BhdWxfQ29sZW1hbl9waWNfNi5qcGciLCJzbGlkZXNob3ciOiI1YzM5YTRkIn0%3D\">\n\t\t\t\t\t<div class=\"e-gallery-image elementor-gallery-item__image\" data-thumbnail=\"https:\/\/adfinternational.org\/wp-content\/uploads\/2025\/08\/Paul_Coleman_pic_6.jpg\" data-width=\"718\" data-height=\"480\" aria-label=\"\" role=\"img\" ><\/div>\n\t\t\t\t\t\t\t\t\t\t\t<div class=\"elementor-gallery-item__overlay\"><\/div>\n\t\t\t\t\t\t\t\t\t\t\t\t\t\t<\/a>\n\t\t\t\t\t\t\t<a class=\"e-gallery-item elementor-gallery-item elementor-animated-content\" href=\"https:\/\/adfinternational.org\/wp-content\/uploads\/2025\/08\/Paul_Coleman_pic_7.jpg\" data-elementor-open-lightbox=\"yes\" data-elementor-lightbox-slideshow=\"5c39a4d\" data-elementor-lightbox-title=\"Paul_Coleman_pic_7.jpg\" data-e-action-hash=\"#elementor-action%3Aaction%3Dlightbox%26settings%3DeyJpZCI6NzU3OTUsInVybCI6Imh0dHBzOlwvXC9hZGZpbnRlcm5hdGlvbmFsLm9yZ1wvd3AtY29udGVudFwvdXBsb2Fkc1wvMjAyNVwvMDhcL1BhdWxfQ29sZW1hbl9waWNfNy5qcGciLCJzbGlkZXNob3ciOiI1YzM5YTRkIn0%3D\">\n\t\t\t\t\t<div class=\"e-gallery-image elementor-gallery-item__image\" data-thumbnail=\"https:\/\/adfinternational.org\/wp-content\/uploads\/2025\/08\/Paul_Coleman_pic_7.jpg\" data-width=\"1000\" data-height=\"563\" aria-label=\"\" role=\"img\" ><\/div>\n\t\t\t\t\t\t\t\t\t\t\t<div class=\"elementor-gallery-item__overlay\"><\/div>\n\t\t\t\t\t\t\t\t\t\t\t\t\t\t<\/a>\n\t\t\t\t\t\t\t<a class=\"e-gallery-item elementor-gallery-item elementor-animated-content\" href=\"https:\/\/adfinternational.org\/wp-content\/uploads\/2025\/08\/Paul_Coleman_pic_8.jpg\" data-elementor-open-lightbox=\"yes\" data-elementor-lightbox-slideshow=\"5c39a4d\" data-elementor-lightbox-title=\"Paul_Coleman_pic_8.jpg\" data-e-action-hash=\"#elementor-action%3Aaction%3Dlightbox%26settings%3DeyJpZCI6NzU4MDAsInVybCI6Imh0dHBzOlwvXC9hZGZpbnRlcm5hdGlvbmFsLm9yZ1wvd3AtY29udGVudFwvdXBsb2Fkc1wvMjAyNVwvMDhcL1BhdWxfQ29sZW1hbl9waWNfOC5qcGciLCJzbGlkZXNob3ciOiI1YzM5YTRkIn0%3D\">\n\t\t\t\t\t<div class=\"e-gallery-image elementor-gallery-item__image\" data-thumbnail=\"https:\/\/adfinternational.org\/wp-content\/uploads\/2025\/08\/Paul_Coleman_pic_8.jpg\" data-width=\"1000\" data-height=\"666\" aria-label=\"\" role=\"img\" ><\/div>\n\t\t\t\t\t\t\t\t\t\t\t<div class=\"elementor-gallery-item__overlay\"><\/div>\n\t\t\t\t\t\t\t\t\t\t\t\t\t\t<\/a>\n\t\t\t\t\t\t\t<a class=\"e-gallery-item elementor-gallery-item elementor-animated-content\" href=\"https:\/\/adfinternational.org\/wp-content\/uploads\/2025\/08\/Paul_Coleman_pic_9.jpg\" data-elementor-open-lightbox=\"yes\" data-elementor-lightbox-slideshow=\"5c39a4d\" data-elementor-lightbox-title=\"Paul_Coleman_pic_9.jpg\" data-e-action-hash=\"#elementor-action%3Aaction%3Dlightbox%26settings%3DeyJpZCI6NzU4MDUsInVybCI6Imh0dHBzOlwvXC9hZGZpbnRlcm5hdGlvbmFsLm9yZ1wvd3AtY29udGVudFwvdXBsb2Fkc1wvMjAyNVwvMDhcL1BhdWxfQ29sZW1hbl9waWNfOS5qcGciLCJzbGlkZXNob3ciOiI1YzM5YTRkIn0%3D\">\n\t\t\t\t\t<div class=\"e-gallery-image elementor-gallery-item__image\" data-thumbnail=\"https:\/\/adfinternational.org\/wp-content\/uploads\/2025\/08\/Paul_Coleman_pic_9-1024x683.jpg\" data-width=\"1024\" data-height=\"683\" aria-label=\"\" role=\"img\" ><\/div>\n\t\t\t\t\t\t\t\t\t\t\t<div class=\"elementor-gallery-item__overlay\"><\/div>\n\t\t\t\t\t\t\t\t\t\t\t\t\t\t<\/a>\n\t\t\t\t\t\t\t<a class=\"e-gallery-item elementor-gallery-item elementor-animated-content\" href=\"https:\/\/adfinternational.org\/wp-content\/uploads\/2025\/08\/Paul_Coleman_pic_10.jpg\" data-elementor-open-lightbox=\"yes\" data-elementor-lightbox-slideshow=\"5c39a4d\" data-elementor-lightbox-title=\"Paul_Coleman_pic_10.jpg\" data-e-action-hash=\"#elementor-action%3Aaction%3Dlightbox%26settings%3DeyJpZCI6NzU4MTAsInVybCI6Imh0dHBzOlwvXC9hZGZpbnRlcm5hdGlvbmFsLm9yZ1wvd3AtY29udGVudFwvdXBsb2Fkc1wvMjAyNVwvMDhcL1BhdWxfQ29sZW1hbl9waWNfMTAuanBnIiwic2xpZGVzaG93IjoiNWMzOWE0ZCJ9\">\n\t\t\t\t\t<div class=\"e-gallery-image elementor-gallery-item__image\" data-thumbnail=\"https:\/\/adfinternational.org\/wp-content\/uploads\/2025\/08\/Paul_Coleman_pic_10.jpg\" data-width=\"1000\" data-height=\"667\" aria-label=\"\" role=\"img\" ><\/div>\n\t\t\t\t\t\t\t\t\t\t\t<div class=\"elementor-gallery-item__overlay\"><\/div>\n\t\t\t\t\t\t\t\t\t\t\t\t\t\t<\/a>\n\t\t\t\t\t\t\t<a class=\"e-gallery-item elementor-gallery-item elementor-animated-content\" href=\"https:\/\/adfinternational.org\/wp-content\/uploads\/2025\/08\/Paul_Coleman_pic_11.jpg\" data-elementor-open-lightbox=\"yes\" data-elementor-lightbox-slideshow=\"5c39a4d\" data-elementor-lightbox-title=\"Paul_Coleman_pic_11.jpg\" data-e-action-hash=\"#elementor-action%3Aaction%3Dlightbox%26settings%3DeyJpZCI6NzU4MTUsInVybCI6Imh0dHBzOlwvXC9hZGZpbnRlcm5hdGlvbmFsLm9yZ1wvd3AtY29udGVudFwvdXBsb2Fkc1wvMjAyNVwvMDhcL1BhdWxfQ29sZW1hbl9waWNfMTEuanBnIiwic2xpZGVzaG93IjoiNWMzOWE0ZCJ9\">\n\t\t\t\t\t<div class=\"e-gallery-image elementor-gallery-item__image\" data-thumbnail=\"https:\/\/adfinternational.org\/wp-content\/uploads\/2025\/08\/Paul_Coleman_pic_11-684x1024.jpg\" data-width=\"684\" data-height=\"1024\" aria-label=\"\" role=\"img\" ><\/div>\n\t\t\t\t\t\t\t\t\t\t\t<div class=\"elementor-gallery-item__overlay\"><\/div>\n\t\t\t\t\t\t\t\t\t\t\t\t\t\t<\/a>\n\t\t\t\t\t\t\t<a class=\"e-gallery-item elementor-gallery-item elementor-animated-content\" href=\"https:\/\/adfinternational.org\/wp-content\/uploads\/2025\/08\/Paul_Coleman_pic_12.jpg\" data-elementor-open-lightbox=\"yes\" data-elementor-lightbox-slideshow=\"5c39a4d\" data-elementor-lightbox-title=\"Paul_Coleman_pic_12.jpg\" data-e-action-hash=\"#elementor-action%3Aaction%3Dlightbox%26settings%3DeyJpZCI6NzU4MjAsInVybCI6Imh0dHBzOlwvXC9hZGZpbnRlcm5hdGlvbmFsLm9yZ1wvd3AtY29udGVudFwvdXBsb2Fkc1wvMjAyNVwvMDhcL1BhdWxfQ29sZW1hbl9waWNfMTIuanBnIiwic2xpZGVzaG93IjoiNWMzOWE0ZCJ9\">\n\t\t\t\t\t<div class=\"e-gallery-image elementor-gallery-item__image\" data-thumbnail=\"https:\/\/adfinternational.org\/wp-content\/uploads\/2025\/08\/Paul_Coleman_pic_12.jpg\" data-width=\"1000\" data-height=\"667\" aria-label=\"\" role=\"img\" ><\/div>\n\t\t\t\t\t\t\t\t\t\t\t<div class=\"elementor-gallery-item__overlay\"><\/div>\n\t\t\t\t\t\t\t\t\t\t\t\t\t\t<\/a>\n\t\t\t\t\t<\/div>\n\t\t\t\t\t<\/div>\n\t\t\t\t<\/div>\n\t\t\t\t\t<\/div>\n\t\t<\/div>\n\t\t\t\t\t<\/div>\n\t\t<\/section>\n\t\t\t\t<\/div>\n\t\t","protected":false},"excerpt":{"rendered":"<p>Gesch\u00e4ftsf\u00fchrer und Leitender Anwalt (von ADF International) <\/p>\n","protected":false},"author":44,"featured_media":75096,"menu_order":0,"comment_status":"closed","ping_status":"closed","template":"","by_type":[],"issue":[],"region":[],"portfolio_category":[620,619],"portfolio_tag":[],"class_list":["post-13157","portfolio","type-portfolio","status-publish","has-post-thumbnail","hentry","portfolio_category-anwaelte","portfolio_category-leitung"],"acf":[],"yoast_head":"<!-- This site is optimized with the Yoast SEO Premium plugin v27.4 (Yoast SEO v27.4) - https:\/\/yoast.com\/product\/yoast-seo-premium-wordpress\/ -->\n<title>Paul Coleman - ADF International<\/title>\n<meta name=\"description\" content=\"Paul Coleman serves as executive director of ADF International from its headquarters in Vienna, Austria. Coleman is the author of Censored.\" \/>\n<meta name=\"robots\" content=\"index, follow, max-snippet:-1, max-image-preview:large, max-video-preview:-1\" \/>\n<link rel=\"canonical\" href=\"https:\/\/adfinternational.org\/de\/unser-team\/paul-coleman\" \/>\n<meta property=\"og:locale\" content=\"de_DE\" \/>\n<meta property=\"og:type\" content=\"article\" \/>\n<meta property=\"og:title\" content=\"Paul Coleman\" \/>\n<meta property=\"og:description\" content=\"Paul Coleman serves as executive director of ADF International from its headquarters in Vienna, Austria. Coleman is the author of Censored.\" \/>\n<meta property=\"og:url\" content=\"https:\/\/adfinternational.org\/de\/unser-team\/paul-coleman\" \/>\n<meta property=\"og:site_name\" content=\"ADF International\" \/>\n<meta property=\"article:publisher\" content=\"https:\/\/facebook.com\/adfinternational\" \/>\n<meta property=\"article:modified_time\" content=\"2025-11-26T11:01:22+00:00\" \/>\n<meta property=\"og:image\" content=\"https:\/\/adfinternational.org\/wp-content\/uploads\/2021\/01\/Paul_Coleman_400x400.webp\" \/>\n\t<meta property=\"og:image:width\" content=\"400\" \/>\n\t<meta property=\"og:image:height\" content=\"400\" \/>\n\t<meta property=\"og:image:type\" content=\"image\/webp\" \/>\n<meta name=\"twitter:card\" content=\"summary_large_image\" \/>\n<meta name=\"twitter:site\" content=\"@adfintl\" \/>\n<meta name=\"twitter:label1\" content=\"Gesch\u00e4tzte Lesezeit\" \/>\n\t<meta name=\"twitter:data1\" content=\"4 Minuten\" \/>\n<script type=\"application\/ld+json\" class=\"yoast-schema-graph\">{\"@context\":\"https:\\\/\\\/schema.org\",\"@graph\":[{\"@type\":\"WebPage\",\"@id\":\"https:\\\/\\\/adfinternational.org\\\/de\\\/unser-team\\\/paul-coleman\",\"url\":\"https:\\\/\\\/adfinternational.org\\\/de\\\/unser-team\\\/paul-coleman\",\"name\":\"Paul Coleman - ADF International\",\"isPartOf\":{\"@id\":\"https:\\\/\\\/adfinternational.org\\\/de\\\/#website\"},\"primaryImageOfPage\":{\"@id\":\"https:\\\/\\\/adfinternational.org\\\/de\\\/unser-team\\\/paul-coleman#primaryimage\"},\"image\":{\"@id\":\"https:\\\/\\\/adfinternational.org\\\/de\\\/unser-team\\\/paul-coleman#primaryimage\"},\"thumbnailUrl\":\"https:\\\/\\\/adfinternational.org\\\/wp-content\\\/uploads\\\/2021\\\/01\\\/Paul_Coleman_400x400.webp\",\"datePublished\":\"2021-01-02T09:00:00+00:00\",\"dateModified\":\"2025-11-26T11:01:22+00:00\",\"description\":\"Paul Coleman serves as executive director of ADF International from its headquarters in Vienna, Austria. Coleman is the author of Censored.\",\"breadcrumb\":{\"@id\":\"https:\\\/\\\/adfinternational.org\\\/de\\\/unser-team\\\/paul-coleman#breadcrumb\"},\"inLanguage\":\"de-DE\",\"potentialAction\":[{\"@type\":\"ReadAction\",\"target\":[\"https:\\\/\\\/adfinternational.org\\\/de\\\/unser-team\\\/paul-coleman\"]}]},{\"@type\":\"ImageObject\",\"inLanguage\":\"de-DE\",\"@id\":\"https:\\\/\\\/adfinternational.org\\\/de\\\/unser-team\\\/paul-coleman#primaryimage\",\"url\":\"https:\\\/\\\/adfinternational.org\\\/wp-content\\\/uploads\\\/2021\\\/01\\\/Paul_Coleman_400x400.webp\",\"contentUrl\":\"https:\\\/\\\/adfinternational.org\\\/wp-content\\\/uploads\\\/2021\\\/01\\\/Paul_Coleman_400x400.webp\",\"width\":400,\"height\":400},{\"@type\":\"BreadcrumbList\",\"@id\":\"https:\\\/\\\/adfinternational.org\\\/de\\\/unser-team\\\/paul-coleman#breadcrumb\",\"itemListElement\":[{\"@type\":\"ListItem\",\"position\":1,\"name\":\"Home\",\"item\":\"https:\\\/\\\/adfinternational.org\\\/de\"},{\"@type\":\"ListItem\",\"position\":2,\"name\":\"Portfolios\",\"item\":\"https:\\\/\\\/adfinternational.org\\\/de\\\/portfolio\"},{\"@type\":\"ListItem\",\"position\":3,\"name\":\"Paul Coleman\"}]},{\"@type\":\"WebSite\",\"@id\":\"https:\\\/\\\/adfinternational.org\\\/de\\\/#website\",\"url\":\"https:\\\/\\\/adfinternational.org\\\/de\\\/\",\"name\":\"ADF International\",\"description\":\"Protecting Fundamental Freedoms. Promoting Inherent Dignity.\",\"publisher\":{\"@id\":\"https:\\\/\\\/adfinternational.org\\\/de\\\/#organization\"},\"potentialAction\":[{\"@type\":\"SearchAction\",\"target\":{\"@type\":\"EntryPoint\",\"urlTemplate\":\"https:\\\/\\\/adfinternational.org\\\/de\\\/?s={search_term_string}\"},\"query-input\":{\"@type\":\"PropertyValueSpecification\",\"valueRequired\":true,\"valueName\":\"search_term_string\"}}],\"inLanguage\":\"de-DE\"},{\"@type\":\"Organization\",\"@id\":\"https:\\\/\\\/adfinternational.org\\\/de\\\/#organization\",\"name\":\"Alliance Defending Freedom International\",\"url\":\"https:\\\/\\\/adfinternational.org\\\/de\\\/\",\"logo\":{\"@type\":\"ImageObject\",\"inLanguage\":\"de-DE\",\"@id\":\"https:\\\/\\\/adfinternational.org\\\/de\\\/#\\\/schema\\\/logo\\\/image\\\/\",\"url\":\"https:\\\/\\\/adfinternational.org\\\/wp-content\\\/uploads\\\/2021\\\/08\\\/ADF_Intl_R_RGB_175px.png\",\"contentUrl\":\"https:\\\/\\\/adfinternational.org\\\/wp-content\\\/uploads\\\/2021\\\/08\\\/ADF_Intl_R_RGB_175px.png\",\"width\":175,\"height\":106,\"caption\":\"Alliance Defending Freedom International\"},\"image\":{\"@id\":\"https:\\\/\\\/adfinternational.org\\\/de\\\/#\\\/schema\\\/logo\\\/image\\\/\"},\"sameAs\":[\"https:\\\/\\\/facebook.com\\\/adfinternational\",\"https:\\\/\\\/x.com\\\/adfintl\",\"https:\\\/\\\/www.linkedin.com\\\/company\\\/adfinternational\",\"https:\\\/\\\/www.instagram.com\\\/adfinternational\\\/\"]}]}<\/script>\n<!-- \/ Yoast SEO Premium plugin. -->","yoast_head_json":{"title":"Paul Coleman - ADF International","description":"Paul Coleman serves as executive director of ADF International from its headquarters in Vienna, Austria. Coleman is the author of Censored.","robots":{"index":"index","follow":"follow","max-snippet":"max-snippet:-1","max-image-preview":"max-image-preview:large","max-video-preview":"max-video-preview:-1"},"canonical":"https:\/\/adfinternational.org\/de\/unser-team\/paul-coleman","og_locale":"de_DE","og_type":"article","og_title":"Paul Coleman","og_description":"Paul Coleman serves as executive director of ADF International from its headquarters in Vienna, Austria. Coleman is the author of Censored.","og_url":"https:\/\/adfinternational.org\/de\/unser-team\/paul-coleman","og_site_name":"ADF International","article_publisher":"https:\/\/facebook.com\/adfinternational","article_modified_time":"2025-11-26T11:01:22+00:00","og_image":[{"width":400,"height":400,"url":"https:\/\/adfinternational.org\/wp-content\/uploads\/2021\/01\/Paul_Coleman_400x400.webp","type":"image\/webp"}],"twitter_card":"summary_large_image","twitter_site":"@adfintl","twitter_misc":{"Gesch\u00e4tzte Lesezeit":"4 Minuten"},"schema":{"@context":"https:\/\/schema.org","@graph":[{"@type":"WebPage","@id":"https:\/\/adfinternational.org\/de\/unser-team\/paul-coleman","url":"https:\/\/adfinternational.org\/de\/unser-team\/paul-coleman","name":"Paul Coleman - ADF International","isPartOf":{"@id":"https:\/\/adfinternational.org\/de\/#website"},"primaryImageOfPage":{"@id":"https:\/\/adfinternational.org\/de\/unser-team\/paul-coleman#primaryimage"},"image":{"@id":"https:\/\/adfinternational.org\/de\/unser-team\/paul-coleman#primaryimage"},"thumbnailUrl":"https:\/\/adfinternational.org\/wp-content\/uploads\/2021\/01\/Paul_Coleman_400x400.webp","datePublished":"2021-01-02T09:00:00+00:00","dateModified":"2025-11-26T11:01:22+00:00","description":"Paul Coleman serves as executive director of ADF International from its headquarters in Vienna, Austria. Coleman is the author of Censored.","breadcrumb":{"@id":"https:\/\/adfinternational.org\/de\/unser-team\/paul-coleman#breadcrumb"},"inLanguage":"de-DE","potentialAction":[{"@type":"ReadAction","target":["https:\/\/adfinternational.org\/de\/unser-team\/paul-coleman"]}]},{"@type":"ImageObject","inLanguage":"de-DE","@id":"https:\/\/adfinternational.org\/de\/unser-team\/paul-coleman#primaryimage","url":"https:\/\/adfinternational.org\/wp-content\/uploads\/2021\/01\/Paul_Coleman_400x400.webp","contentUrl":"https:\/\/adfinternational.org\/wp-content\/uploads\/2021\/01\/Paul_Coleman_400x400.webp","width":400,"height":400},{"@type":"BreadcrumbList","@id":"https:\/\/adfinternational.org\/de\/unser-team\/paul-coleman#breadcrumb","itemListElement":[{"@type":"ListItem","position":1,"name":"Home","item":"https:\/\/adfinternational.org\/de"},{"@type":"ListItem","position":2,"name":"Portfolios","item":"https:\/\/adfinternational.org\/de\/portfolio"},{"@type":"ListItem","position":3,"name":"Paul Coleman"}]},{"@type":"WebSite","@id":"https:\/\/adfinternational.org\/de\/#website","url":"https:\/\/adfinternational.org\/de\/","name":"ADF International","description":"Protecting Fundamental Freedoms. Promoting Inherent Dignity.","publisher":{"@id":"https:\/\/adfinternational.org\/de\/#organization"},"potentialAction":[{"@type":"SearchAction","target":{"@type":"EntryPoint","urlTemplate":"https:\/\/adfinternational.org\/de\/?s={search_term_string}"},"query-input":{"@type":"PropertyValueSpecification","valueRequired":true,"valueName":"search_term_string"}}],"inLanguage":"de-DE"},{"@type":"Organization","@id":"https:\/\/adfinternational.org\/de\/#organization","name":"Alliance Defending Freedom International","url":"https:\/\/adfinternational.org\/de\/","logo":{"@type":"ImageObject","inLanguage":"de-DE","@id":"https:\/\/adfinternational.org\/de\/#\/schema\/logo\/image\/","url":"https:\/\/adfinternational.org\/wp-content\/uploads\/2021\/08\/ADF_Intl_R_RGB_175px.png","contentUrl":"https:\/\/adfinternational.org\/wp-content\/uploads\/2021\/08\/ADF_Intl_R_RGB_175px.png","width":175,"height":106,"caption":"Alliance Defending Freedom International"},"image":{"@id":"https:\/\/adfinternational.org\/de\/#\/schema\/logo\/image\/"},"sameAs":["https:\/\/facebook.com\/adfinternational","https:\/\/x.com\/adfintl","https:\/\/www.linkedin.com\/company\/adfinternational","https:\/\/www.instagram.com\/adfinternational\/"]}]}},"_links":{"self":[{"href":"https:\/\/adfinternational.org\/de\/wp-json\/wp\/v2\/portfolio\/13157","targetHints":{"allow":["GET"]}}],"collection":[{"href":"https:\/\/adfinternational.org\/de\/wp-json\/wp\/v2\/portfolio"}],"about":[{"href":"https:\/\/adfinternational.org\/de\/wp-json\/wp\/v2\/types\/portfolio"}],"author":[{"embeddable":true,"href":"https:\/\/adfinternational.org\/de\/wp-json\/wp\/v2\/users\/44"}],"replies":[{"embeddable":true,"href":"https:\/\/adfinternational.org\/de\/wp-json\/wp\/v2\/comments?post=13157"}],"version-history":[{"count":0,"href":"https:\/\/adfinternational.org\/de\/wp-json\/wp\/v2\/portfolio\/13157\/revisions"}],"wp:featuredmedia":[{"embeddable":true,"href":"https:\/\/adfinternational.org\/de\/wp-json\/wp\/v2\/media\/75096"}],"wp:attachment":[{"href":"https:\/\/adfinternational.org\/de\/wp-json\/wp\/v2\/media?parent=13157"}],"wp:term":[{"taxonomy":"by_type","embeddable":true,"href":"https:\/\/adfinternational.org\/de\/wp-json\/wp\/v2\/by_type?post=13157"},{"taxonomy":"issue","embeddable":true,"href":"https:\/\/adfinternational.org\/de\/wp-json\/wp\/v2\/issue?post=13157"},{"taxonomy":"region","embeddable":true,"href":"https:\/\/adfinternational.org\/de\/wp-json\/wp\/v2\/region?post=13157"},{"taxonomy":"portfolio_category","embeddable":true,"href":"https:\/\/adfinternational.org\/de\/wp-json\/wp\/v2\/portfolio_category?post=13157"},{"taxonomy":"portfolio_tag","embeddable":true,"href":"https:\/\/adfinternational.org\/de\/wp-json\/wp\/v2\/portfolio_tag?post=13157"}],"curies":[{"name":"wp","href":"https:\/\/api.w.org\/{rel}","templated":true}]}}