{"id":87069,"date":"2020-03-04T18:09:56","date_gmt":"2020-03-04T17:09:56","guid":{"rendered":"https:\/\/adfinternational.org\/portfolio\/christians-banned-from-turkey"},"modified":"2026-04-07T14:06:08","modified_gmt":"2026-04-07T12:06:08","slug":"christen-in-der-tuerkei-mit-ausweisung-und-verfolgung-konfrontiert","status":"publish","type":"portfolio","link":"https:\/\/adfinternational.org\/de\/christen-tuerkei-ausweisung-verfolgung","title":{"rendered":"Christen in der T\u00fcrkei mit Ausweisung und Verfolgung konfrontiert\u00a0"},"content":{"rendered":"\t\t<div data-elementor-type=\"wp-post\" data-elementor-id=\"87069\" class=\"elementor elementor-87069 elementor-20835\" data-elementor-post-type=\"portfolio\">\n\t\t\t\t\t\t<section class=\"elementor-section elementor-top-section elementor-element elementor-element-d9308d4 elementor-section-full_width elementor-section-height-min-height elementor-section-stretched elementor-section-height-default elementor-section-items-middle\" data-id=\"d9308d4\" data-element_type=\"section\" data-e-type=\"section\" data-settings=\"{&quot;background_background&quot;:&quot;classic&quot;,&quot;stretch_section&quot;:&quot;section-stretched&quot;}\">\n\t\t\t\t\t\t\t<div class=\"elementor-background-overlay\"><\/div>\n\t\t\t\t\t\t\t<div class=\"elementor-container elementor-column-gap-default\">\n\t\t\t\t\t<div class=\"elementor-column elementor-col-33 elementor-top-column elementor-element elementor-element-c64384a\" data-id=\"c64384a\" data-element_type=\"column\" data-e-type=\"column\">\n\t\t\t<div class=\"elementor-widget-wrap\">\n\t\t\t\t\t\t\t<\/div>\n\t\t<\/div>\n\t\t\t\t<div class=\"elementor-column elementor-col-33 elementor-top-column elementor-element elementor-element-447fb6b\" data-id=\"447fb6b\" data-element_type=\"column\" data-e-type=\"column\">\n\t\t\t<div class=\"elementor-widget-wrap elementor-element-populated\">\n\t\t\t\t\t\t<div class=\"elementor-element elementor-element-ca65429 elementor-widget elementor-widget-text-editor\" data-id=\"ca65429\" data-element_type=\"widget\" data-e-type=\"widget\" data-widget_type=\"text-editor.default\">\n\t\t\t\t<div class=\"elementor-widget-container\">\n\t\t\t\t\t\t\t\t\t<p style=\"text-align: left;\"><span class=\"TextRun SCXW267551966 BCX0\" lang=\"DE-DE\" xml:lang=\"DE-DE\" data-contrast=\"auto\"><span class=\"NormalTextRun SCXW267551966 BCX0\">Religio<\/span><span class=\"NormalTextRun SCXW267551966 BCX0\">nsfreiheit<\/span><span class=\"NormalTextRun SCXW267551966 BCX0\">|\u00a0<\/span><span class=\"NormalTextRun SCXW267551966 BCX0\">Einreiseverbot f\u00fcr Christen: T\u00fcrkei\u00a0<\/span><\/span><\/p>\t\t\t\t\t\t\t\t<\/div>\n\t\t\t\t<\/div>\n\t\t\t\t<div class=\"elementor-element elementor-element-b49a02d elementor-align-left elementor-invisible elementor-widget elementor-widget-raven-button\" data-id=\"b49a02d\" data-element_type=\"widget\" data-e-type=\"widget\" data-settings=\"{&quot;_animation&quot;:&quot;fadeIn&quot;,&quot;turn_to_popup_action_button&quot;:&quot;no&quot;}\" data-widget_type=\"raven-button.default\">\n\t\t\t\t<div class=\"elementor-widget-container\">\n\t\t\t\t\t\t\t<div class=\"raven-widget-wrapper\">\n\t\t\t<a class=\"raven-button raven-button-widget-normal-effect-none  raven-button-text-align-left raven-button-link elementor-animation-none\" href=\"\/de\/spenden\">\t\t\t\t<div class=\"raven-button-overlay\" ><\/div>\n\t\t\t\t<span class=\"raven-button-content\">\n\t\t\t\t\t\n\t\t\t\t\t<div class=\"button-text-container\">\n\t\t\t\t\t\t\t\t\t\t\t\t<div class=\"raven-button-texts-wrapper\">\n\t\t\t\t\t\t\t<div class=\"button-text\">\n\t\t\t\t\t\t\t\t<span class=\"raven-button-text\">\n\t\t\t\t\t\t\t\t\tJetzt unterst\u00fctzen\t\t\t\t\t\t\t\t<\/span>\n\t\t\t\t\t\t\t<\/div>\n\t\t\t\t\t\t\t\t\t\t\t\t\t<\/div>\n\t\t\t\t\t\t\t\t\t\t\t<\/div>\n\t\t\t\t\t\n\t\t\t\t\t\t\t\t\t<\/span>\n\t\t\t<\/a>\t\t<\/div>\n\t\t\t\t\t\t<\/div>\n\t\t\t\t<\/div>\n\t\t\t\t\t<\/div>\n\t\t<\/div>\n\t\t\t\t<div class=\"elementor-column elementor-col-33 elementor-top-column elementor-element elementor-element-c4ab334\" data-id=\"c4ab334\" data-element_type=\"column\" data-e-type=\"column\">\n\t\t\t<div class=\"elementor-widget-wrap\">\n\t\t\t\t\t\t\t<\/div>\n\t\t<\/div>\n\t\t\t\t\t<\/div>\n\t\t<\/section>\n\t\t\t\t<section class=\"elementor-section elementor-top-section elementor-element elementor-element-b864530 elementor-section-boxed elementor-section-height-default elementor-section-height-default\" data-id=\"b864530\" data-element_type=\"section\" data-e-type=\"section\">\n\t\t\t\t\t\t<div class=\"elementor-container elementor-column-gap-default\">\n\t\t\t\t\t<div class=\"elementor-column elementor-col-50 elementor-top-column elementor-element elementor-element-0210704\" data-id=\"0210704\" data-element_type=\"column\" data-e-type=\"column\">\n\t\t\t<div class=\"elementor-widget-wrap elementor-element-populated\">\n\t\t\t\t\t\t<div class=\"elementor-element elementor-element-7e34b98 elementor-widget elementor-widget-spacer\" data-id=\"7e34b98\" data-element_type=\"widget\" data-e-type=\"widget\" data-widget_type=\"spacer.default\">\n\t\t\t\t<div class=\"elementor-widget-container\">\n\t\t\t\t\t\t\t<div class=\"elementor-spacer\">\n\t\t\t<div class=\"elementor-spacer-inner\"><\/div>\n\t\t<\/div>\n\t\t\t\t\t\t<\/div>\n\t\t\t\t<\/div>\n\t\t\t\t<div class=\"elementor-element elementor-element-0f9859a elementor-widget elementor-widget-heading\" data-id=\"0f9859a\" data-element_type=\"widget\" data-e-type=\"widget\" data-widget_type=\"heading.default\">\n\t\t\t\t<div class=\"elementor-widget-container\">\n\t\t\t\t\t<h1 class=\"elementor-heading-title elementor-size-default\">Christen in der T\u00fcrkei mit Ausweisung und Verfolgung konfrontiert <\/h1>\t\t\t\t<\/div>\n\t\t\t\t<\/div>\n\t\t\t\t<div class=\"elementor-element elementor-element-ecbdd85 elementor-icon-list--layout-inline elementor-align-start elementor-list-item-link-full_width elementor-widget elementor-widget-icon-list\" data-id=\"ecbdd85\" data-element_type=\"widget\" data-e-type=\"widget\" data-widget_type=\"icon-list.default\">\n\t\t\t\t<div class=\"elementor-widget-container\">\n\t\t\t\t\t\t\t<ul class=\"elementor-icon-list-items elementor-inline-items\">\n\t\t\t\t\t\t\t<li class=\"elementor-icon-list-item elementor-inline-item\">\n\t\t\t\t\t\t\t\t\t\t\t<span class=\"elementor-icon-list-icon\">\n\t\t\t\t\t\t\t<i aria-hidden=\"true\" class=\"far fa-user-circle\"><\/i>\t\t\t\t\t\t<\/span>\n\t\t\t\t\t\t\t\t\t\t<span class=\"elementor-icon-list-text\"><b>Wer<\/b>: Mehrere Christen, die zuvor in der T\u00fcrkei gelebt haben, darunter <b>Pam und Dave Wilson<\/b>, <b>Rachel und Mario Zalma*<\/b>, <b>David Byle<\/b> und andere, haben beim Europ\u00e4ischen Gerichtshof f\u00fcr Menschenrechte Berufung eingelegt. <\/span>\n\t\t\t\t\t\t\t\t\t<\/li>\n\t\t\t\t\t\t\t\t<li class=\"elementor-icon-list-item elementor-inline-item\">\n\t\t\t\t\t\t\t\t\t\t\t<span class=\"elementor-icon-list-icon\">\n\t\t\t\t\t\t\t<i aria-hidden=\"true\" class=\"fas fa-map-marker-alt\"><\/i>\t\t\t\t\t\t<\/span>\n\t\t\t\t\t\t\t\t\t\t<span class=\"elementor-icon-list-text\"><b>Wo<\/b>:  ADF International unterst\u00fctzt \u00fcber 20 weitere F\u00e4lle vor nationalen Gerichten in der T\u00fcrkei.<\/span>\n\t\t\t\t\t\t\t\t\t<\/li>\n\t\t\t\t\t\t\t\t<li class=\"elementor-icon-list-item elementor-inline-item\">\n\t\t\t\t\t\t\t\t\t\t\t<span class=\"elementor-icon-list-icon\">\n\t\t\t\t\t\t\t<svg xmlns=\"http:\/\/www.w3.org\/2000\/svg\" viewBox=\"0 0 640 512\"><path d=\"M72 88a56 56 0 1 1 112 0A56 56 0 1 1 72 88zM64 245.7C54 256.9 48 271.8 48 288s6 31.1 16 42.3V245.7zm144.4-49.3C178.7 222.7 160 261.2 160 304c0 34.3 12 65.8 32 90.5V416c0 17.7-14.3 32-32 32H96c-17.7 0-32-14.3-32-32V389.2C26.2 371.2 0 332.7 0 288c0-61.9 50.1-112 112-112h32c24 0 46.2 7.5 64.4 20.3zM448 416V394.5c20-24.7 32-56.2 32-90.5c0-42.8-18.7-81.3-48.4-107.7C449.8 183.5 472 176 496 176h32c61.9 0 112 50.1 112 112c0 44.7-26.2 83.2-64 101.2V416c0 17.7-14.3 32-32 32H480c-17.7 0-32-14.3-32-32zm8-328a56 56 0 1 1 112 0A56 56 0 1 1 456 88zM576 245.7v84.7c10-11.3 16-26.1 16-42.3s-6-31.1-16-42.3zM320 32a64 64 0 1 1 0 128 64 64 0 1 1 0-128zM240 304c0 16.2 6 31 16 42.3V261.7c-10 11.3-16 26.1-16 42.3zm144-42.3v84.7c10-11.3 16-26.1 16-42.3s-6-31.1-16-42.3zM448 304c0 44.7-26.2 83.2-64 101.2V448c0 17.7-14.3 32-32 32H288c-17.7 0-32-14.3-32-32V405.2c-37.8-18-64-56.5-64-101.2c0-61.9 50.1-112 112-112h32c61.9 0 112 50.1 112 112z\"><\/path><\/svg>\t\t\t\t\t\t<\/span>\n\t\t\t\t\t\t\t\t\t\t<span class=\"elementor-icon-list-text\"><b>Team<\/b>: <a href=\"https:\/\/adfinternational.org\/our-team\/lidia-rieder\"> <b>Lidia Rieder<\/b><\/a><\/span>\n\t\t\t\t\t\t\t\t\t<\/li>\n\t\t\t\t\t\t<\/ul>\n\t\t\t\t\t\t<\/div>\n\t\t\t\t<\/div>\n\t\t\t\t<div class=\"elementor-element elementor-element-7b4cd3a elementor-widget elementor-widget-text-editor\" data-id=\"7b4cd3a\" data-element_type=\"widget\" data-e-type=\"widget\" data-widget_type=\"text-editor.default\">\n\t\t\t\t<div class=\"elementor-widget-container\">\n\t\t\t\t\t\t\t\t\t<h6><strong>Thema | Verfolgung <\/strong><\/h6><p>Die Zahl der christlichen Bev\u00f6lkerung in der T\u00fcrkei ist in den vergangenen 100 Jahren von 20 Prozent auf 0,3 Prozent gesunken. Sch\u00e4tzungsweise bekennen sich 99 Prozent der rund 83 Millionen Einwohner zum Islam. Obwohl die T\u00fcrkei keine Staatsreligion hat, ist die Regierung zunehmend von Islamisierung und Nationalismus gepr\u00e4gt, was insbesondere f\u00fcr religi\u00f6se Minderheiten wie Christen erhebliche Herausforderungen mit sich bringt.<\/p><p>In den letzten Jahren geht die Regierung gezielt gegen ausl\u00e4ndische christliche Arbeitskr\u00e4fte vor, obwohl diese rechtm\u00e4\u00dfig und oft schon seit Jahrzehnten in der T\u00fcrkei leben. Zwischen 2020 und 2023 verh\u00e4ngte die t\u00fcrkische Regierung Einreiseverbote gegen mindestens 160 ausl\u00e4ndische christliche Arbeitskr\u00e4fte und ihre Familien oder verwies sie des Landes. Es werden aber st\u00e4ndig neue Einreiseverbote erlassen.<\/p><p>Die t\u00fcrkischen Beh\u00f6rden versehen Christen mit sogenannten \u201eN-82\u201c- oder \u201eG-87\u201c-Sicherheitscodes, mit denen eine Person als \u201eBedrohung f\u00fcr die \u00f6ffentliche Ordnung und Sicherheit\u201c eingestuft wird. Diese Codes wirken praktisch wie Einreiseverbote. Die Regierung setzt diese Codes ein, um missionarische Arbeit im Land zu verhindern. Durch den gezielten Einsatz dieser Codes kann die Regierung die Akten, die angebliche \u201aBeweise\u2018 gegen die betroffenen christlichen Mitarbeiter enthalten, unter Verschluss stellen. Dadurch werden Rechtsmittel undurchsichtig und der innerstaatliche Rechtsschutz faktisch ausgehebelt.<\/p><p>Der Menschenrechtsverletzungsbericht 2024 (Human Rights Violation Report) des Verbands evangelischer Kirchen dokumentiert 132 Personen, die willk\u00fcrlich mit einem Einreisesperrcode belegt wurden und allein aufgrund ihres christlichen Glaubens nicht mehr in die T\u00fcrkei einreisen d\u00fcrfen. Insgesamt sind laut Bericht 303 Menschen von diesen Ma\u00dfnahmen betroffen.<\/p><p>ADF International unterst\u00fctzt \u00fcber 30 solcher F\u00e4lle vor dem Europ\u00e4ischen Gerichtshof f\u00fcr Menschenrechte (EGMR) und auf nationaler Ebene.<\/p><p>Am 16. Januar 2026 hat der EGMR 20 dieser F\u00e4lle offiziell angenommen. ADF International unterst\u00fctzt 17 dieser F\u00e4lle.<\/p>\t\t\t\t\t\t\t\t<\/div>\n\t\t\t\t<\/div>\n\t\t\t\t<div class=\"elementor-element elementor-element-8b6d5e3 elementor-widget elementor-widget-image\" data-id=\"8b6d5e3\" data-element_type=\"widget\" data-e-type=\"widget\" data-widget_type=\"image.default\">\n\t\t\t\t<div class=\"elementor-widget-container\">\n\t\t\t\t\t\t\t\t\t\t\t\t\t\t\t<img fetchpriority=\"high\" decoding=\"async\" width=\"800\" height=\"534\" src=\"https:\/\/adfinternational.org\/wp-content\/uploads\/2020\/03\/map_turkey.webp\" class=\"attachment-full size-full wp-image-40605\" alt=\"\" srcset=\"https:\/\/adfinternational.org\/wp-content\/uploads\/2020\/03\/map_turkey.webp 800w, https:\/\/adfinternational.org\/wp-content\/uploads\/2020\/03\/map_turkey-300x200.webp 300w, https:\/\/adfinternational.org\/wp-content\/uploads\/2020\/03\/map_turkey-768x513.webp 768w\" sizes=\"(max-width: 800px) 100vw, 800px\" \/>\t\t\t\t\t\t\t\t\t\t\t\t\t\t\t<\/div>\n\t\t\t\t<\/div>\n\t\t\t\t<div class=\"elementor-element elementor-element-e8f3d47 elementor-blockquote--skin-clean elementor-widget elementor-widget-blockquote\" data-id=\"e8f3d47\" data-element_type=\"widget\" data-e-type=\"widget\" data-widget_type=\"blockquote.default\">\n\t\t\t\t<div class=\"elementor-widget-container\">\n\t\t\t\t\t\t\t<blockquote class=\"elementor-blockquote\">\n\t\t\t<p class=\"elementor-blockquote__content\">\n\t\t\t\t\u201eEs ist besorgniserregend, dass wir derzeit Zeuge systematischer Feindseligkeiten gegen\u00fcber ausl\u00e4ndischen Christen durch Amtstr\u00e4ger in der T\u00fcrkei werden. Diese gezielten Versuche, die Verbreitung des Christentums zu unterbinden, stellen einen Versto\u00df gegen die Religionsfreiheit dar. Dass der Gerichtshof diese F\u00e4lle nun aufgreift, ist ein wichtiger Schritt hin zu Transparenz, Verantwortlichkeit und rechtlichem Schutz.\u201d  \t\t\t<\/p>\n\t\t\t\t\t\t\t<div class=\"e-q-footer\">\n\t\t\t\t\t\t\t\t\t\t\t<cite class=\"elementor-blockquote__author\">- Lidia Rieder, Juristin bei ADF International<\/cite>\n\t\t\t\t\t\t\t\t\t\t\t\t\t\t<\/div>\n\t\t\t\t\t<\/blockquote>\n\t\t\t\t\t\t<\/div>\n\t\t\t\t<\/div>\n\t\t\t\t<div class=\"elementor-element elementor-element-f80bc45 elementor-widget elementor-widget-heading\" data-id=\"f80bc45\" data-element_type=\"widget\" data-e-type=\"widget\" data-widget_type=\"heading.default\">\n\t\t\t\t<div class=\"elementor-widget-container\">\n\t\t\t\t\t<h2 class=\"elementor-heading-title elementor-size-default\">Zusammenfassung<\/h2>\t\t\t\t<\/div>\n\t\t\t\t<\/div>\n\t\t\t\t<div class=\"elementor-element elementor-element-ee00945 elementor-widget elementor-widget-text-editor\" data-id=\"ee00945\" data-element_type=\"widget\" data-e-type=\"widget\" data-widget_type=\"text-editor.default\">\n\t\t\t\t<div class=\"elementor-widget-container\">\n\t\t\t\t\t\t\t\t\t<p>Die Verfolgung von Christen nimmt weltweit zu, und die T\u00fcrkei ist da keine Ausnahme. Christen sind international die am st\u00e4rksten verfolgte Glaubensgemeinschaft, und dennoch findet dieses Thema weltweit nur wenig Beachtung. In der T\u00fcrkei geht die Regierung systematisch gegen Christen und ihre Familien vor, indem sie ihnen die Wiedereinreise ins Land verbietet, obwohl sie dort seit langem rechtm\u00e4\u00dfig ans\u00e4ssig sind. Die T\u00fcrkei hat zudem systematisch christliche Seminare geschlossen und die christliche Gemeinschaft in der T\u00fcrkei damit gezwungen, sich stark auf ausl\u00e4ndische Geistliche zu verlassen. Die Einreiseverbote f\u00fcr ausl\u00e4ndische christliche Missionare zielen darauf ab, die Ausbreitung des Christentums in der T\u00fcrkei ganz zu unterbinden.<\/p><p>\u201eEs ist schockierend, dass ein so fortschrittliches Land wie die T\u00fcrkei ausl\u00e4ndische Christen, die keinerlei Straftaten begangen haben, als Terroristen behandelt, nur weil sie sich zu ihrem Glauben bekennen. Wir fordern die t\u00fcrkische Regierung nachdr\u00fccklich auf, diese diskriminierenden Praktiken einzustellen, die eine eklatante Missachtung der Religionsfreiheit und einen gravierendenVersto\u00df gegen die Rechte und Normen internationaler Abkommen, darunter auch der , Europ\u00e4ische Menschenrechtskonvention, deren Vertragspartei die T\u00fcrkei ist und deren Gr\u00fcndungsmitglied sie im Redaktionsrat war, darstellen\u201c, sagte Kelsey Zorzi, Direktorin der Rechtsabteilung f\u00fcr weltweite Religionsfreiheit bei ADF International.<\/p>\t\t\t\t\t\t\t\t<\/div>\n\t\t\t\t<\/div>\n\t\t\t\t<div class=\"elementor-element elementor-element-fd88de3 elementor-widget elementor-widget-heading\" data-id=\"fd88de3\" data-element_type=\"widget\" data-e-type=\"widget\" data-widget_type=\"heading.default\">\n\t\t\t\t<div class=\"elementor-widget-container\">\n\t\t\t\t\t<h3 class=\"elementor-heading-title elementor-size-default\">Dave und Pam Wilson <\/h3>\t\t\t\t<\/div>\n\t\t\t\t<\/div>\n\t\t\t\t<div class=\"elementor-element elementor-element-dff58a7 elementor-widget elementor-widget-text-editor\" data-id=\"dff58a7\" data-element_type=\"widget\" data-e-type=\"widget\" data-widget_type=\"text-editor.default\">\n\t\t\t\t<div class=\"elementor-widget-container\">\n\t\t\t\t\t\t\t\t\t<p>Das US-amerikanische Missionarsehepaar Pam und David Wilson wurde aus der T\u00fcrkei ausgewiesen, nachdem sie dort fast vier Jahrzehnte lang rechtm\u00e4\u00dfig gelebt hatten.<\/p>\t\t\t\t\t\t\t\t<\/div>\n\t\t\t\t<\/div>\n\t\t\t\t<div class=\"elementor-element elementor-element-c2344c8 elementor-widget elementor-widget-image\" data-id=\"c2344c8\" data-element_type=\"widget\" data-e-type=\"widget\" data-widget_type=\"image.default\">\n\t\t\t\t<div class=\"elementor-widget-container\">\n\t\t\t\t\t\t\t\t\t\t\t\t\t\t\t<img decoding=\"async\" width=\"800\" height=\"532\" src=\"https:\/\/adfinternational.org\/wp-content\/uploads\/2020\/03\/Dave-and-Pam-Wilson.webp\" class=\"attachment-full size-full wp-image-40612\" alt=\"\" srcset=\"https:\/\/adfinternational.org\/wp-content\/uploads\/2020\/03\/Dave-and-Pam-Wilson.webp 800w, https:\/\/adfinternational.org\/wp-content\/uploads\/2020\/03\/Dave-and-Pam-Wilson-300x200.webp 300w, https:\/\/adfinternational.org\/wp-content\/uploads\/2020\/03\/Dave-and-Pam-Wilson-768x511.webp 768w\" sizes=\"(max-width: 800px) 100vw, 800px\" \/>\t\t\t\t\t\t\t\t\t\t\t\t\t\t\t<\/div>\n\t\t\t\t<\/div>\n\t\t\t\t<div class=\"elementor-element elementor-element-1fdd365 elementor-widget elementor-widget-text-editor\" data-id=\"1fdd365\" data-element_type=\"widget\" data-e-type=\"widget\" data-widget_type=\"text-editor.default\">\n\t\t\t\t<div class=\"elementor-widget-container\">\n\t\t\t\t\t\t\t\t\t<p>Dave kam 1980 nach Istanbul und \u00fcbernahm die Leitung des Bibel-Fernkurses (BCC), eines von \u201cOperation Mobilization\u201d ins Leben gerufenen Dienstes. Im Rahmen seines Dienstes betrieb er Haus-zu-Haus-Evangelisation, indem er Brosch\u00fcren \u00fcber das Evangelium und Einladungen zum Bibelstudium verteilte. Pam zog 1984 mit einem Gemeindegr\u00fcndungsteam nach Ankara, nachdem sie ein Jahr zuvor den Ruf Gottes versp\u00fcrt hatte, in die T\u00fcrkei zu gehen. Dave und Pam lernten sich 1986 kennen und heirateten 1988. Nach ihrer Heirat setzten sie ihren Dienst unter den Menschen in der T\u00fcrkei fort. Im Laufe der Jahre sahen sie sich mehreren Abschiebungsversuchen ausgesetzt. Die Beh\u00f6rden nahmen das Ehepaar wegen ihrer missionarischen T\u00e4tigkeit ins Visier. Durch rechtliche Schritte gelang es ihnen, die erforderlichen Visa und Aufenthaltsgenehmigungen zu erhalten und so legal im Land zu bleiben.<\/p><p>Anfang Februar 2019 verlie\u00dfen Dave und Pam die T\u00fcrkei, um die Weihnachtsfeiertage mit ihrer Familie in den USA zu verbringen. Als sie in die T\u00fcrkei zur\u00fcckkehren wollten, wurde ihnen am Flughafen Istanbul mitgeteilt, dass gegen sie eine Ausweisungsverf\u00fcgung und ein Einreiseverbot verh\u00e4ngt worden war.<\/p><p>Zwei Wochen sp\u00e4ter erhielt eines ihrer Teammitglieder dasselbe Einreiseverbot. Es stellte sich heraus, dass das gegen Dave und Pam verh\u00e4ngte Verbot kein Einzelfall war. Kurz darauf erfuhren sie gemeinsam mit zwei weiteren Teammitgliedern, dass ihnen zus\u00e4tzlich der Code G-87 zugewiesen worden war \u2013 eine Einstufung, die normalerweise Terroristen vorbehalten ist.<\/p><p>Am 13. Juli 2021 reichte ADF International im Namen der Wilsons eine Beschwerde beim EGMR gegen die T\u00fcrkei ein. Im Januar 2026 wurde ihr Fall vom h\u00f6chsten Gericht Europas angenommen.<\/p>\t\t\t\t\t\t\t\t<\/div>\n\t\t\t\t<\/div>\n\t\t\t\t<div class=\"elementor-element elementor-element-013ea72 elementor-widget elementor-widget-heading\" data-id=\"013ea72\" data-element_type=\"widget\" data-e-type=\"widget\" data-widget_type=\"heading.default\">\n\t\t\t\t<div class=\"elementor-widget-container\">\n\t\t\t\t\t<h3 class=\"elementor-heading-title elementor-size-default\">Rachel und Mario Zalma* <\/h3>\t\t\t\t<\/div>\n\t\t\t\t<\/div>\n\t\t\t\t<div class=\"elementor-element elementor-element-8b59955 elementor-widget elementor-widget-text-editor\" data-id=\"8b59955\" data-element_type=\"widget\" data-e-type=\"widget\" data-widget_type=\"text-editor.default\">\n\t\t\t\t<div class=\"elementor-widget-container\">\n\t\t\t\t\t\t\t\t\t<p>Im Jahr 2009 zog das britische Ehepaar Rachel und Mario Zalma* (* Zum Schutz ge\u00e4ndert) nach Istanbul, um eine neue christliche Kirchengemeinde zu unterst\u00fctzen. Sie verbrachten viel Zeit damit, die Sprache, die Geschichte und die Kultur der Menschen vor Ort kennenzulernen. Um ihrer Nachbarschaft etwas Gutes zu tun, bot ihre Kirche kostenlose Englischkurse und eine Eltern-Kind-Spielgruppe an und die Einnahmen vom j\u00e4hrlichen Weihnachtsbasar gingen an lokale Wohlt\u00e4tigkeitsorganisationen.<\/p><p>Im Jahr 2018 h\u00f6rten die Zalmas von anderen Christen, denen nach der R\u00fcckkehr aus ihren Heimatl\u00e4ndern die Einreise in die T\u00fcrkei verwehrt wurde. Die t\u00fcrkischen Beh\u00f6rden hatten begonnen, Christen mit dem Sicherheitscode N-82 zu kennzeichnen, der eine Person als \u201eBedrohung f\u00fcr die \u00f6ffentliche Ordnung und Sicherheit\u201c einstuft.<\/p><p>Im Jahr 2019 wurden das schlie\u00dflich auch f\u00fcr die Zalmas Realit\u00e4t \u2013 kurz nachdem sie an der Familienkonferenz des Verbands der t\u00fcrkischen protestantischen Kirchen teilgenommen hatten. Vor einer Reise nach Gro\u00dfbritannien wurde Mario von der Polizei angehalten und dar\u00fcber informiert, dass auch er mit dem Code N-82 belegt worden war. \u201eEs war furchtbar, nicht zu wissen, was mit ihm geschehen w\u00fcrde. Ich h\u00f6rte die Beamten fl\u00fcstern, wir seien wahrscheinlich Terroristen. Es hat mich zutiefst ersch\u00fcttert, ein solches Misstrauen zu erleben, obwohl wir den Menschen dort nur Gutes tun wollten\u201c, erinnert sich Rachel. Die Polizei erlaubte Mario, in der T\u00fcrkei zu bleiben, um die Anordnung gerichtlich anzufechten.<\/p><p>Im Juni 2020 wurde auch Rachel dieser Code zugewiesen. Bevor die Polizei Gelegenheit hatte, sie abzuschieben, beschlossen die Zalmas, selbst nach England zur\u00fcckzukehren und rechtliche Schritte einzuleiten. Aus den im Rahmen des Gerichtsverfahrens der Zalmas vorgelegten Unterlagen ergibt sich, dass es sich bei ihrem Fall nicht um einen Einzelfall handelt. Auch andere Christen, die an der Familienkonferenz 2019 des Verbands der t\u00fcrkischen protestantischen Kirchen teilgenommen hatten, traf dasselbe Schicksal.<\/p><p>Mit Unterst\u00fctzung von ADF International haben Rachel und Mario ihren Fall vor den Europ\u00e4ischen Gerichtshof f\u00fcr Menschenrechte gebracht. Er z\u00e4hlt zu den F\u00e4llen, die der Gerichtshof im Januar 2026 an die t\u00fcrkische Regierung kommuniziert hat.<\/p>\t\t\t\t\t\t\t\t<\/div>\n\t\t\t\t<\/div>\n\t\t\t\t<div class=\"elementor-element elementor-element-09a57b1 elementor-widget elementor-widget-heading\" data-id=\"09a57b1\" data-element_type=\"widget\" data-e-type=\"widget\" data-widget_type=\"heading.default\">\n\t\t\t\t<div class=\"elementor-widget-container\">\n\t\t\t\t\t<h3 class=\"elementor-heading-title elementor-size-default\">David Byle <\/h3>\t\t\t\t<\/div>\n\t\t\t\t<\/div>\n\t\t\t\t<div class=\"elementor-element elementor-element-03b9b7e elementor-widget elementor-widget-text-editor\" data-id=\"03b9b7e\" data-element_type=\"widget\" data-e-type=\"widget\" data-widget_type=\"text-editor.default\">\n\t\t\t\t<div class=\"elementor-widget-container\">\n\t\t\t\t\t\t\t\t\t<p>David Byle, ein christlicher Geistlicher, musste die T\u00fcrkei, die er 19 Jahre lang sein Zuhause genannt hatte, verlassen, nur weil er seinen Glauben verk\u00fcndete. Er und seine Frau haben ihre f\u00fcnf Kinder in der T\u00fcrkei gro\u00dfgezogen und waren zu festen Mitgliedern der Gemeinde geworden.<\/p>\t\t\t\t\t\t\t\t<\/div>\n\t\t\t\t<\/div>\n\t\t\t\t<div class=\"elementor-element elementor-element-2f18ff7 elementor-widget elementor-widget-video\" data-id=\"2f18ff7\" data-element_type=\"widget\" data-e-type=\"widget\" data-settings=\"{&quot;youtube_url&quot;:&quot;https:\\\/\\\/youtu.be\\\/Vg66By7kH60&quot;,&quot;video_type&quot;:&quot;youtube&quot;,&quot;controls&quot;:&quot;yes&quot;}\" data-widget_type=\"video.default\">\n\t\t\t\t<div class=\"elementor-widget-container\">\n\t\t\t\t\t\t\t<div class=\"elementor-wrapper elementor-open-inline\">\n\t\t\t<div class=\"elementor-video\"> <div class=\"brlbs-cmpnt-container brlbs-cmpnt-content-blocker brlbs-cmpnt-with-individual-styles\" data-borlabs-cookie-content-blocker-id=\"youtube-content-blocker\" data-borlabs-cookie-content=\"PHNjcmlwdD4KKGZ1bmN0aW9uKCkgewogICAgbGV0IGQgPSBudWxsOwoKICAgIC8vIGlmIHdlIGFyZSBpbiBhIGxvb3AsIHdlIG5lZWQgdG8gc2VsZWN0IHRoZSBjb3JyZWN0IHZpZGVvIGVsZW1lbnQsIHNpbmNlIFdpZGdldCBJRCBvY2N1cnMgbXVsdGlwbGUgdGltZXMgb24gcGFnZQogICAgY29uc3QgZWxlbXNJbkxvb3AgPSBkb2N1bWVudC5xdWVyeVNlbGVjdG9yQWxsKCc6aXMoZGl2W2RhdGEtZWxlbWVudG9yLXR5cGU9Imxvb3AtaXRlbSJdLGRpdltkYXRhLWVsZW1lbnRvci10eXBlPSJqZXQtbGlzdGluZy1pdGVtcyJdLGRpdltkYXRhLXdpZGdldF90eXBlXj0icHJlbWl1bS1hZGRvbi10YWJzLiJdKSBkaXYuZWxlbWVudG9yLWVsZW1lbnQtMmYxOGZmNycpOwogICAgaWYgKGVsZW1zSW5Mb29wLmxlbmd0aCA9PT0gMSkgewogICAgICAgIGQgPSBlbGVtc0luTG9vcFswXTsKICAgIH0gZWxzZSBpZiAoZWxlbXNJbkxvb3AubGVuZ3RoID4gMSkgewogICAgICAgIGlmICh0eXBlb2YgZG9jdW1lbnQuY3VycmVudFNjcmlwdCA9PT0gJ3VuZGVmaW5lZCcgfHwgZG9jdW1lbnQuY3VycmVudFNjcmlwdCA9PSBudWxsKSB7CiAgICAgICAgICAgIHJldHVybjsKICAgICAgICB9CiAgICAgICAgY29uc3QgdG1wVmlkZW9XaWRnZXQgPSBkb2N1bWVudC5jdXJyZW50U2NyaXB0LmNsb3Nlc3QoJ1tkYXRhLXdpZGdldF90eXBlPSJicmxic192aWRlby5kZWZhdWx0Il0nKTsKICAgICAgICBpZiAodG1wVmlkZW9XaWRnZXQpIHsKICAgICAgICAgICAgZCA9IHRtcFZpZGVvV2lkZ2V0OwogICAgICAgIH0KICAgIH0KCiAgICBpZiAoZCA9PSBudWxsKSB7CiAgICAgICAgZCA9IGRvY3VtZW50LnF1ZXJ5U2VsZWN0b3IoJ2Rpdi5lbGVtZW50b3ItZWxlbWVudC0yZjE4ZmY3Jyk7CiAgICB9CgogICAgaWYgKGQgPT0gbnVsbCkgewogICAgICAgIHJldHVybjsKICAgIH0KICAgIGQuZGF0YXNldC53aWRnZXRfdHlwZSA9IGQuZGF0YXNldC53aWRnZXRfdHlwZS5yZXBsYWNlKCdicmxic18nLCAnJyk7CiAgICBkLmRhdGFzZXQuYnJsYnNVbmJsb2NrZWQgPSAndHJ1ZSc7CgogICAgY29uc3QgaW50ZXJ2YWwgPSBzZXRJbnRlcnZhbCgoKSA9PiB7CiAgICAgICAgaWYgKHR5cGVvZiBlbGVtZW50b3JGcm9udGVuZCAhPT0gJ3VuZGVmaW5lZCcgJiYgdHlwZW9mIGVsZW1lbnRvckZyb250ZW5kLmhvb2tzICE9PSAndW5kZWZpbmVkJykgewogICAgICAgICAgICBjbGVhckludGVydmFsKGludGVydmFsKTsKICAgICAgICAgICAgZWxlbWVudG9yRnJvbnRlbmQuaG9va3MuZG9BY3Rpb24oJ2Zyb250ZW5kL2VsZW1lbnRfcmVhZHkvdmlkZW8uZGVmYXVsdCcsIGpRdWVyeShkKSwgalF1ZXJ5KQogICAgICAgIH0KICAgIH0sIDMwKQp9KSgpOwo8L3NjcmlwdD4=\"><div class=\"brlbs-cmpnt-cb-preset-c brlbs-cmpnt-cb-youtube\"> <div class=\"brlbs-cmpnt-cb-thumbnail\" style=\"background-image: url('https:\/\/adfinternational.org\/wp-content\/uploads\/borlabs-cookie\/1\/yt_Vg66By7kH60_hqdefault.jpg')\"><\/div> <div class=\"brlbs-cmpnt-cb-main\"> <div class=\"brlbs-cmpnt-cb-play-button\"><\/div> <div class=\"brlbs-cmpnt-cb-content\"> <p class=\"brlbs-cmpnt-cb-description\">Sie sehen gerade einen Platzhalterinhalt von <strong>YouTube<\/strong>. Um auf den eigentlichen Inhalt zuzugreifen, klicken Sie auf die Schaltfl\u00e4che unten. Bitte beachten Sie, dass dabei Daten an Drittanbieter weitergegeben werden.<\/p> <a class=\"brlbs-cmpnt-cb-provider-toggle\" href=\"#\" data-borlabs-cookie-show-provider-information role=\"button\">Mehr Informationen<\/a> <\/div> <div class=\"brlbs-cmpnt-cb-buttons\"> <a class=\"brlbs-cmpnt-cb-btn\" href=\"#\" data-borlabs-cookie-unblock role=\"button\">Inhalt entsperren<\/a> <a class=\"brlbs-cmpnt-cb-btn\" href=\"#\" data-borlabs-cookie-accept-service role=\"button\" style=\"display: inherit\">Erforderlichen Service akzeptieren und Inhalte entsperren<\/a> <\/div> <\/div> <\/div><\/div><\/div>\t\t<\/div>\n\t\t\t\t\t\t<\/div>\n\t\t\t\t<\/div>\n\t\t\t\t<div class=\"elementor-element elementor-element-1df2fbe elementor-widget elementor-widget-text-editor\" data-id=\"1df2fbe\" data-element_type=\"widget\" data-e-type=\"widget\" data-widget_type=\"text-editor.default\">\n\t\t\t\t<div class=\"elementor-widget-container\">\n\t\t\t\t\t\t\t\t\t<p>David wurde 2016 mit einer ungerechtfertigten Ausweisungsverf\u00fcgung konfrontiert und focht diese vor Gericht an. Obwohl ihm eine einstweilige Verf\u00fcgung gew\u00e4hrt worden war, die ihm den Aufenthalt bis zum Urteil erlaubte, wurde er unerwartet in Gewahrsam genommen und von der Polizei verh\u00f6rt. Anschlie\u00dfend verlie\u00df er das Land und erfuhr, dass ihm von den Beh\u00f6rden der Code N-82 zugewiesen worden war, der ihm die Wiedereinreise faktisch untersagt. Die Familie Byles lebt nun in Deutschland. In einem Schreiben vom 5. Mai 2022 lehnte der Europ\u00e4ische Gerichtshof f\u00fcr Menschenrechte (EGMR) die Verhandlung in Davids Fall ab. Ein Partneranwalt von ADF International leitete in der T\u00fcrkei ein neues Verfahren ein, um sein Einreiseverbot anzufechten, da sein Visumantrag 2022 erneut abgelehnt worden war und seit der Zuweisung des Codes f\u00fcnf Jahre vergangen sind.<\/p>\t\t\t\t\t\t\t\t<\/div>\n\t\t\t\t<\/div>\n\t\t\t\t<div class=\"elementor-element elementor-element-320bbde elementor-widget elementor-widget-heading\" data-id=\"320bbde\" data-element_type=\"widget\" data-e-type=\"widget\" data-widget_type=\"heading.default\">\n\t\t\t\t<div class=\"elementor-widget-container\">\n\t\t\t\t\t<h2 class=\"elementor-heading-title elementor-size-default\">Der Europ\u00e4ische Gerichtshof f\u00fcr Menschenrechte befasst sich mit den F\u00e4llen der verbannten Christen  <\/h2>\t\t\t\t<\/div>\n\t\t\t\t<\/div>\n\t\t\t\t<div class=\"elementor-element elementor-element-6bebc53 elementor-widget elementor-widget-text-editor\" data-id=\"6bebc53\" data-element_type=\"widget\" data-e-type=\"widget\" data-widget_type=\"text-editor.default\">\n\t\t\t\t<div class=\"elementor-widget-container\">\n\t\t\t\t\t\t\t\t\t<p>Seit mehreren Jahren macht ADF International auf diese Menschenrechtsverletzungen aufmerksam: unter anderem durch Schulungen f\u00fcr lokale Anw\u00e4lte, wissenschaftliche Ver\u00f6ffentlichungen und Expertengutachten, die systematischen Verst\u00f6\u00dfe gegen die Religions- und Weltanschauungsfreiheit sowie damit verbundene Rechte dokumentieren.<\/p><p>ADF International hat \u00fcber mehrere Jahre hinweg zahlreiche Kl\u00e4ger und ihre Anw\u00e4lte in diesen Verfahren unterst\u00fctzt.<\/p><p>Im Januar 2026 beschloss der Europ\u00e4ische Gerichtshof f\u00fcr Menschenrechte in einem wichtigen Schritt zur Durchsetzung der Rechenschaftspflicht, 20 F\u00e4lle von Christen zu verhandeln, denen die Einreise in die T\u00fcrkei allein aufgrund der Aus\u00fcbung ihres Glaubens verweigert wurde; 17 dieser F\u00e4lle werden von ADF International unterst\u00fctzt.<\/p><p>Der EGMR hat die F\u00e4lle geb\u00fcndelt an die t\u00fcrkische Regierung \u00fcbermittelt und darauf hingewiesen, dass diese f\u00fcr hinreichend zusammenh\u00e4ngend gehalten werden, um sie gemeinsam zu pr\u00fcfen. Zugleich wurde die T\u00fcrkei aufgefordert, im weiteren Verfahren eine Stellungnahme abzugeben.<\/p><p>\u201eWir begr\u00fc\u00dfen die Entscheidung des Gerichts, diese F\u00e4lle gemeinsam zu behandeln. Es handelt sich hierbei nicht um vereinzelte Fehler oder einmalige Entscheidungen\u201c, sagte Kelsey Zorzi, Direktorin der Rechtsabteilung f\u00fcr weltweite Religionsfreiheit bei ADF International. \u201eDie geb\u00fcndelte Pr\u00fcfung dieser F\u00e4lle macht deutlich, dass der Gerichtshof ein m\u00f6gliches systematisches Vorgehen gegen Christen in der T\u00fcrkei sieht. Wir erwarten, dass er das zentrale rechtsstaatliche Prinzip best\u00e4tigt, wonach Regierungen niemandem allein aufgrund seines Glaubens Grundrechte entziehen d\u00fcrfen.\u201c<\/p><p>* Zum Schutz ge\u00e4ndert<\/p>\t\t\t\t\t\t\t\t<\/div>\n\t\t\t\t<\/div>\n\t\t\t\t<div class=\"elementor-element elementor-element-c0b1580 elementor-share-buttons--view-icon elementor-share-buttons--skin-framed elementor-share-buttons--color-custom elementor-share-buttons--shape-square elementor-grid-0 elementor-widget elementor-widget-share-buttons\" data-id=\"c0b1580\" data-element_type=\"widget\" data-e-type=\"widget\" data-widget_type=\"share-buttons.default\">\n\t\t\t\t<div class=\"elementor-widget-container\">\n\t\t\t\t\t\t\t<div class=\"elementor-grid\" role=\"list\">\n\t\t\t\t\t\t\t\t<div class=\"elementor-grid-item\" role=\"listitem\">\n\t\t\t\t\t\t<div class=\"elementor-share-btn elementor-share-btn_x-twitter\" role=\"button\" tabindex=\"0\" aria-label=\"Teilen auf x-twitter\">\n\t\t\t\t\t\t\t\t\t\t\t\t\t\t\t<span class=\"elementor-share-btn__icon\">\n\t\t\t\t\t\t\t\t<i class=\"fab fa-x-twitter\" aria-hidden=\"true\"><\/i>\t\t\t\t\t\t\t<\/span>\n\t\t\t\t\t\t\t\t\t\t\t\t\t\t\t\t\t\t\t\t<\/div>\n\t\t\t\t\t<\/div>\n\t\t\t\t\t\t\t\t\t<div class=\"elementor-grid-item\" role=\"listitem\">\n\t\t\t\t\t\t<div class=\"elementor-share-btn elementor-share-btn_facebook\" role=\"button\" tabindex=\"0\" aria-label=\"Teilen auf facebook\">\n\t\t\t\t\t\t\t\t\t\t\t\t\t\t\t<span class=\"elementor-share-btn__icon\">\n\t\t\t\t\t\t\t\t<i class=\"fab fa-facebook\" aria-hidden=\"true\"><\/i>\t\t\t\t\t\t\t<\/span>\n\t\t\t\t\t\t\t\t\t\t\t\t\t\t\t\t\t\t\t\t<\/div>\n\t\t\t\t\t<\/div>\n\t\t\t\t\t\t\t\t\t<div class=\"elementor-grid-item\" role=\"listitem\">\n\t\t\t\t\t\t<div class=\"elementor-share-btn elementor-share-btn_linkedin\" role=\"button\" tabindex=\"0\" aria-label=\"Teilen auf linkedin\">\n\t\t\t\t\t\t\t\t\t\t\t\t\t\t\t<span class=\"elementor-share-btn__icon\">\n\t\t\t\t\t\t\t\t<i class=\"fab fa-linkedin\" aria-hidden=\"true\"><\/i>\t\t\t\t\t\t\t<\/span>\n\t\t\t\t\t\t\t\t\t\t\t\t\t\t\t\t\t\t\t\t<\/div>\n\t\t\t\t\t<\/div>\n\t\t\t\t\t\t\t\t\t<div class=\"elementor-grid-item\" role=\"listitem\">\n\t\t\t\t\t\t<div class=\"elementor-share-btn elementor-share-btn_whatsapp\" role=\"button\" tabindex=\"0\" aria-label=\"Teilen auf whatsapp\">\n\t\t\t\t\t\t\t\t\t\t\t\t\t\t\t<span class=\"elementor-share-btn__icon\">\n\t\t\t\t\t\t\t\t<i class=\"fab fa-whatsapp\" aria-hidden=\"true\"><\/i>\t\t\t\t\t\t\t<\/span>\n\t\t\t\t\t\t\t\t\t\t\t\t\t\t\t\t\t\t\t\t<\/div>\n\t\t\t\t\t<\/div>\n\t\t\t\t\t\t<\/div>\n\t\t\t\t\t\t<\/div>\n\t\t\t\t<\/div>\n\t\t\t\t<div class=\"elementor-element elementor-element-175d7f5 elementor-widget elementor-widget-spacer\" data-id=\"175d7f5\" data-element_type=\"widget\" data-e-type=\"widget\" data-widget_type=\"spacer.default\">\n\t\t\t\t<div class=\"elementor-widget-container\">\n\t\t\t\t\t\t\t<div class=\"elementor-spacer\">\n\t\t\t<div class=\"elementor-spacer-inner\"><\/div>\n\t\t<\/div>\n\t\t\t\t\t\t<\/div>\n\t\t\t\t<\/div>\n\t\t\t\t\t<\/div>\n\t\t<\/div>\n\t\t\t\t<div class=\"elementor-column elementor-col-50 elementor-top-column elementor-element elementor-element-45543ff\" data-id=\"45543ff\" data-element_type=\"column\" data-e-type=\"column\">\n\t\t\t<div class=\"elementor-widget-wrap elementor-element-populated\">\n\t\t\t\t\t\t<div class=\"elementor-element elementor-element-94fd5cf elementor-widget elementor-widget-spacer\" data-id=\"94fd5cf\" data-element_type=\"widget\" data-e-type=\"widget\" data-widget_type=\"spacer.default\">\n\t\t\t\t<div class=\"elementor-widget-container\">\n\t\t\t\t\t\t\t<div class=\"elementor-spacer\">\n\t\t\t<div class=\"elementor-spacer-inner\"><\/div>\n\t\t<\/div>\n\t\t\t\t\t\t<\/div>\n\t\t\t\t<\/div>\n\t\t\t\t<div class=\"elementor-element elementor-element-ad06f8f elementor-widget elementor-widget-text-editor\" data-id=\"ad06f8f\" data-element_type=\"widget\" data-e-type=\"widget\" data-widget_type=\"text-editor.default\">\n\t\t\t\t<div class=\"elementor-widget-container\">\n\t\t\t\t\t\t\t\t\t<p>News<\/p>\t\t\t\t\t\t\t\t<\/div>\n\t\t\t\t<\/div>\n\t\t\t\t<div class=\"elementor-element elementor-element-4e3dbae elementor-widget elementor-widget-raven-posts\" data-id=\"4e3dbae\" data-element_type=\"widget\" data-e-type=\"widget\" data-settings=\"{&quot;classic_columns&quot;:&quot;1&quot;,&quot;query_posts_per_page&quot;:15,&quot;classic_columns_tablet&quot;:&quot;1&quot;,&quot;_skin&quot;:&quot;classic&quot;,&quot;classic_layout&quot;:&quot;grid&quot;,&quot;classic_columns_mobile&quot;:&quot;1&quot;,&quot;query_offset&quot;:0}\" data-widget_type=\"raven-posts.classic\">\n\t\t\t\t<div class=\"elementor-widget-container\">\n\t\t\t\t\t\t\t<div class=\"raven-posts raven-grid raven-grid-1 raven-grid-mobile-1 raven-grid-tablet-1\" data-post-id=\"87069\" data-archive-query=\"\" data-lang=\"\">\n\t\t\t\t<div class=\"raven-grid-item raven-post-item post-85851 post type-post status-publish format-standard has-post-thumbnail hentry category-news tag-christian-persecution tag-religious-freedom tag-turkey\">\n\t\t\t<div class=\"raven-post\">\n\t\t\t\t\t\t\t\t<div class=\"raven-post-content\">\n\t\t\t\t\t\t\t<div class=\"raven-post-meta\"><a class=\"raven-post-meta-item raven-post-date\" href=\"https:\/\/adfinternational.org\/de\/2026\/02\" rel=\"bookmark\">Februar 27, 2026<\/a><\/div>\n\t\t<h3 class=\"raven-post-title\"><a class=\"raven-post-title-link\" href=\"https:\/\/adfinternational.org\/de\/news\/u-s-commission-on-international-religious-freedom-condemns\">U.S. Commission on International Religious Freedom condemns targeted expulsions of Christians in T\u00fcrkiye<\/a><\/h3>\t\t<div class=\"raven-post-read-more\">\n\t\t\t<a class=\"raven-post-button\" href=\"https:\/\/adfinternational.org\/de\/news\/u-s-commission-on-international-religious-freedom-condemns\"><span class=\"raven-post-button-text\">Read More<\/span><\/a>\n\t\t<\/div>\n\t\t\t\t\t\t<\/div>\n\t\t\t<\/div>\n\t\t<\/div>\n\t\t\t\t<div class=\"raven-grid-item raven-post-item post-85093 post type-post status-publish format-standard has-post-thumbnail hentry category-news tag-adina-portaru tag-europe tag-freedom-of-religion tag-kelsey-zorzi tag-religious-freedom tag-turkey\">\n\t\t\t<div class=\"raven-post\">\n\t\t\t\t\t\t\t\t<div class=\"raven-post-content\">\n\t\t\t\t\t\t\t<div class=\"raven-post-meta\"><a class=\"raven-post-meta-item raven-post-date\" href=\"https:\/\/adfinternational.org\/de\/2026\/02\" rel=\"bookmark\">Februar 17, 2026<\/a><\/div>\n\t\t<h3 class=\"raven-post-title\"><a class=\"raven-post-title-link\" href=\"https:\/\/adfinternational.org\/de\/news\/turkish-government-denies-targeted-deportation-of-christian-missionaries-accuses-european-parliament-of-interference\">Turkish\u202fGovernment\u202fDenies\u202fTargeted\u202fDeportation\u202fof Christian\u202fMissionaries;\u00a0Accuses European Parliament of \u2018Interference\u2019\u00a0\u00a0<\/a><\/h3>\t\t<div class=\"raven-post-read-more\">\n\t\t\t<a class=\"raven-post-button\" href=\"https:\/\/adfinternational.org\/de\/news\/turkish-government-denies-targeted-deportation-of-christian-missionaries-accuses-european-parliament-of-interference\"><span class=\"raven-post-button-text\">Read More<\/span><\/a>\n\t\t<\/div>\n\t\t\t\t\t\t<\/div>\n\t\t\t<\/div>\n\t\t<\/div>\n\t\t\t\t<div class=\"raven-grid-item raven-post-item post-84268 post type-post status-publish format-standard has-post-thumbnail hentry category-news tag-de tag-echr-de tag-european-court-of-human-rights tag-religious-freedom-de tag-turkey-de\">\n\t\t\t<div class=\"raven-post\">\n\t\t\t\t\t\t\t\t<div class=\"raven-post-content\">\n\t\t\t\t\t\t\t<div class=\"raven-post-meta\"><a class=\"raven-post-meta-item raven-post-date\" href=\"https:\/\/adfinternational.org\/de\/2026\/02\" rel=\"bookmark\">Februar 5, 2026<\/a><\/div>\n\t\t<h3 class=\"raven-post-title\"><a class=\"raven-post-title-link\" href=\"https:\/\/adfinternational.org\/de\/news\/europaeische-gerichtshof-einreiseverbote-christen-tuerkei\">Der Europ\u00e4ische Gerichtshof befasst sich mit Einreiseverbote gegen Christen in die T\u00fcrkei<\/a><\/h3>\t\t<div class=\"raven-post-read-more\">\n\t\t\t<a class=\"raven-post-button\" href=\"https:\/\/adfinternational.org\/de\/news\/europaeische-gerichtshof-einreiseverbote-christen-tuerkei\"><span class=\"raven-post-button-text\">Read More<\/span><\/a>\n\t\t<\/div>\n\t\t\t\t\t\t<\/div>\n\t\t\t<\/div>\n\t\t<\/div>\n\t\t\t\t<div class=\"raven-grid-item raven-post-item post-55650 post type-post status-publish format-standard has-post-thumbnail hentry category-news tag-christian-persecution tag-david-byle tag-freedom-of-religion tag-kelsey-zorzi tag-persecution tag-religious-freedom tag-turkey tag-turkiye\">\n\t\t\t<div class=\"raven-post\">\n\t\t\t\t\t\t\t\t<div class=\"raven-post-content\">\n\t\t\t\t\t\t\t<div class=\"raven-post-meta\"><a class=\"raven-post-meta-item raven-post-date\" href=\"https:\/\/adfinternational.org\/de\/2024\/07\" rel=\"bookmark\">Juli 12, 2024<\/a><\/div>\n\t\t<h3 class=\"raven-post-title\"><a class=\"raven-post-title-link\" href=\"https:\/\/adfinternational.org\/news\/diyarbakir-christians\">Turkish Authorities Crack Down on Christianity; Deny Church Land for Worship Space<\/a><\/h3>\t\t<div class=\"raven-post-read-more\">\n\t\t\t<a class=\"raven-post-button\" href=\"https:\/\/adfinternational.org\/news\/diyarbakir-christians\"><span class=\"raven-post-button-text\">Read More<\/span><\/a>\n\t\t<\/div>\n\t\t\t\t\t\t<\/div>\n\t\t\t<\/div>\n\t\t<\/div>\n\t\t\t\t<div class=\"raven-grid-item raven-post-item post-16597 post type-post status-publish format-standard has-post-thumbnail hentry category-news tag-echr tag-europe tag-european-court-of-human-rights tag-lidia-rieder tag-rachel-zalma tag-religious-freedom tag-turkey tag-turkiye\">\n\t\t\t<div class=\"raven-post\">\n\t\t\t\t\t\t\t\t<div class=\"raven-post-content\">\n\t\t\t\t\t\t\t<div class=\"raven-post-meta\"><a class=\"raven-post-meta-item raven-post-date\" href=\"https:\/\/adfinternational.org\/de\/2023\/04\" rel=\"bookmark\">April 28, 2023<\/a><\/div>\n\t\t<h3 class=\"raven-post-title\"><a class=\"raven-post-title-link\" href=\"https:\/\/adfinternational.org\/news\/christian-banned-from-turkiye-brings-case-before-european-court-of-human-rights\">Christian banned from T\u00fcrkiye brings case before European Court of Human Rights<\/a><\/h3>\t\t<div class=\"raven-post-read-more\">\n\t\t\t<a class=\"raven-post-button\" href=\"https:\/\/adfinternational.org\/news\/christian-banned-from-turkiye-brings-case-before-european-court-of-human-rights\"><span class=\"raven-post-button-text\">Read More<\/span><\/a>\n\t\t<\/div>\n\t\t\t\t\t\t<\/div>\n\t\t\t<\/div>\n\t\t<\/div>\n\t\t\t\t<div class=\"raven-grid-item raven-post-item post-12867 post type-post status-publish format-standard has-post-thumbnail hentry category-news tag-europe tag-european-parliament tag-religious-freedom tag-turkey\">\n\t\t\t<div class=\"raven-post\">\n\t\t\t\t\t\t\t\t<div class=\"raven-post-content\">\n\t\t\t\t\t\t\t<div class=\"raven-post-meta\"><a class=\"raven-post-meta-item raven-post-date\" href=\"https:\/\/adfinternational.org\/de\/2022\/10\" rel=\"bookmark\">Oktober 13, 2022<\/a><\/div>\n\t\t<h3 class=\"raven-post-title\"><a class=\"raven-post-title-link\" href=\"https:\/\/adfinternational.org\/news\/demise-of-democracy\">\u201cThe demise of democracy\u201d: Victims of Turkish religious oppression speak out<\/a><\/h3>\t\t<div class=\"raven-post-read-more\">\n\t\t\t<a class=\"raven-post-button\" href=\"https:\/\/adfinternational.org\/news\/demise-of-democracy\"><span class=\"raven-post-button-text\">Read More<\/span><\/a>\n\t\t<\/div>\n\t\t\t\t\t\t<\/div>\n\t\t\t<\/div>\n\t\t<\/div>\n\t\t\t\t<div class=\"raven-grid-item raven-post-item post-10499 post type-post status-publish format-standard has-post-thumbnail hentry category-news tag-europe tag-european-parliament tag-religious-freedom tag-turkey\">\n\t\t\t<div class=\"raven-post\">\n\t\t\t\t\t\t\t\t<div class=\"raven-post-content\">\n\t\t\t\t\t\t\t<div class=\"raven-post-meta\"><a class=\"raven-post-meta-item raven-post-date\" href=\"https:\/\/adfinternational.org\/de\/2022\/10\" rel=\"bookmark\">Oktober 11, 2022<\/a><\/div>\n\t\t<h3 class=\"raven-post-title\"><a class=\"raven-post-title-link\" href=\"https:\/\/adfinternational.org\/news\/aviso-religious-freedom-eu\">AVISO: Freedom of Religion in T\u00fcrkiye &#8211; A focus on Christian minorities<\/a><\/h3>\t\t<div class=\"raven-post-read-more\">\n\t\t\t<a class=\"raven-post-button\" href=\"https:\/\/adfinternational.org\/news\/aviso-religious-freedom-eu\"><span class=\"raven-post-button-text\">Read More<\/span><\/a>\n\t\t<\/div>\n\t\t\t\t\t\t<\/div>\n\t\t\t<\/div>\n\t\t<\/div>\n\t\t\t\t<div class=\"raven-grid-item raven-post-item post-1323 post type-post status-publish format-standard has-post-thumbnail hentry category-commentary tag-christian-persecution tag-free-speech tag-religious-freedom tag-sofia-horder tag-turkey\">\n\t\t\t<div class=\"raven-post\">\n\t\t\t\t\t\t\t\t<div class=\"raven-post-content\">\n\t\t\t\t\t\t\t<div class=\"raven-post-meta\"><a class=\"raven-post-meta-item raven-post-date\" href=\"https:\/\/adfinternational.org\/de\/2021\/08\" rel=\"bookmark\">August 3, 2021<\/a><\/div>\n\t\t<h3 class=\"raven-post-title\"><a class=\"raven-post-title-link\" href=\"https:\/\/adfinternational.org\/commentary\/in-turkey-christians-are-being-persecuted-just-for-preaching\">In Turkey, Christians are being persecuted just for preaching<\/a><\/h3>\t\t<div class=\"raven-post-read-more\">\n\t\t\t<a class=\"raven-post-button\" href=\"https:\/\/adfinternational.org\/commentary\/in-turkey-christians-are-being-persecuted-just-for-preaching\"><span class=\"raven-post-button-text\">Read More<\/span><\/a>\n\t\t<\/div>\n\t\t\t\t\t\t<\/div>\n\t\t\t<\/div>\n\t\t<\/div>\n\t\t\t\t<div class=\"raven-grid-item raven-post-item post-896 post type-post status-publish format-standard has-post-thumbnail hentry category-news tag-david-byle tag-echr tag-lidia-rieder tag-religious-freedom tag-robert-clarke tag-turkey\">\n\t\t\t<div class=\"raven-post\">\n\t\t\t\t\t\t\t\t<div class=\"raven-post-content\">\n\t\t\t\t\t\t\t<div class=\"raven-post-meta\"><a class=\"raven-post-meta-item raven-post-date\" href=\"https:\/\/adfinternational.org\/de\/2021\/01\" rel=\"bookmark\">Januar 21, 2021<\/a><\/div>\n\t\t<h3 class=\"raven-post-title\"><a class=\"raven-post-title-link\" href=\"https:\/\/adfinternational.org\/news\/missionary-forced-to-leave-home-in-turkey-for-preaching\">Missionary forced to leave home in Turkey for preaching<\/a><\/h3>\t\t<div class=\"raven-post-read-more\">\n\t\t\t<a class=\"raven-post-button\" href=\"https:\/\/adfinternational.org\/news\/missionary-forced-to-leave-home-in-turkey-for-preaching\"><span class=\"raven-post-button-text\">Read More<\/span><\/a>\n\t\t<\/div>\n\t\t\t\t\t\t<\/div>\n\t\t\t<\/div>\n\t\t<\/div>\n\t\t\t\t<\/div>\n\t\t\t\t\t\t<\/div>\n\t\t\t\t<\/div>\n\t\t\t\t\t<\/div>\n\t\t<\/div>\n\t\t\t\t\t<\/div>\n\t\t<\/section>\n\t\t\t\t<section class=\"elementor-section elementor-top-section elementor-element elementor-element-2646095 elementor-section-stretched elementor-section-boxed elementor-section-height-default elementor-section-height-default\" data-id=\"2646095\" data-element_type=\"section\" data-e-type=\"section\" data-settings=\"{&quot;stretch_section&quot;:&quot;section-stretched&quot;,&quot;background_background&quot;:&quot;classic&quot;}\">\n\t\t\t\t\t\t<div class=\"elementor-container elementor-column-gap-no\">\n\t\t\t\t\t<div class=\"elementor-column elementor-col-100 elementor-top-column elementor-element elementor-element-1bfa133\" data-id=\"1bfa133\" data-element_type=\"column\" data-e-type=\"column\">\n\t\t\t<div class=\"elementor-widget-wrap elementor-element-populated\">\n\t\t\t\t\t\t<section class=\"elementor-section elementor-inner-section elementor-element elementor-element-f31aedb elementor-section-boxed elementor-section-height-default elementor-section-height-default\" data-id=\"f31aedb\" data-element_type=\"section\" data-e-type=\"section\">\n\t\t\t\t\t\t<div class=\"elementor-container elementor-column-gap-default\">\n\t\t\t\t\t<div class=\"elementor-column elementor-col-33 elementor-inner-column elementor-element elementor-element-feac7f2\" data-id=\"feac7f2\" data-element_type=\"column\" data-e-type=\"column\">\n\t\t\t<div class=\"elementor-widget-wrap\">\n\t\t\t\t\t\t\t<\/div>\n\t\t<\/div>\n\t\t\t\t<div class=\"elementor-column elementor-col-33 elementor-inner-column elementor-element elementor-element-7af938e\" data-id=\"7af938e\" data-element_type=\"column\" data-e-type=\"column\">\n\t\t\t<div class=\"elementor-widget-wrap elementor-element-populated\">\n\t\t\t\t\t\t<div class=\"elementor-element elementor-element-883f481 elementor-widget elementor-widget-text-editor\" data-id=\"883f481\" data-element_type=\"widget\" data-e-type=\"widget\" data-widget_type=\"text-editor.default\">\n\t\t\t\t<div class=\"elementor-widget-container\">\n\t\t\t\t\t\t\t\t\t<p>Religionsfreiheit unterst\u00fctzen<\/p>\t\t\t\t\t\t\t\t<\/div>\n\t\t\t\t<\/div>\n\t\t\t\t<div class=\"elementor-element elementor-element-338295e elementor-widget elementor-widget-text-editor\" data-id=\"338295e\" data-element_type=\"widget\" data-e-type=\"widget\" data-widget_type=\"text-editor.default\">\n\t\t\t\t<div class=\"elementor-widget-container\">\n\t\t\t\t\t\t\t\t\t<p>Ihre Spende kann grundlegende Freiheiten f\u00fcr mutige Menschen wie sie auf der ganzen Welt unterst\u00fctzen. Vielen Dank f\u00fcr Ihre Gro\u00dfz\u00fcgigkeit.<\/p>\t\t\t\t\t\t\t\t<\/div>\n\t\t\t\t<\/div>\n\t\t\t\t\t<\/div>\n\t\t<\/div>\n\t\t\t\t<div class=\"elementor-column elementor-col-33 elementor-inner-column elementor-element elementor-element-ebfe673\" data-id=\"ebfe673\" data-element_type=\"column\" data-e-type=\"column\">\n\t\t\t<div class=\"elementor-widget-wrap\">\n\t\t\t\t\t\t\t<\/div>\n\t\t<\/div>\n\t\t\t\t\t<\/div>\n\t\t<\/section>\n\t\t\t\t<section class=\"elementor-section elementor-inner-section elementor-element elementor-element-51bdfc8 elementor-section-boxed elementor-section-height-default elementor-section-height-default\" data-id=\"51bdfc8\" data-element_type=\"section\" data-e-type=\"section\">\n\t\t\t\t\t\t<div class=\"elementor-container elementor-column-gap-default\">\n\t\t\t\t\t<div class=\"elementor-column elementor-col-100 elementor-inner-column elementor-element elementor-element-5ed61dc\" data-id=\"5ed61dc\" data-element_type=\"column\" data-e-type=\"column\">\n\t\t\t<div class=\"elementor-widget-wrap elementor-element-populated\">\n\t\t\t\t\t\t<div class=\"jet-popup-target elementor-element elementor-element-cf31fb8 elementor-align-center elementor-widget elementor-widget-raven-button\" data-jet-popup=\"{&quot;attached-popup&quot;:&quot;jet-popup-17275&quot;,&quot;trigger-type&quot;:&quot;click&quot;,&quot;trigger-custom-selector&quot;:&quot;&quot;,&quot;loop-dynamic-popup&quot;:false,&quot;is-jet-engine&quot;:true}\" data-id=\"cf31fb8\" data-element_type=\"widget\" data-e-type=\"widget\" data-settings=\"{&quot;turn_to_popup_action_button&quot;:&quot;no&quot;}\" data-widget_type=\"raven-button.default\">\n\t\t\t\t<div class=\"elementor-widget-container\">\n\t\t\t\t\t\t\t<div class=\"raven-widget-wrapper\">\n\t\t\t<a class=\"raven-button raven-button-widget-normal-effect-none  raven-button-text-align-center raven-button-link elementor-animation-none\" href=\"\/de\/spenden\">\t\t\t\t<div class=\"raven-button-overlay\" ><\/div>\n\t\t\t\t<span class=\"raven-button-content\">\n\t\t\t\t\t\n\t\t\t\t\t<div class=\"button-text-container\">\n\t\t\t\t\t\t\t\t\t\t\t\t<div class=\"raven-button-texts-wrapper\">\n\t\t\t\t\t\t\t<div class=\"button-text\">\n\t\t\t\t\t\t\t\t<span class=\"raven-button-text\">\n\t\t\t\t\t\t\t\t\tSpenden\t\t\t\t\t\t\t\t<\/span>\n\t\t\t\t\t\t\t<\/div>\n\t\t\t\t\t\t\t\t\t\t\t\t\t<\/div>\n\t\t\t\t\t\t\t\t\t\t\t<\/div>\n\t\t\t\t\t\n\t\t\t\t\t\t\t\t\t<\/span>\n\t\t\t<\/a>\t\t<\/div>\n\t\t\t\t\t\t<\/div>\n\t\t\t\t<\/div>\n\t\t\t\t\t<\/div>\n\t\t<\/div>\n\t\t\t\t\t<\/div>\n\t\t<\/section>\n\t\t\t\t\t<\/div>\n\t\t<\/div>\n\t\t\t\t\t<\/div>\n\t\t<\/section>\n\t\t\t\t<section class=\"elementor-section elementor-top-section elementor-element elementor-element-e4262e3 elementor-section-stretched elementor-section-boxed elementor-section-height-default elementor-section-height-default\" data-id=\"e4262e3\" data-element_type=\"section\" data-e-type=\"section\" data-settings=\"{&quot;stretch_section&quot;:&quot;section-stretched&quot;,&quot;background_background&quot;:&quot;classic&quot;}\">\n\t\t\t\t\t\t\t<div class=\"elementor-background-overlay\"><\/div>\n\t\t\t\t\t\t\t<div class=\"elementor-container elementor-column-gap-default\">\n\t\t\t\t\t<div class=\"elementor-column elementor-col-100 elementor-top-column elementor-element elementor-element-4938809\" data-id=\"4938809\" data-element_type=\"column\" data-e-type=\"column\">\n\t\t\t<div class=\"elementor-widget-wrap elementor-element-populated\">\n\t\t\t\t\t\t<div class=\"elementor-element elementor-element-f02660e elementor-widget elementor-widget-text-editor\" data-id=\"f02660e\" data-element_type=\"widget\" data-e-type=\"widget\" data-widget_type=\"text-editor.default\">\n\t\t\t\t<div class=\"elementor-widget-container\">\n\t\t\t\t\t\t\t\t\t<p>Bleiben Sie informiert<\/p>\t\t\t\t\t\t\t\t<\/div>\n\t\t\t\t<\/div>\n\t\t\t\t<div class=\"elementor-element elementor-element-8f91462 elementor-widget elementor-widget-menu-anchor\" data-id=\"8f91462\" data-element_type=\"widget\" data-e-type=\"widget\" data-widget_type=\"menu-anchor.default\">\n\t\t\t\t<div class=\"elementor-widget-container\">\n\t\t\t\t\t\t\t<div class=\"elementor-menu-anchor\" id=\"sign-up\"><\/div>\n\t\t\t\t\t\t<\/div>\n\t\t\t\t<\/div>\n\t\t\t\t<div class=\"elementor-element elementor-element-be34254 elementor-widget elementor-widget-text-editor\" data-id=\"be34254\" data-element_type=\"widget\" data-e-type=\"widget\" data-settings=\"{&quot;motion_fx_motion_fx_scrolling&quot;:&quot;yes&quot;,&quot;motion_fx_opacity_effect&quot;:&quot;yes&quot;,&quot;motion_fx_opacity_level&quot;:{&quot;unit&quot;:&quot;px&quot;,&quot;size&quot;:5.5,&quot;sizes&quot;:[]},&quot;motion_fx_opacity_direction&quot;:&quot;out-in&quot;,&quot;motion_fx_opacity_range&quot;:{&quot;unit&quot;:&quot;%&quot;,&quot;size&quot;:&quot;&quot;,&quot;sizes&quot;:{&quot;start&quot;:20,&quot;end&quot;:80}},&quot;motion_fx_devices&quot;:[&quot;desktop&quot;,&quot;tablet&quot;,&quot;mobile&quot;]}\" data-widget_type=\"text-editor.default\">\n\t\t\t\t<div class=\"elementor-widget-container\">\n\t\t\t\t\t\t\t\t\t<p>Melden Sie sich f\u00fcr unseren Newsletter an<\/p>\t\t\t\t\t\t\t\t<\/div>\n\t\t\t\t<\/div>\n\t\t\t\t<section class=\"elementor-section elementor-inner-section elementor-element elementor-element-011b635 elementor-section-boxed elementor-section-height-default elementor-section-height-default\" data-id=\"011b635\" data-element_type=\"section\" data-e-type=\"section\">\n\t\t\t\t\t\t<div class=\"elementor-container elementor-column-gap-default\">\n\t\t\t\t\t<div class=\"elementor-column elementor-col-33 elementor-inner-column elementor-element elementor-element-4d37d21\" data-id=\"4d37d21\" data-element_type=\"column\" data-e-type=\"column\">\n\t\t\t<div class=\"elementor-widget-wrap\">\n\t\t\t\t\t\t\t<\/div>\n\t\t<\/div>\n\t\t\t\t<div class=\"elementor-column elementor-col-33 elementor-inner-column elementor-element elementor-element-14455da\" data-id=\"14455da\" data-element_type=\"column\" data-e-type=\"column\">\n\t\t\t<div class=\"elementor-widget-wrap elementor-element-populated\">\n\t\t\t\t\t\t<div class=\"elementor-element elementor-element-ad897e6 elementor-widget elementor-widget-shortcode\" data-id=\"ad897e6\" data-element_type=\"widget\" data-e-type=\"widget\" data-widget_type=\"shortcode.default\">\n\t\t\t\t<div class=\"elementor-widget-container\">\n\t\t\t\t\t\t\t<div class=\"elementor-shortcode\"><script type=\"text\/javascript\">\n\/* <![CDATA[ *\/\nvar gform;gform||(document.addEventListener(\"gform_main_scripts_loaded\",function(){gform.scriptsLoaded=!0}),document.addEventListener(\"gform\/theme\/scripts_loaded\",function(){gform.themeScriptsLoaded=!0}),window.addEventListener(\"DOMContentLoaded\",function(){gform.domLoaded=!0}),gform={domLoaded:!1,scriptsLoaded:!1,themeScriptsLoaded:!1,isFormEditor:()=>\"function\"==typeof InitializeEditor,callIfLoaded:function(o){return!(!gform.domLoaded||!gform.scriptsLoaded||!gform.themeScriptsLoaded&&!gform.isFormEditor()||(gform.isFormEditor()&&console.warn(\"The use of gform.initializeOnLoaded() is deprecated in the form editor context and will be removed in Gravity Forms 3.1.\"),o(),0))},initializeOnLoaded:function(o){gform.callIfLoaded(o)||(document.addEventListener(\"gform_main_scripts_loaded\",()=>{gform.scriptsLoaded=!0,gform.callIfLoaded(o)}),document.addEventListener(\"gform\/theme\/scripts_loaded\",()=>{gform.themeScriptsLoaded=!0,gform.callIfLoaded(o)}),window.addEventListener(\"DOMContentLoaded\",()=>{gform.domLoaded=!0,gform.callIfLoaded(o)}))},hooks:{action:{},filter:{}},addAction:function(o,r,e,t){gform.addHook(\"action\",o,r,e,t)},addFilter:function(o,r,e,t){gform.addHook(\"filter\",o,r,e,t)},doAction:function(o){gform.doHook(\"action\",o,arguments)},applyFilters:function(o){return gform.doHook(\"filter\",o,arguments)},removeAction:function(o,r){gform.removeHook(\"action\",o,r)},removeFilter:function(o,r,e){gform.removeHook(\"filter\",o,r,e)},addHook:function(o,r,e,t,n){null==gform.hooks[o][r]&&(gform.hooks[o][r]=[]);var d=gform.hooks[o][r];null==n&&(n=r+\"_\"+d.length),gform.hooks[o][r].push({tag:n,callable:e,priority:t=null==t?10:t})},doHook:function(r,o,e){var t;if(e=Array.prototype.slice.call(e,1),null!=gform.hooks[r][o]&&((o=gform.hooks[r][o]).sort(function(o,r){return o.priority-r.priority}),o.forEach(function(o){\"function\"!=typeof(t=o.callable)&&(t=window[t]),\"action\"==r?t.apply(null,e):e[0]=t.apply(null,e)})),\"filter\"==r)return e[0]},removeHook:function(o,r,t,n){var e;null!=gform.hooks[o][r]&&(e=(e=gform.hooks[o][r]).filter(function(o,r,e){return!!(null!=n&&n!=o.tag||null!=t&&t!=o.priority)}),gform.hooks[o][r]=e)}});\n\/* ]]> *\/\n<\/script>\n\n                <div class='gf_browser_gecko gform_wrapper gform-theme gform-theme--foundation gform-theme--framework gform-theme--orbital' data-form-theme='orbital' data-form-index='0' id='gform_wrapper_30' ><style>#gform_wrapper_30[data-form-index=\"0\"].gform-theme,[data-parent-form=\"30_0\"]{--gf-color-primary: #204ce5;--gf-color-primary-rgb: 32, 76, 229;--gf-color-primary-contrast: #fff;--gf-color-primary-contrast-rgb: 255, 255, 255;--gf-color-primary-darker: #001AB3;--gf-color-primary-lighter: #527EFF;--gf-color-secondary: #fff;--gf-color-secondary-rgb: 255, 255, 255;--gf-color-secondary-contrast: #112337;--gf-color-secondary-contrast-rgb: 17, 35, 55;--gf-color-secondary-darker: #F5F5F5;--gf-color-secondary-lighter: #FFFFFF;--gf-color-out-ctrl-light: rgba(17, 35, 55, 0.1);--gf-color-out-ctrl-light-rgb: 17, 35, 55;--gf-color-out-ctrl-light-darker: rgba(104, 110, 119, 0.35);--gf-color-out-ctrl-light-lighter: #F5F5F5;--gf-color-out-ctrl-dark: #585e6a;--gf-color-out-ctrl-dark-rgb: 88, 94, 106;--gf-color-out-ctrl-dark-darker: #112337;--gf-color-out-ctrl-dark-lighter: rgba(17, 35, 55, 0.65);--gf-color-in-ctrl: #fff;--gf-color-in-ctrl-rgb: 255, 255, 255;--gf-color-in-ctrl-contrast: #112337;--gf-color-in-ctrl-contrast-rgb: 17, 35, 55;--gf-color-in-ctrl-darker: #F5F5F5;--gf-color-in-ctrl-lighter: #FFFFFF;--gf-color-in-ctrl-primary: #204ce5;--gf-color-in-ctrl-primary-rgb: 32, 76, 229;--gf-color-in-ctrl-primary-contrast: #fff;--gf-color-in-ctrl-primary-contrast-rgb: 255, 255, 255;--gf-color-in-ctrl-primary-darker: #001AB3;--gf-color-in-ctrl-primary-lighter: #527EFF;--gf-color-in-ctrl-light: rgba(17, 35, 55, 0.1);--gf-color-in-ctrl-light-rgb: 17, 35, 55;--gf-color-in-ctrl-light-darker: rgba(104, 110, 119, 0.35);--gf-color-in-ctrl-light-lighter: #F5F5F5;--gf-color-in-ctrl-dark: #585e6a;--gf-color-in-ctrl-dark-rgb: 88, 94, 106;--gf-color-in-ctrl-dark-darker: #112337;--gf-color-in-ctrl-dark-lighter: rgba(17, 35, 55, 0.65);--gf-radius: 3px;--gf-font-size-secondary: 14px;--gf-font-size-tertiary: 13px;--gf-icon-ctrl-number: url(\"data:image\/svg+xml,%3Csvg width='8' height='14' viewBox='0 0 8 14' fill='none' xmlns='http:\/\/www.w3.org\/2000\/svg'%3E%3Cpath fill-rule='evenodd' clip-rule='evenodd' d='M4 0C4.26522 5.96046e-08 4.51957 0.105357 4.70711 0.292893L7.70711 3.29289C8.09763 3.68342 8.09763 4.31658 7.70711 4.70711C7.31658 5.09763 6.68342 5.09763 6.29289 4.70711L4 2.41421L1.70711 4.70711C1.31658 5.09763 0.683417 5.09763 0.292893 4.70711C-0.0976311 4.31658 -0.097631 3.68342 0.292893 3.29289L3.29289 0.292893C3.48043 0.105357 3.73478 0 4 0ZM0.292893 9.29289C0.683417 8.90237 1.31658 8.90237 1.70711 9.29289L4 11.5858L6.29289 9.29289C6.68342 8.90237 7.31658 8.90237 7.70711 9.29289C8.09763 9.68342 8.09763 10.3166 7.70711 10.7071L4.70711 13.7071C4.31658 14.0976 3.68342 14.0976 3.29289 13.7071L0.292893 10.7071C-0.0976311 10.3166 -0.0976311 9.68342 0.292893 9.29289Z' fill='rgba(17, 35, 55, 0.65)'\/%3E%3C\/svg%3E\");--gf-icon-ctrl-select: url(\"data:image\/svg+xml,%3Csvg width='10' height='6' viewBox='0 0 10 6' fill='none' xmlns='http:\/\/www.w3.org\/2000\/svg'%3E%3Cpath fill-rule='evenodd' clip-rule='evenodd' d='M0.292893 0.292893C0.683417 -0.097631 1.31658 -0.097631 1.70711 0.292893L5 3.58579L8.29289 0.292893C8.68342 -0.0976311 9.31658 -0.0976311 9.70711 0.292893C10.0976 0.683417 10.0976 1.31658 9.70711 1.70711L5.70711 5.70711C5.31658 6.09763 4.68342 6.09763 4.29289 5.70711L0.292893 1.70711C-0.0976311 1.31658 -0.0976311 0.683418 0.292893 0.292893Z' fill='rgba(17, 35, 55, 0.65)'\/%3E%3C\/svg%3E\");--gf-icon-ctrl-search: url(\"data:image\/svg+xml,%3Csvg width='640' height='640' xmlns='http:\/\/www.w3.org\/2000\/svg'%3E%3Cpath d='M256 128c-70.692 0-128 57.308-128 128 0 70.691 57.308 128 128 128 70.691 0 128-57.309 128-128 0-70.692-57.309-128-128-128zM64 256c0-106.039 85.961-192 192-192s192 85.961 192 192c0 41.466-13.146 79.863-35.498 111.248l154.125 154.125c12.496 12.496 12.496 32.758 0 45.254s-32.758 12.496-45.254 0L367.248 412.502C335.862 434.854 297.467 448 256 448c-106.039 0-192-85.962-192-192z' fill='rgba(17, 35, 55, 0.65)'\/%3E%3C\/svg%3E\");--gf-label-space-y-secondary: var(--gf-label-space-y-md-secondary);--gf-ctrl-border-color: #686e77;--gf-ctrl-size: var(--gf-ctrl-size-md);--gf-ctrl-label-color-primary: #112337;--gf-ctrl-label-color-secondary: #112337;--gf-ctrl-choice-size: var(--gf-ctrl-choice-size-md);--gf-ctrl-checkbox-check-size: var(--gf-ctrl-checkbox-check-size-md);--gf-ctrl-radio-check-size: var(--gf-ctrl-radio-check-size-md);--gf-ctrl-btn-font-size: var(--gf-ctrl-btn-font-size-md);--gf-ctrl-btn-padding-x: var(--gf-ctrl-btn-padding-x-md);--gf-ctrl-btn-size: var(--gf-ctrl-btn-size-md);--gf-ctrl-btn-border-color-secondary: #686e77;--gf-ctrl-file-btn-bg-color-hover: #EBEBEB;--gf-field-img-choice-size: var(--gf-field-img-choice-size-md);--gf-field-img-choice-card-space: var(--gf-field-img-choice-card-space-md);--gf-field-img-choice-check-ind-size: var(--gf-field-img-choice-check-ind-size-md);--gf-field-img-choice-check-ind-icon-size: var(--gf-field-img-choice-check-ind-icon-size-md);--gf-field-pg-steps-number-color: rgba(17, 35, 55, 0.8);}<\/style>\n                        <div class='gform_heading'>\n                            <p class='gform_description'><\/p>\n\t\t\t\t\t\t\t<p class='gform_required_legend'>\u201e<span class=\"gfield_required gfield_required_asterisk\">*<\/span>\u201c zeigt erforderliche Felder an<\/p>\n                        <\/div><form method='post' enctype='multipart\/form-data'  id='gform_30'  action='\/de\/wp-json\/wp\/v2\/portfolio\/87069' data-formid='30' novalidate>\n                        <div class='gform-body gform_body'><div id='gform_fields_30' class='gform_fields top_label form_sublabel_below description_below validation_below'><div id=\"field_30_8\" class=\"gfield gfield--type-honeypot gform_validation_container field_sublabel_below gfield--has-description field_description_below field_validation_below gfield_visibility_visible\"  ><label class='gfield_label gform-field-label' for='input_30_8'>Company<\/label><div class='ginput_container'><input name='input_8' id='input_30_8' type='text' value='' autocomplete='new-password'\/><\/div><div class='gfield_description' id='gfield_description_30_8'>Dieses Feld dient zur Validierung und sollte nicht ver\u00e4ndert werden.<\/div><\/div><fieldset id=\"field_30_1\" class=\"gfield gfield--type-name gfield--input-type-name gfield_contains_required field_sublabel_hidden_label gfield--no-description field_description_below hidden_label field_validation_below gfield_visibility_visible\"  ><legend class='gfield_label gform-field-label gfield_label_before_complex' >Name<span class=\"gfield_required\"><span class=\"gfield_required gfield_required_asterisk\">*<\/span><\/span><\/legend><div class='ginput_complex ginput_container ginput_container--name no_prefix has_first_name no_middle_name has_last_name no_suffix gf_name_has_2 ginput_container_name gform-grid-row' id='input_30_1'>\n                            \n                            <span id='input_30_1_3_container' class='name_first gform-grid-col gform-grid-col--size-auto' >\n                                                    <input type='text' name='input_1.3' id='input_30_1_3' value=''   aria-required='true'   placeholder='Vorname'  \/>\n                                                    <label for='input_30_1_3' class='gform-field-label gform-field-label--type-sub hidden_sub_label screen-reader-text'>Vorname<\/label>\n                                                <\/span>\n                            \n                            <span id='input_30_1_6_container' class='name_last gform-grid-col gform-grid-col--size-auto' >\n                                                    <input type='text' name='input_1.6' id='input_30_1_6' value=''   aria-required='true'   placeholder='Nachname'  \/>\n                                                    <label for='input_30_1_6' class='gform-field-label gform-field-label--type-sub hidden_sub_label screen-reader-text'>Nachname<\/label>\n                                                <\/span>\n                            \n                        <\/div><\/fieldset><div id=\"field_30_6\" class=\"gfield gfield--type-email gfield--input-type-email gfield--width-full field_sublabel_below gfield--no-description field_description_below hidden_label field_validation_below gfield_visibility_visible\"  ><label class='gfield_label gform-field-label' for='input_30_6'>Email<\/label><div class='ginput_container ginput_container_email'>\n                            <input name='input_6' id='input_30_6' type='email' value='' class='large'   placeholder='E-Mail'  aria-invalid=\"false\"  \/>\n                        <\/div><\/div><fieldset id=\"field_30_4\" class=\"gfield gfield--type-consent gfield--type-choice gfield--input-type-consent gfield--width-full gfield_contains_required field_sublabel_below gfield--no-description field_description_below hidden_label field_validation_below gfield_visibility_visible\"  ><legend class='gfield_label gform-field-label gfield_label_before_complex' >Zustimmung<span class=\"gfield_required\"><span class=\"gfield_required gfield_required_asterisk\">*<\/span><\/span><\/legend><div class='ginput_container ginput_container_consent'><input name='input_4.1' id='input_30_4_1' type='checkbox' value='1'   aria-required=\"true\" aria-invalid=\"false\"   \/> <label class=\"gform-field-label gform-field-label--type-inline gfield_consent_label\" for='input_30_4_1' >Ich stimme zu, dass ADF International die von mir angegebenen sowie weitere, auf der Grundlage meiner Nutzung dieses Online-Angebots ermittelte personenbezogene Daten verarbeitet. \u00dcber die Details dieser Datenverarbeitungen konnte ich mich in der <a href=\"https:\/\/adfinternational.org\/de\/datenschutz\/\">Datenschutzrichtlinie<\/a> informieren, die ich hiermit akzeptiere. Meine Zustimmungserkl\u00e4rungen kann ich jederzeit widerrufen.<span class=\"gfield_required gfield_required_asterisk\">*<\/span><\/label><input type='hidden' name='input_4.2' value='Ich stimme zu, dass ADF International die von mir angegebenen sowie weitere, auf der Grundlage meiner Nutzung dieses Online-Angebots ermittelte personenbezogene Daten verarbeitet. \u00dcber die Details dieser Datenverarbeitungen konnte ich mich in der &lt;a href=&quot;https:\/\/adfinternational.org\/de\/datenschutz\/&quot;&gt;Datenschutzrichtlinie&lt;\/a&gt; informieren, die ich hiermit akzeptiere. Meine Zustimmungserkl\u00e4rungen kann ich jederzeit widerrufen.' class='gform_hidden' \/><input type='hidden' name='input_4.3' value='16' class='gform_hidden' \/><\/div><\/fieldset><div id=\"field_30_7\" class=\"gfield gfield--type-turnstile gfield--input-type-turnstile gfield--width-full field_sublabel_below gfield--no-description field_description_below field_validation_below gfield_visibility_visible\"  ><div class='ginput_container ginput_container_turnstile'><div class=\"cf-turnstile\" id=\"cf-turnstile_30\" data-js-turnstile data-response-field-name=\"cf-turnstile-response_30\" data-theme=\"light\" data-size=\"normal\" data-sitekey=\"0x4AAAAAAAOmxXFJUILAmYMs\"><\/div><\/div><\/div><\/div><\/div>\n        <div class='gform-footer gform_footer top_label'> <input type='submit' id='gform_submit_button_30' class='gform_button button' onclick='gform.submission.handleButtonClick(this);' data-submission-type='submit' value='Anmelden'  \/> \n            <input type='hidden' class='gform_hidden' name='gform_submission_method' data-js='gform_submission_method_30' value='postback' \/>\n            <input type='hidden' class='gform_hidden' name='gform_theme' data-js='gform_theme_30' id='gform_theme_30' value='orbital' \/>\n            <input type='hidden' class='gform_hidden' name='gform_style_settings' data-js='gform_style_settings_30' id='gform_style_settings_30' value='[]' \/>\n            <input type='hidden' class='gform_hidden' name='is_submit_30' value='1' \/>\n            <input type='hidden' class='gform_hidden' name='gform_submit' value='30' \/>\n            \n            <input type='hidden' class='gform_hidden' name='gform_currency' data-currency='EUR' value='W8MD\/1976cnapH2kzA91lbTmhvR1W2MjCHsqku45UR1MQl1Pg5HZ77kZmCm9xh3\/eQhJI2hvUV8dgRUvRclMqzdw67AVpNHk0WriytZCPxT51j4=' \/>\n            <input type='hidden' class='gform_hidden' name='gform_unique_id' value='' \/>\n            <input type='hidden' class='gform_hidden' name='state_30' value='WyJ7XCI0LjFcIjpcImYzZDViYTkwMTEyNzI5MDJlODMzNmU3ODhjMjMxNTI2XCIsXCI0LjJcIjpcImRiNzBmMWRlODNmMDUwODUxYTc1NTcxYzcyN2Q3ZDUzXCIsXCI0LjNcIjpcImFiZWQxYjZhZDVlOGRhMWQxZTJlNGYwMjliYjdlZjZmXCJ9IiwiMDY2YjMzNWFkZmEyZWNlZWI4ODU3Mjc3YjRhOTQ5YmYiXQ==' \/>\n            <input type='hidden' autocomplete='off' class='gform_hidden' name='gform_target_page_number_30' id='gform_target_page_number_30' value='0' \/>\n            <input type='hidden' autocomplete='off' class='gform_hidden' name='gform_source_page_number_30' id='gform_source_page_number_30' value='1' \/>\n            <input type='hidden' name='gform_field_values' value='' \/>\n            \n        <\/div>\n                        <\/form>\n                        <\/div><script type=\"text\/javascript\">\n\/* <![CDATA[ *\/\n gform.initializeOnLoaded( function() {gformInitSpinner( 30, 'https:\/\/adfinternational.org\/wp-content\/plugins\/gravityforms\/images\/spinner.svg', false );jQuery('#gform_ajax_frame_30').on('load',function(){var contents = jQuery(this).contents().find('*').html();var is_postback = contents.indexOf('GF_AJAX_POSTBACK') >= 0;if(!is_postback){return;}var form_content = jQuery(this).contents().find('#gform_wrapper_30');var is_confirmation = jQuery(this).contents().find('#gform_confirmation_wrapper_30').length > 0;var is_redirect = contents.indexOf('gformRedirect(){') >= 0;var is_form = form_content.length > 0 && ! is_redirect && ! is_confirmation;var mt = parseInt(jQuery('html').css('margin-top'), 10) + parseInt(jQuery('body').css('margin-top'), 10) + 100;if(is_form){jQuery('#gform_wrapper_30').html(form_content.html());if(form_content.hasClass('gform_validation_error')){jQuery('#gform_wrapper_30').addClass('gform_validation_error');} else {jQuery('#gform_wrapper_30').removeClass('gform_validation_error');}setTimeout( function() { \/* delay the scroll by 50 milliseconds to fix a bug in chrome *\/  }, 50 );if(window['gformInitDatepicker']) {gformInitDatepicker();}if(window['gformInitPriceFields']) {gformInitPriceFields();}var current_page = jQuery('#gform_source_page_number_30').val();gformInitSpinner( 30, 'https:\/\/adfinternational.org\/wp-content\/plugins\/gravityforms\/images\/spinner.svg', false );jQuery(document).trigger('gform_page_loaded', [30, current_page]);window['gf_submitting_30'] = false;}else if(!is_redirect){var confirmation_content = jQuery(this).contents().find('.GF_AJAX_POSTBACK').html();if(!confirmation_content){confirmation_content = contents;}jQuery('#gform_wrapper_30').replaceWith(confirmation_content);jQuery(document).trigger('gform_confirmation_loaded', [30]);window['gf_submitting_30'] = false;wp.a11y.speak(jQuery('#gform_confirmation_message_30').text());}else{jQuery('#gform_30').append(contents);if(window['gformRedirect']) {gformRedirect();}}jQuery(document).trigger(\"gform_pre_post_render\", [{ formId: \"30\", currentPage: \"current_page\", abort: function() { this.preventDefault(); } }]);        if (event && event.defaultPrevented) {                return;        }        const gformWrapperDiv = document.getElementById( \"gform_wrapper_30\" );        if ( gformWrapperDiv ) {            const visibilitySpan = document.createElement( \"span\" );            visibilitySpan.id = \"gform_visibility_test_30\";            gformWrapperDiv.insertAdjacentElement( \"afterend\", visibilitySpan );        }        const visibilityTestDiv = document.getElementById( \"gform_visibility_test_30\" );        let postRenderFired = false;        function triggerPostRender() {            if ( postRenderFired ) {                return;            }            postRenderFired = true;            gform.core.triggerPostRenderEvents( 30, current_page );            if ( visibilityTestDiv ) {                visibilityTestDiv.parentNode.removeChild( visibilityTestDiv );            }        }        function debounce( func, wait, immediate ) {            var timeout;            return function() {                var context = this, args = arguments;                var later = function() {                    timeout = null;                    if ( !immediate ) func.apply( context, args );                };                var callNow = immediate && !timeout;                clearTimeout( timeout );                timeout = setTimeout( later, wait );                if ( callNow ) func.apply( context, args );            };        }        const debouncedTriggerPostRender = debounce( function() {            triggerPostRender();        }, 200 );        if ( visibilityTestDiv && visibilityTestDiv.offsetParent === null ) {            const observer = new MutationObserver( ( mutations ) => {                mutations.forEach( ( mutation ) => {                    if ( mutation.type === 'attributes' && visibilityTestDiv.offsetParent !== null ) {                        debouncedTriggerPostRender();                        observer.disconnect();                    }                });            });            observer.observe( document.body, {                attributes: true,                childList: false,                subtree: true,                attributeFilter: [ 'style', 'class' ],            });        } else {            triggerPostRender();        }    } );} ); \n\/* ]]> *\/\n<\/script>\n<\/div>\n\t\t\t\t\t\t<\/div>\n\t\t\t\t<\/div>\n\t\t\t\t\t<\/div>\n\t\t<\/div>\n\t\t\t\t<div class=\"elementor-column elementor-col-33 elementor-inner-column elementor-element elementor-element-3790b03\" data-id=\"3790b03\" data-element_type=\"column\" data-e-type=\"column\">\n\t\t\t<div class=\"elementor-widget-wrap\">\n\t\t\t\t\t\t\t<\/div>\n\t\t<\/div>\n\t\t\t\t\t<\/div>\n\t\t<\/section>\n\t\t\t\t\t<\/div>\n\t\t<\/div>\n\t\t\t\t\t<\/div>\n\t\t<\/section>\n\t\t\t\t<\/div>\n\t\t","protected":false},"excerpt":{"rendered":"<p>The number of Christians in T\u00fcrkiye has diminished from 20 percent to 0.3 percent of the population in the last 100 years. An estimated 99% of the 83 million strong population identify as Muslim. Although T\u00fcrkiye does not have a constitutionally recognized state religion, its government is increasingly marked by Islamization and nationalism, which creates challenges for religious minorities, particularly Christians<\/p>\n","protected":false},"author":9,"featured_media":3383,"menu_order":0,"comment_status":"closed","ping_status":"closed","template":"","by_type":[],"issue":[850],"region":[857],"portfolio_category":[996],"portfolio_tag":[386,1387],"class_list":["post-87069","portfolio","type-portfolio","status-publish","has-post-thumbnail","hentry","issue-religious-freedom-de","region-europe-de","portfolio_category-faelle","portfolio_tag-europe-de","portfolio_tag-lidia-rieder-de"],"acf":[],"yoast_head":"<!-- This site is optimized with the Yoast SEO Premium plugin v27.5 (Yoast SEO v27.5) - https:\/\/yoast.com\/product\/yoast-seo-premium-wordpress\/ -->\n<title>Christen in der T\u00fcrkei mit Ausweisung und Verfolgung konfrontiert \u200b<\/title>\n<meta name=\"description\" content=\"Die Zahl der christlichen Bev\u00f6lkerung in der T\u00fcrkei ist in den vergangenen 100 Jahren von 20 Prozent auf 0,3 Prozent gesunken. Sch\u00e4tzungsweise bekennen sich 99 Prozent der rund 83 Millionen Einwohner zum Islam. Obwohl die T\u00fcrkei keine Staatsreligion hat, ist die Regierung zunehmend von Islamisierung und Nationalismus gepr\u00e4gt, was insbesondere f\u00fcr religi\u00f6se Minderheiten wie Christen erhebliche Herausforderungen mit sich bringt.\" \/>\n<meta name=\"robots\" content=\"index, follow, max-snippet:-1, max-image-preview:large, max-video-preview:-1\" \/>\n<link rel=\"canonical\" href=\"https:\/\/adfinternational.org\/de\/christen-tuerkei-ausweisung-verfolgung\" \/>\n<meta property=\"og:locale\" content=\"de_DE\" \/>\n<meta property=\"og:type\" content=\"article\" \/>\n<meta property=\"og:title\" content=\"Christen in der T\u00fcrkei mit Ausweisung und Verfolgung konfrontiert\u00a0 Christen in der T\u00fcrkei mit Ausweisung und Verfolgung konfrontiert \u200b\" \/>\n<meta property=\"og:description\" content=\"Die Zahl der christlichen Bev\u00f6lkerung in der T\u00fcrkei ist in den vergangenen 100 Jahren von 20 Prozent auf 0,3 Prozent gesunken. Sch\u00e4tzungsweise bekennen sich 99 Prozent der rund 83 Millionen Einwohner zum Islam. Obwohl die T\u00fcrkei keine Staatsreligion hat, ist die Regierung zunehmend von Islamisierung und Nationalismus gepr\u00e4gt, was insbesondere f\u00fcr religi\u00f6se Minderheiten wie Christen erhebliche Herausforderungen mit sich bringt.\" \/>\n<meta property=\"og:url\" content=\"https:\/\/adfinternational.org\/de\/christen-tuerkei-ausweisung-verfolgung\" \/>\n<meta property=\"og:site_name\" content=\"ADF International\" \/>\n<meta property=\"article:publisher\" content=\"https:\/\/facebook.com\/adfinternational\" \/>\n<meta property=\"article:modified_time\" content=\"2026-04-07T12:06:08+00:00\" \/>\n<meta property=\"og:image\" content=\"https:\/\/adfinternational.org\/wp-content\/uploads\/2021\/06\/David-Byle-scetch-board.jpg\" \/>\n\t<meta property=\"og:image:width\" content=\"1349\" \/>\n\t<meta property=\"og:image:height\" content=\"901\" \/>\n\t<meta property=\"og:image:type\" content=\"image\/jpeg\" \/>\n<meta name=\"twitter:card\" content=\"summary_large_image\" \/>\n<meta name=\"twitter:title\" content=\"Christen in der T\u00fcrkei mit Ausweisung und Verfolgung konfrontiert\u00a0 Christen in der T\u00fcrkei mit Ausweisung und Verfolgung konfrontiert \u200b\" \/>\n<meta name=\"twitter:description\" content=\"Die Zahl der christlichen Bev\u00f6lkerung in der T\u00fcrkei ist in den vergangenen 100 Jahren von 20 Prozent auf 0,3 Prozent gesunken. Sch\u00e4tzungsweise bekennen sich 99 Prozent der rund 83 Millionen Einwohner zum Islam. Obwohl die T\u00fcrkei keine Staatsreligion hat, ist die Regierung zunehmend von Islamisierung und Nationalismus gepr\u00e4gt, was insbesondere f\u00fcr religi\u00f6se Minderheiten wie Christen erhebliche Herausforderungen mit sich bringt.\" \/>\n<meta name=\"twitter:site\" content=\"@adfintl\" \/>\n<meta name=\"twitter:label1\" content=\"Gesch\u00e4tzte Lesezeit\" \/>\n\t<meta name=\"twitter:data1\" content=\"10 Minuten\" \/>\n<script type=\"application\/ld+json\" class=\"yoast-schema-graph\">{\"@context\":\"https:\\\/\\\/schema.org\",\"@graph\":[{\"@type\":\"WebPage\",\"@id\":\"https:\\\/\\\/adfinternational.org\\\/de\\\/christen-tuerkei-ausweisung-verfolgung\",\"url\":\"https:\\\/\\\/adfinternational.org\\\/de\\\/christen-tuerkei-ausweisung-verfolgung\",\"name\":\"Christen in der T\u00fcrkei mit Ausweisung und Verfolgung konfrontiert \u200b\",\"isPartOf\":{\"@id\":\"https:\\\/\\\/adfinternational.org\\\/de\\\/#website\"},\"primaryImageOfPage\":{\"@id\":\"https:\\\/\\\/adfinternational.org\\\/de\\\/christen-tuerkei-ausweisung-verfolgung#primaryimage\"},\"image\":{\"@id\":\"https:\\\/\\\/adfinternational.org\\\/de\\\/christen-tuerkei-ausweisung-verfolgung#primaryimage\"},\"thumbnailUrl\":\"https:\\\/\\\/adfinternational.org\\\/wp-content\\\/uploads\\\/2021\\\/06\\\/David-Byle-scetch-board.jpg\",\"datePublished\":\"2020-03-04T17:09:56+00:00\",\"dateModified\":\"2026-04-07T12:06:08+00:00\",\"description\":\"Die Zahl der christlichen Bev\u00f6lkerung in der T\u00fcrkei ist in den vergangenen 100 Jahren von 20 Prozent auf 0,3 Prozent gesunken. Sch\u00e4tzungsweise bekennen sich 99 Prozent der rund 83 Millionen Einwohner zum Islam. Obwohl die T\u00fcrkei keine Staatsreligion hat, ist die Regierung zunehmend von Islamisierung und Nationalismus gepr\u00e4gt, was insbesondere f\u00fcr religi\u00f6se Minderheiten wie Christen erhebliche Herausforderungen mit sich bringt.\",\"breadcrumb\":{\"@id\":\"https:\\\/\\\/adfinternational.org\\\/de\\\/christen-tuerkei-ausweisung-verfolgung#breadcrumb\"},\"inLanguage\":\"de-DE\",\"potentialAction\":[{\"@type\":\"ReadAction\",\"target\":[\"https:\\\/\\\/adfinternational.org\\\/de\\\/christen-tuerkei-ausweisung-verfolgung\"]}]},{\"@type\":\"ImageObject\",\"inLanguage\":\"de-DE\",\"@id\":\"https:\\\/\\\/adfinternational.org\\\/de\\\/christen-tuerkei-ausweisung-verfolgung#primaryimage\",\"url\":\"https:\\\/\\\/adfinternational.org\\\/wp-content\\\/uploads\\\/2021\\\/06\\\/David-Byle-scetch-board.jpg\",\"contentUrl\":\"https:\\\/\\\/adfinternational.org\\\/wp-content\\\/uploads\\\/2021\\\/06\\\/David-Byle-scetch-board.jpg\",\"width\":1349,\"height\":901,\"caption\":\"David Byle is just one of the Christians persecuted in Turkey for his faith.\"},{\"@type\":\"BreadcrumbList\",\"@id\":\"https:\\\/\\\/adfinternational.org\\\/de\\\/christen-tuerkei-ausweisung-verfolgung#breadcrumb\",\"itemListElement\":[{\"@type\":\"ListItem\",\"position\":1,\"name\":\"Home\",\"item\":\"https:\\\/\\\/adfinternational.org\\\/de\"},{\"@type\":\"ListItem\",\"position\":2,\"name\":\"Portfolios\",\"item\":\"https:\\\/\\\/adfinternational.org\\\/de\\\/portfolio\"},{\"@type\":\"ListItem\",\"position\":3,\"name\":\"Christen in der T\u00fcrkei mit Ausweisung und Verfolgung konfrontiert\u00a0\"}]},{\"@type\":\"WebSite\",\"@id\":\"https:\\\/\\\/adfinternational.org\\\/de\\\/#website\",\"url\":\"https:\\\/\\\/adfinternational.org\\\/de\\\/\",\"name\":\"ADF International\",\"description\":\"Protecting Fundamental Freedoms. Promoting Inherent Dignity.\",\"publisher\":{\"@id\":\"https:\\\/\\\/adfinternational.org\\\/de\\\/#organization\"},\"potentialAction\":[{\"@type\":\"SearchAction\",\"target\":{\"@type\":\"EntryPoint\",\"urlTemplate\":\"https:\\\/\\\/adfinternational.org\\\/de\\\/?s={search_term_string}\"},\"query-input\":{\"@type\":\"PropertyValueSpecification\",\"valueRequired\":true,\"valueName\":\"search_term_string\"}}],\"inLanguage\":\"de-DE\"},{\"@type\":\"Organization\",\"@id\":\"https:\\\/\\\/adfinternational.org\\\/de\\\/#organization\",\"name\":\"Alliance Defending Freedom International\",\"url\":\"https:\\\/\\\/adfinternational.org\\\/de\\\/\",\"logo\":{\"@type\":\"ImageObject\",\"inLanguage\":\"de-DE\",\"@id\":\"https:\\\/\\\/adfinternational.org\\\/de\\\/#\\\/schema\\\/logo\\\/image\\\/\",\"url\":\"https:\\\/\\\/adfinternational.org\\\/wp-content\\\/uploads\\\/2021\\\/08\\\/ADF_Intl_R_RGB_175px.png\",\"contentUrl\":\"https:\\\/\\\/adfinternational.org\\\/wp-content\\\/uploads\\\/2021\\\/08\\\/ADF_Intl_R_RGB_175px.png\",\"width\":175,\"height\":106,\"caption\":\"Alliance Defending Freedom International\"},\"image\":{\"@id\":\"https:\\\/\\\/adfinternational.org\\\/de\\\/#\\\/schema\\\/logo\\\/image\\\/\"},\"sameAs\":[\"https:\\\/\\\/facebook.com\\\/adfinternational\",\"https:\\\/\\\/x.com\\\/adfintl\",\"https:\\\/\\\/www.linkedin.com\\\/company\\\/adfinternational\",\"https:\\\/\\\/www.instagram.com\\\/adfinternational\\\/\"]}]}<\/script>\n<!-- \/ Yoast SEO Premium plugin. -->","yoast_head_json":{"title":"Christen in der T\u00fcrkei mit Ausweisung und Verfolgung konfrontiert \u200b","description":"Die Zahl der christlichen Bev\u00f6lkerung in der T\u00fcrkei ist in den vergangenen 100 Jahren von 20 Prozent auf 0,3 Prozent gesunken. Sch\u00e4tzungsweise bekennen sich 99 Prozent der rund 83 Millionen Einwohner zum Islam. Obwohl die T\u00fcrkei keine Staatsreligion hat, ist die Regierung zunehmend von Islamisierung und Nationalismus gepr\u00e4gt, was insbesondere f\u00fcr religi\u00f6se Minderheiten wie Christen erhebliche Herausforderungen mit sich bringt.","robots":{"index":"index","follow":"follow","max-snippet":"max-snippet:-1","max-image-preview":"max-image-preview:large","max-video-preview":"max-video-preview:-1"},"canonical":"https:\/\/adfinternational.org\/de\/christen-tuerkei-ausweisung-verfolgung","og_locale":"de_DE","og_type":"article","og_title":"Christen in der T\u00fcrkei mit Ausweisung und Verfolgung konfrontiert\u00a0 Christen in der T\u00fcrkei mit Ausweisung und Verfolgung konfrontiert \u200b","og_description":"Die Zahl der christlichen Bev\u00f6lkerung in der T\u00fcrkei ist in den vergangenen 100 Jahren von 20 Prozent auf 0,3 Prozent gesunken. Sch\u00e4tzungsweise bekennen sich 99 Prozent der rund 83 Millionen Einwohner zum Islam. Obwohl die T\u00fcrkei keine Staatsreligion hat, ist die Regierung zunehmend von Islamisierung und Nationalismus gepr\u00e4gt, was insbesondere f\u00fcr religi\u00f6se Minderheiten wie Christen erhebliche Herausforderungen mit sich bringt.","og_url":"https:\/\/adfinternational.org\/de\/christen-tuerkei-ausweisung-verfolgung","og_site_name":"ADF International","article_publisher":"https:\/\/facebook.com\/adfinternational","article_modified_time":"2026-04-07T12:06:08+00:00","og_image":[{"width":1349,"height":901,"url":"https:\/\/adfinternational.org\/wp-content\/uploads\/2021\/06\/David-Byle-scetch-board.jpg","type":"image\/jpeg"}],"twitter_card":"summary_large_image","twitter_title":"Christen in der T\u00fcrkei mit Ausweisung und Verfolgung konfrontiert\u00a0 Christen in der T\u00fcrkei mit Ausweisung und Verfolgung konfrontiert \u200b","twitter_description":"Die Zahl der christlichen Bev\u00f6lkerung in der T\u00fcrkei ist in den vergangenen 100 Jahren von 20 Prozent auf 0,3 Prozent gesunken. Sch\u00e4tzungsweise bekennen sich 99 Prozent der rund 83 Millionen Einwohner zum Islam. Obwohl die T\u00fcrkei keine Staatsreligion hat, ist die Regierung zunehmend von Islamisierung und Nationalismus gepr\u00e4gt, was insbesondere f\u00fcr religi\u00f6se Minderheiten wie Christen erhebliche Herausforderungen mit sich bringt.","twitter_site":"@adfintl","twitter_misc":{"Gesch\u00e4tzte Lesezeit":"10 Minuten"},"schema":{"@context":"https:\/\/schema.org","@graph":[{"@type":"WebPage","@id":"https:\/\/adfinternational.org\/de\/christen-tuerkei-ausweisung-verfolgung","url":"https:\/\/adfinternational.org\/de\/christen-tuerkei-ausweisung-verfolgung","name":"Christen in der T\u00fcrkei mit Ausweisung und Verfolgung konfrontiert \u200b","isPartOf":{"@id":"https:\/\/adfinternational.org\/de\/#website"},"primaryImageOfPage":{"@id":"https:\/\/adfinternational.org\/de\/christen-tuerkei-ausweisung-verfolgung#primaryimage"},"image":{"@id":"https:\/\/adfinternational.org\/de\/christen-tuerkei-ausweisung-verfolgung#primaryimage"},"thumbnailUrl":"https:\/\/adfinternational.org\/wp-content\/uploads\/2021\/06\/David-Byle-scetch-board.jpg","datePublished":"2020-03-04T17:09:56+00:00","dateModified":"2026-04-07T12:06:08+00:00","description":"Die Zahl der christlichen Bev\u00f6lkerung in der T\u00fcrkei ist in den vergangenen 100 Jahren von 20 Prozent auf 0,3 Prozent gesunken. Sch\u00e4tzungsweise bekennen sich 99 Prozent der rund 83 Millionen Einwohner zum Islam. Obwohl die T\u00fcrkei keine Staatsreligion hat, ist die Regierung zunehmend von Islamisierung und Nationalismus gepr\u00e4gt, was insbesondere f\u00fcr religi\u00f6se Minderheiten wie Christen erhebliche Herausforderungen mit sich bringt.","breadcrumb":{"@id":"https:\/\/adfinternational.org\/de\/christen-tuerkei-ausweisung-verfolgung#breadcrumb"},"inLanguage":"de-DE","potentialAction":[{"@type":"ReadAction","target":["https:\/\/adfinternational.org\/de\/christen-tuerkei-ausweisung-verfolgung"]}]},{"@type":"ImageObject","inLanguage":"de-DE","@id":"https:\/\/adfinternational.org\/de\/christen-tuerkei-ausweisung-verfolgung#primaryimage","url":"https:\/\/adfinternational.org\/wp-content\/uploads\/2021\/06\/David-Byle-scetch-board.jpg","contentUrl":"https:\/\/adfinternational.org\/wp-content\/uploads\/2021\/06\/David-Byle-scetch-board.jpg","width":1349,"height":901,"caption":"David Byle is just one of the Christians persecuted in Turkey for his faith."},{"@type":"BreadcrumbList","@id":"https:\/\/adfinternational.org\/de\/christen-tuerkei-ausweisung-verfolgung#breadcrumb","itemListElement":[{"@type":"ListItem","position":1,"name":"Home","item":"https:\/\/adfinternational.org\/de"},{"@type":"ListItem","position":2,"name":"Portfolios","item":"https:\/\/adfinternational.org\/de\/portfolio"},{"@type":"ListItem","position":3,"name":"Christen in der T\u00fcrkei mit Ausweisung und Verfolgung konfrontiert\u00a0"}]},{"@type":"WebSite","@id":"https:\/\/adfinternational.org\/de\/#website","url":"https:\/\/adfinternational.org\/de\/","name":"ADF International","description":"Protecting Fundamental Freedoms. Promoting Inherent Dignity.","publisher":{"@id":"https:\/\/adfinternational.org\/de\/#organization"},"potentialAction":[{"@type":"SearchAction","target":{"@type":"EntryPoint","urlTemplate":"https:\/\/adfinternational.org\/de\/?s={search_term_string}"},"query-input":{"@type":"PropertyValueSpecification","valueRequired":true,"valueName":"search_term_string"}}],"inLanguage":"de-DE"},{"@type":"Organization","@id":"https:\/\/adfinternational.org\/de\/#organization","name":"Alliance Defending Freedom International","url":"https:\/\/adfinternational.org\/de\/","logo":{"@type":"ImageObject","inLanguage":"de-DE","@id":"https:\/\/adfinternational.org\/de\/#\/schema\/logo\/image\/","url":"https:\/\/adfinternational.org\/wp-content\/uploads\/2021\/08\/ADF_Intl_R_RGB_175px.png","contentUrl":"https:\/\/adfinternational.org\/wp-content\/uploads\/2021\/08\/ADF_Intl_R_RGB_175px.png","width":175,"height":106,"caption":"Alliance Defending Freedom International"},"image":{"@id":"https:\/\/adfinternational.org\/de\/#\/schema\/logo\/image\/"},"sameAs":["https:\/\/facebook.com\/adfinternational","https:\/\/x.com\/adfintl","https:\/\/www.linkedin.com\/company\/adfinternational","https:\/\/www.instagram.com\/adfinternational\/"]}]}},"_links":{"self":[{"href":"https:\/\/adfinternational.org\/de\/wp-json\/wp\/v2\/portfolio\/87069","targetHints":{"allow":["GET"]}}],"collection":[{"href":"https:\/\/adfinternational.org\/de\/wp-json\/wp\/v2\/portfolio"}],"about":[{"href":"https:\/\/adfinternational.org\/de\/wp-json\/wp\/v2\/types\/portfolio"}],"author":[{"embeddable":true,"href":"https:\/\/adfinternational.org\/de\/wp-json\/wp\/v2\/users\/9"}],"replies":[{"embeddable":true,"href":"https:\/\/adfinternational.org\/de\/wp-json\/wp\/v2\/comments?post=87069"}],"version-history":[{"count":0,"href":"https:\/\/adfinternational.org\/de\/wp-json\/wp\/v2\/portfolio\/87069\/revisions"}],"wp:featuredmedia":[{"embeddable":true,"href":"https:\/\/adfinternational.org\/de\/wp-json\/wp\/v2\/media\/3383"}],"wp:attachment":[{"href":"https:\/\/adfinternational.org\/de\/wp-json\/wp\/v2\/media?parent=87069"}],"wp:term":[{"taxonomy":"by_type","embeddable":true,"href":"https:\/\/adfinternational.org\/de\/wp-json\/wp\/v2\/by_type?post=87069"},{"taxonomy":"issue","embeddable":true,"href":"https:\/\/adfinternational.org\/de\/wp-json\/wp\/v2\/issue?post=87069"},{"taxonomy":"region","embeddable":true,"href":"https:\/\/adfinternational.org\/de\/wp-json\/wp\/v2\/region?post=87069"},{"taxonomy":"portfolio_category","embeddable":true,"href":"https:\/\/adfinternational.org\/de\/wp-json\/wp\/v2\/portfolio_category?post=87069"},{"taxonomy":"portfolio_tag","embeddable":true,"href":"https:\/\/adfinternational.org\/de\/wp-json\/wp\/v2\/portfolio_tag?post=87069"}],"curies":[{"name":"wp","href":"https:\/\/api.w.org\/{rel}","templated":true}]}}