{"version":"1.0","provider_name":"ADF International","provider_url":"https:\/\/adfinternational.org\/fr","title":"\u00ab laissez-nous prier \u00bb : Le gouvernement \u00e9cossais a moins d\u2019une semaine pour r\u00e9pondre \u00e0 un nouveau recours juridique sur les fermetures d\u2019\u00e9glises","type":"rich","width":600,"height":338,"html":"<blockquote class=\"wp-embedded-content\" data-secret=\"PP2TFAnakh\"><a href=\"https:\/\/adfinternational.org\/fr\/actualites\/laissez-nous-prier\">\u00ab laissez-nous prier \u00bb : Le gouvernement \u00e9cossais a moins d\u2019une semaine pour r\u00e9pondre \u00e0 un nouveau recours juridique sur les fermetures d\u2019\u00e9glises<\/a><\/blockquote><iframe sandbox=\"allow-scripts\" security=\"restricted\" src=\"https:\/\/adfinternational.org\/fr\/actualites\/laissez-nous-prier\/embed#?secret=PP2TFAnakh\" width=\"600\" height=\"338\" title=\"\u00ab\u00a0\u00ab laissez-nous prier \u00bb : Le gouvernement \u00e9cossais a moins d\u2019une semaine pour r\u00e9pondre \u00e0 un nouveau recours juridique sur les fermetures d\u2019\u00e9glises\u00a0\u00bb &#8212; ADF International\" data-secret=\"PP2TFAnakh\" frameborder=\"0\" marginwidth=\"0\" marginheight=\"0\" scrolling=\"no\" class=\"wp-embedded-content\"><\/iframe><script type=\"text\/javascript\">\n\/* <![CDATA[ *\/\n\/*! This file is auto-generated *\/\n!function(d,l){\"use strict\";l.querySelector&&d.addEventListener&&\"undefined\"!=typeof URL&&(d.wp=d.wp||{},d.wp.receiveEmbedMessage||(d.wp.receiveEmbedMessage=function(e){var t=e.data;if((t||t.secret||t.message||t.value)&&!\/[^a-zA-Z0-9]\/.test(t.secret)){for(var s,r,n,a=l.querySelectorAll('iframe[data-secret=\"'+t.secret+'\"]'),o=l.querySelectorAll('blockquote[data-secret=\"'+t.secret+'\"]'),c=new RegExp(\"^https?:$\",\"i\"),i=0;i<o.length;i++)o[i].style.display=\"none\";for(i=0;i<a.length;i++)s=a[i],e.source===s.contentWindow&&(s.removeAttribute(\"style\"),\"height\"===t.message?(1e3<(r=parseInt(t.value,10))?r=1e3:~~r<200&&(r=200),s.height=r):\"link\"===t.message&&(r=new URL(s.getAttribute(\"src\")),n=new URL(t.value),c.test(n.protocol))&&n.host===r.host&&l.activeElement===s&&(d.top.location.href=t.value))}},d.addEventListener(\"message\",d.wp.receiveEmbedMessage,!1),l.addEventListener(\"DOMContentLoaded\",function(){for(var e,t,s=l.querySelectorAll(\"iframe.wp-embedded-content\"),r=0;r<s.length;r++)(t=(e=s[r]).getAttribute(\"data-secret\"))||(t=Math.random().toString(36).substring(2,12),e.src+=\"#?secret=\"+t,e.setAttribute(\"data-secret\",t)),e.contentWindow.postMessage({message:\"ready\",secret:t},\"*\")},!1)))}(window,document);\n\/\/# sourceURL=https:\/\/adfinternational.org\/wp-includes\/js\/wp-embed.min.js\n\/* ]]> *\/\n<\/script>\n","thumbnail_url":"https:\/\/adfinternational.org\/wp-content\/uploads\/2021\/12\/Case_Canon_Tom.jpg","thumbnail_width":800,"thumbnail_height":737,"description":"Le gouvernement \u00e9cossais a maintenu une interdiction stricte du culte public, bien que les \u00e9glises anglaises puissent ouvrir avec des mesures de s\u00e9curit\u00e9 ad\u00e9quates. Un pr\u00eatre de Glasgow r\u00e9clame au gouvernement de prot\u00e9ger la libert\u00e9 de culte et s\u2019exprime en faveur des communaut\u00e9s paroissiales d\u00e9favoris\u00e9es EDIMBOURG (16 f\u00e9vrier 2021) &#8211; Un pr\u00eatre de Glasgow a [&hellip;]"}