{"id":44804,"date":"2023-07-03T21:20:41","date_gmt":"2023-07-03T21:20:41","guid":{"rendered":"https:\/\/adfinternational.org\/religious-freedom"},"modified":"2026-05-19T15:54:12","modified_gmt":"2026-05-19T15:54:12","slug":"liberte-de-religion","status":"publish","type":"page","link":"https:\/\/adfinternational.org\/fr\/liberte-de-religion\/","title":{"rendered":"Libert\u00e9 de religion"},"content":{"rendered":"<svg width=\"0\" height=\"0\" style=\"position:absolute;width:0;height:0;overflow:hidden\" aria-hidden=\"true\" focusable=\"false\"><filter id=\"adf-tritone-map\" color-interpolation-filters=\"sRGB\"><feColorMatrix type=\"matrix\" values=\"0.2126 0.7152 0.0722 0 0  0.2126 0.7152 0.0722 0 0  0.2126 0.7152 0.0722 0 0  0 0 0 1 0\"\/><feComponentTransfer><feFuncR type=\"table\" tableValues=\"0 0.131 0.261 0.391 0.522 0.652 0.751 0.803 0.856 0.908 0.961\"\/><feFuncG type=\"table\" tableValues=\"0.188 0.257 0.326 0.395 0.464 0.532 0.598 0.659 0.720 0.782 0.843\"\/><feFuncB type=\"table\" tableValues=\"0.341 0.313 0.284 0.255 0.226 0.198 0.209 0.277 0.346 0.414 0.482\"\/><\/feComponentTransfer><\/filter><\/svg><section class=\"adfi-focus-hero wp-block-adfi-focus-hero\">\n        <div class=\"adfi-focus-hero-bg\" style=\"background-image: url(https:\/\/adfinternational.org\/wp-content\/uploads\/2026\/04\/religious_freedom_hero-1.webp)\"><\/div>\n        <div class=\"adfi-focus-hero-overlay\"><\/div>\n    <div class=\"container position-relative\" style=\"z-index:3\">\n        <div class=\"row\">\n            <div class=\"col-lg-7 col-xl-6\">\n                <h1 class=\"adfi-focus-hero-heading\">La libert\u00e9 de religion pour tous<\/h1>\n                <p class=\"adfi-focus-hero-subheading\">Renforcer la libert\u00e9 de religion en tant que droit fondamental<\/p>\n                                <a href=\"\/fr\/faire-un-don\" class=\"btn-ds-primary-dark\">\n                    Soutenez notre action                <\/a>\n                            <\/div>\n        <\/div>\n    <\/div>\n<\/section>\n\n\n<div class=\"adfi-achievements adfi-achievements--cream wp-block-adfi-achievements\">\n\t<div class=\"container text-center\">\n\t\t<h2 class=\"adfi-achievements-heading\"><\/h2>\n\t\t<div class=\"row justify-content-center adfi-achievements-stats\">\n\t\t\t\t\t\t<div class=\"col-12 col-md-4\">\n\t\t\t\t<div class=\"adfi-achievements-number\" data-target=\"67\">0<\/div>\n\t\t\t\t<div class=\"adfi-achievements-label\">pays avec des affaires en cours<\/div>\n\t\t\t<\/div>\n\t\t\t\t\t\t<div class=\"col-12 col-md-4\">\n\t\t\t\t<div class=\"adfi-achievements-number\" data-target=\"1437\">0<\/div>\n\t\t\t\t<div class=\"adfi-achievements-label\">affaires en cours dans le monde<\/div>\n\t\t\t<\/div>\n\t\t\t\t\t\t<div class=\"col-12 col-md-4\">\n\t\t\t\t<div class=\"adfi-achievements-number\" data-target=\"1072\">0<\/div>\n\t\t\t\t<div class=\"adfi-achievements-label\">victoires pour ADF International<\/div>\n\t\t\t<\/div>\n\t\t\t\t\t<\/div>\n\t\t\t<\/div>\n<\/div>\n\n\n\n<div class=\"wp-block-group container py-5 is-layout-flow wp-block-group-is-layout-flow\">\n\n\n<div class=\"wp-block-columns is-layout-flex wp-container-core-columns-is-layout-18dcaec4 wp-block-columns-is-layout-flex\">\n\n\n<div class=\"wp-block-column is-layout-flow wp-block-column-is-layout-flow\" style=\"flex-basis:62%\">\n\n<h2 class=\"wp-block-heading has-text-color\" style=\"color:#003057;font-family:var(--adf-ff-1);font-size:clamp(1.5rem, 2.5vw, 2rem)\">Pourquoi la libert\u00e9 de religion est-elle si importante ?<\/h2>\n\n\n\n<p class=\"has-text-color wp-block-paragraph\" style=\"color:#333333;font-family:Spectral;font-size:1.05rem;line-height:1.8\">Dieu a cr\u00e9\u00e9 les cieux, la terre, et tout ce qu\u2019ils contiennent. Parmi toutes Ses cr\u00e9atures, c\u2019est l\u2019homme qu\u2019Il a fa\u00e7onn\u00e9 \u00e0 Son image. Cela fait de l\u2019\u00eatre humain une cr\u00e9ature religieuse par nature, dot\u00e9e de libert\u00e9, de dignit\u00e9 et d\u2019une conscience morale \u2013 \u00e0 l\u2019instar de son Cr\u00e9ateur. Tout comme Adam et \u00c8ve, nous sommes appel\u00e9s, librement, \u00e0 choisir Dieu. L\u2019ap\u00f4tre Paul nous le rappelle dans l\u2019\u00e9p\u00eetre aux Galates :<\/p>\n\n\n\n<blockquote class=\"wp-block-quote has-text-color is-layout-flow wp-block-quote-is-layout-flow\" style=\"color:#003057\">\n<p class=\"wp-block-paragraph\">\u00ab C\u2019est par la libert\u00e9 que le Christ nous a lib\u00e9r\u00e9s \u00bb<\/p>\n<cite>Gal 5, 1<\/cite><\/blockquote>\n\n\n\n<p class=\"has-text-color wp-block-paragraph\" style=\"color:#333333;font-family:Spectral;font-size:1.05rem;line-height:1.8\">D\u00e8s lors, la libert\u00e9 d\u2019entretenir une relation personnelle avec Dieu a \u00e9t\u00e9 instaur\u00e9e au tout d\u00e9but de l\u2019humanit\u00e9\u202f: de cela d\u00e9coule que la libert\u00e9 de religion est un droit pr\u00e9-politique, fondamental et inali\u00e9nable, qui appartient \u00e0 toute personne, ind\u00e9pendamment de ses convictions.<\/p>\n\n\n\n<p class=\"has-text-color wp-block-paragraph\" style=\"color:#333333;font-family:Spectral;font-size:1.05rem;line-height:1.8\">J\u00e9sus nous a appris \u00e0 rendre \u00e0 C\u00e9sar ce qui est \u00e0 C\u00e9sar, et \u00e0 Dieu ce qui est \u00e0 Dieu. Il convient de rappeler \u00e0 cet \u00e9gard que le c\u0153ur et l\u2019\u00e2me de tout \u00eatre humain appartiennent \u00e0 Dieu, non pas \u00e0 \u00ab\u202fC\u00e9sar\u202f\u00bb. Dans les Actes des Ap\u00f4tres, l\u2019on peut observer comment les ap\u00f4tres ont r\u00e9sist\u00e9 aux efforts entrepris par les autorit\u00e9s de l\u2019\u00e9poque pour interdire leur foi ou limiter leur libert\u00e9 d\u2019annoncer la Bonne Nouvelle.<\/p>\n\n\n\n<p class=\"has-text-color wp-block-paragraph\" style=\"color:#333333;font-family:Spectral;font-size:1.05rem;line-height:1.8\">Un \u00e9tat qui d\u00e9ciderait d\u2019imposer ou d\u2019interdire une religion ferait intrusion dans un domaine r\u00e9serv\u00e9 exclusivement \u00e0 Dieu. En tant qu\u2019instrument voulu par Dieu, l\u2019\u00e9tat se doit de reconna\u00eetre que les hommes sont et demeurent libres devant Dieu et, par cons\u00e9quent, a l\u2019obligation de prot\u00e9ger et de respecter la libert\u00e9 de religion \u2013 celle de vivre en conformit\u00e9 avec ses convictions religieuses, notamment par la pratique du culte.<\/p>\n\n\n\n<h2 class=\"wp-block-heading has-text-color\" style=\"color:#003057;font-family:var(--adf-ff-1);font-size:clamp(1.5rem, 2.5vw, 2rem)\">Prot\u00e9ger la libert\u00e9 de religion, c\u2019est reconna\u00eetre et prot\u00e9ger la dignit\u00e9 humaine<\/h2>\n\n\n\n<p class=\"has-text-color wp-block-paragraph\" style=\"color:#333333;font-family:Spectral;font-size:1.05rem;line-height:1.8\">En tant que chr\u00e9tiens, nous sommes appel\u00e9s \u00e0 proclamer la Bonne Nouvelle, par nos actes et nos paroles, et \u00e0 pratiquer le culte ouvertement.<\/p>\n\n\n\n<p class=\"has-text-color wp-block-paragraph\" style=\"color:#333333;font-family:Spectral;font-size:1.05rem;line-height:1.8\">Dans nos soci\u00e9t\u00e9s cependant, certains s\u2019efforcent de nous faire croire que la foi serait une affaire purement priv\u00e9e, voir m\u00eame que le message chr\u00e9tien serait nuisible. Au d\u00e9part de ces faux postulats, la libert\u00e9 de religion, allant de pair avec celle de pratiquer le culte et la libert\u00e9 de conscience, se trouve menac\u00e9e et r\u00e9duite \u2013 parfois jusqu\u2019\u00e0 n\u00e9ant.<\/p>\n\n\n\n<p class=\"has-text-color wp-block-paragraph\" style=\"color:#333333;font-family:Spectral;font-size:1.05rem;line-height:1.8\">Pourtant, il s\u2019agit d\u2019une libert\u00e9 fondamentale et universelle, prot\u00e9g\u00e9e en tant que droit de l\u2019homme par les principaux trait\u00e9s internationaux.<\/p>\n\n\n\n<p class=\"has-text-color wp-block-paragraph\" style=\"color:#333333;font-family:Spectral;font-size:1.05rem;line-height:1.8\">Cette libert\u00e9 existe pour toute personne, et ce quelle que soit sa religion ou sa conviction (et m\u00eame en l\u2019absence de celles-ci). Il n\u2019appartient pas \u00e0 un \u00e9tat d\u2019exercer une autorit\u00e9 quelconque quant \u00e0 la religion ou aux convictions d\u2019un individu. Aussi, cette libert\u00e9 n\u2019est-elle pas d\u00e9pendante de la \u00ab\u202fvalidit\u00e9\u202f\u00bb des convictions d\u2019une personne.<\/p>\n\n\n\n<p class=\"has-text-color wp-block-paragraph\" style=\"color:#333333;font-family:Spectral;font-size:1.05rem;line-height:1.8\">La protection \u00e9lev\u00e9e accord\u00e9e \u00e0 la libert\u00e9 de religion, qui se range parmi les droits de l\u2019homme les plus importants, illustre par ailleurs que croire ou de ne pas croire, et ce quelles que soient les convictions, est fondamental pour toute personne \u2013 tant en ce qui concerne son \u00eatre, qu\u2019en ce qui concerne sa vie quotidienne.<\/p>\n\n\n\n<p class=\"has-text-color wp-block-paragraph\" style=\"color:#333333;font-family:Spectral;font-size:1.05rem;line-height:1.8\">Prot\u00e9ger la libert\u00e9 de religion, pr\u00e9cis\u00e9ment parce qu\u2019elle est intimement li\u00e9e \u00e0 l\u2019\u00eatre-m\u00eame de la personne et \u00e0 sa singularit\u00e9, revient \u00e0 reconna\u00eetre et \u00e0 prot\u00e9ger la dignit\u00e9 de la personne. Pour cette raison \u00e9galement, les \u00e9tats ont la grave et importante obligation de pr\u00e9server cette libert\u00e9.<\/p>\n\n\n\n<p class=\"has-text-color wp-block-paragraph\" style=\"color:#333333;font-family:Spectral;font-size:1.05rem;line-height:1.8\">Personne ne devrait \u00eatre puni pour avoir exprim\u00e9 pacifiquement sa foi, ses convictions profondes. Par ailleurs, tel que l\u2019illustre la pers\u00e9cution qui s\u00e9vit \u00e0 bon nombre d\u2019endroits dans le monde, une soci\u00e9t\u00e9 ne peut pas v\u00e9ritablement vivre en paix, tant que la libert\u00e9 de religion n\u2019y est pas respect\u00e9e.<\/p>\n\n\n\n<h2 class=\"wp-block-heading has-text-color\" style=\"color:#003057;font-family:var(--adf-ff-1);font-size:clamp(1.5rem, 2.5vw, 2rem)\">La libert\u00e9 de religion, solidement ancr\u00e9e dans le droit international<\/h2>\n\n\n\n<p class=\"has-text-color wp-block-paragraph\" style=\"color:#333333;font-family:Spectral;font-size:1.05rem;line-height:1.8\">La libert\u00e9 de religion est solidement ancr\u00e9e dans le droit international, en tant que droit de l\u2019homme.<\/p>\n\n\n\n<p class=\"has-text-color wp-block-paragraph\" style=\"color:#333333;font-family:Spectral;font-size:1.05rem;line-height:1.8\">Le texte de r\u00e9f\u00e9rence est l\u2019affirmation contenue \u00e0 l\u2019article 18 de la D\u00e9claration universelle des droits de l\u2019homme : \u00ab toute personne a droit \u00e0 la libert\u00e9 de pens\u00e9e, de conscience et de religion ; ce droit implique la libert\u00e9 de changer de religion ou de conviction ainsi que la libert\u00e9 de manifester sa religion ou sa conviction, seule ou en commun, tant en public qu\u2019en priv\u00e9, par l\u2019enseignement, les pratiques, le culte et l\u2019accomplissement des rites \u00bb.<\/p>\n\n\n\n<p class=\"has-text-color wp-block-paragraph\" style=\"color:#333333;font-family:Spectral;font-size:1.05rem;line-height:1.8\">Le Pacte international relatif aux droits civils et politiques, en son article 18, codifie cette affirmation. L\u2019article 4 de ce m\u00eame trait\u00e9 stipule que la libert\u00e9 de religion est un droit ind\u00e9rogeable : m\u00eame en cas d\u2019urgence, les \u00e9tats ne peuvent pas se soustraire \u00e0 leur obligation de le prot\u00e9ger.<\/p>\n\n\n\n<p class=\"has-text-color wp-block-paragraph\" style=\"color:#333333;font-family:Spectral;font-size:1.05rem;line-height:1.8\">La Convention europ\u00e9enne des droits de l\u2019homme prot\u00e8ge la libert\u00e9 de religion et de conscience \u00e0 l\u2019article 9, qui inclut \u00e9galement le droit de manifester sa religion ou sa conviction \u00ab par les pratiques et l\u2019accomplissement des rites \u00bb. La Charte de l\u2019Union europ\u00e9enne va encore plus loin, en reconnaissant explicitement le droit \u00e0 l\u2019objection de conscience ( article 10).<\/p>\n\n\n\n<p class=\"has-text-color wp-block-paragraph\" style=\"color:#333333;font-family:Spectral;font-size:1.05rem;line-height:1.8\">L\u2019article 12 de la Convention am\u00e9ricaine des droits de l&rsquo;homme prot\u00e8ge, de mani\u00e8re particuli\u00e8rement large, la libert\u00e9 de religion, en ce compris le droit de changer de religion.<\/p>\n\n\n\n<h2 class=\"wp-block-heading has-text-color\" style=\"color:#003057;font-family:var(--adf-ff-1);font-size:clamp(1.5rem, 2.5vw, 2rem)\">La libert\u00e9 de religion, menac\u00e9e \u00e0 travers le monde<\/h2>\n\n\n\n<p class=\"has-text-color wp-block-paragraph\" style=\"color:#333333;font-family:Spectral;font-size:1.05rem;line-height:1.8\">Alors que les dispositions constitutionnelles de nombreux \u00e9tats occidentaux entendent explicitement accorder une protection \u00e0 la libert\u00e9 de religion, cette protection s\u2019av\u00e8re bien moindre que pr\u00e9vue : des lois dites \u00ab de lutte contre la discrimination \u00bb l\u2019emportent, trop souvent, sur des revendications fond\u00e9es sur la libert\u00e9 de religion en tant que droit fondamental ou constitutionnel.<\/p>\n\n\n\n<p class=\"has-text-color wp-block-paragraph\" style=\"color:#333333;font-family:Spectral;font-size:1.05rem;line-height:1.8\">Ailleurs dans le monde, l\u00e0 o\u00f9 s\u00e9vit la pers\u00e9cution, la libert\u00e9 de religion est restreinte notamment par des lois qui r\u00e9duisent l\u2019autonomie des \u00e9glises, et par des lois qui p\u00e9nalisent la conversion, l\u2019apostasie, le blasph\u00e8me, le pros\u00e9lytisme, le culte communautaire \u2013 au d\u00e9triment tant des chr\u00e9tiens, que d\u2019autres minorit\u00e9s religieuses.<\/p>\n\n\n\n<p class=\"has-text-color wp-block-paragraph\" style=\"color:#333333;font-family:Spectral;font-size:1.05rem;line-height:1.8\">Les lois dites \u00ab anti-conversion \u00bb m\u00e9connaissent le droit de changer de religion, alors que celui-ci est couvert par la libert\u00e9 de religion. Souvent appliqu\u00e9es de mani\u00e8re arbitraire par les autorit\u00e9s (administrations publiques, et forces de l\u2019ordre), elles permettent que toujours plus d\u2019obstacles administratifs soient mis en place qui, dans les faits, renvoient dans le domaine de l\u2019ill\u00e9galit\u00e9 toute conversion d\u2019une religion majoritaire vers une religion minoritaire \u2013 bien souvent, de l\u2019islam au christianisme. Elles sont en vigueur principalement dans le sud et le sud-est asiatique, notamment en Inde, au N\u00e9pal, au Myanmar et au Bhoutan.<\/p>\n\n\n\n<p class=\"has-text-color wp-block-paragraph\" style=\"color:#333333;font-family:Spectral;font-size:1.05rem;line-height:1.8\">Les lois dites \u00ab anti-blasph\u00e8me \u00bb, quant \u00e0 elles, \u00e9rigent en infraction le fait de tenir des propos qui insulteraient les doctrines de la religion majoritaire, et \u00e9tablissent des peines pouvant aller jusqu\u2019\u00e0 la peine de mort, parfois inflig\u00e9e alors qu\u2019en r\u00e9alit\u00e9, les \u00ab coupables \u00bb n\u2019ont fait qu\u2019exprimer pacifiquement leurs convictions. Ces lois, qui violent les droits de l\u2019homme \u00e0 plus d\u2019un \u00e9gard, sont en vigueur dans 79 pays \u2013 parmi ceux-ci, 8 sanctionnent le \u00ab blasph\u00e8me \u00bb par la peine de mort.<\/p>\n\n\n\n<p class=\"has-text-color wp-block-paragraph\" style=\"color:#333333;font-family:Spectral;font-size:1.05rem;line-height:1.8\"><strong>ADF International : un plaidoyer pour la libert\u00e9 de religion, pour tous<\/strong><\/p>\n\n\n\n<p class=\"has-text-color wp-block-paragraph\" style=\"color:#333333;font-family:Spectral;font-size:1.05rem;line-height:1.8\">Nous nous engageons pour que, partout dans le monde, <em>la libert\u00e9 de religion soit prot\u00e9g\u00e9e et respect\u00e9e : chacun doit pouvoir t\u00e9moigner de sa religion, et vivre selon les principes que celle-ci pr\u00e9conise, y compris lorsqu\u2019il s\u2019agit d\u2019annoncer et de suivre l\u2019\u00c9vangile.<\/em><\/p>\n\n\n\n<p class=\"has-text-color wp-block-paragraph\" style=\"color:#333333;font-family:Spectral;font-size:1.05rem;line-height:1.8\">ADF International s\u2019oppose fermement \u00e0 toute punition ou pers\u00e9cution d\u2019individus qui ne souhaitent que pratiquer pacifiquement leur religion. Fort de son r\u00e9seau international, ADF International demande que justice soit rendue aux personnes pers\u00e9cut\u00e9es et aux victimes, et que soient abolies les lois portant atteinte \u00e0 la libert\u00e9 de religion.<\/p>\n\n\n\n<p class=\"has-text-color wp-block-paragraph\" style=\"color:#333333;font-family:Spectral;font-size:1.05rem;line-height:1.8\"><strong>ADF International s\u2019engage quotidiennement afin :<\/strong><\/p>\n\n\n\n<ul class=\"has-text-color wp-block-list\" style=\"color:#333333;font-family:Spectral,serif;font-size:1.05rem;line-height:1.8\">\n<li>de prot\u00e9ger et de promouvoir la libert\u00e9 de religion ou de conviction, en coordonnant les efforts de plaidoyer aupr\u00e8s des principales organisations internationales.<\/li>\n<li>de d\u00e9fendre et d\u2019\u00e9largir la protection l\u00e9gale de la libert\u00e9 de religion au niveau du droit interne (national).<\/li>\n<li>de rendre justice aux victimes de pers\u00e9cution, en soutenant leur d\u00e9fense devant les cours et tribunaux.<\/li>\n<li>de ralentir la propagation de lois incriminant le blasph\u00e8me, la conversion et l\u2019apostasie, dans l\u2019objectif de les voir, \u00e0 terme, abolies.<\/li>\n<\/ul>\n\n<\/div>\n\n\n\n<div class=\"wp-block-column is-layout-flow wp-block-column-is-layout-flow\" style=\"flex-basis:38%\">\n\n<div class=\"adfi-topic-news wp-block-adfi-topic-news\">\n        <h2 class=\"adfi-topic-news-heading\">Actualit\u00e9s<\/h2>\n    \n    <ul class=\"adfi-topic-news-list\">\n                <li class=\"adfi-topic-news-item\">\n            <a href=\"https:\/\/adfinternational.org\/news\/nigerian-journalist-cleared-of-criminal-defamation-charges-after-reporting-on-christian-persecution\/\" class=\"adfi-topic-news-link\">\n                                <div class=\"adfi-topic-news-thumb-wrap\">\n                    <img loading=\"lazy\" decoding=\"async\" width=\"150\" height=\"150\" src=\"https:\/\/adfinternational.org\/wp-content\/uploads\/2026\/08\/Image-48-150x150.jpg\" class=\"adfi-topic-news-thumb wp-post-image\" alt=\"\" \/>                    <div class=\"adf-hero-warm-stack\" aria-hidden=\"true\"><div class=\"adf-hero-warm-cool\"><\/div><div class=\"adf-hero-warm-cream\"><\/div><div class=\"adf-hero-warm-gold\"><\/div><\/div>\n                <\/div>\n                                <div class=\"adfi-topic-news-meta\">\n                    <span class=\"adfi-topic-news-type\">Press Release<\/span>\n                    <span class=\"adfi-topic-news-date\">August 27, 2026<\/span>\n                    <span class=\"adfi-topic-news-title\">Nigerian Journalist Cleared of Criminal Defamation Charges After Reporting on Christian Persecution<\/span>\n                <\/div>\n            <\/a>\n        <\/li>\n                <li class=\"adfi-topic-news-item\">\n            <a href=\"https:\/\/adfinternational.org\/news\/christian-finnish-parliamentarian-blocked-from-entering-uk\/\" class=\"adfi-topic-news-link\">\n                                <div class=\"adfi-topic-news-thumb-wrap\">\n                    <img loading=\"lazy\" decoding=\"async\" width=\"150\" height=\"150\" src=\"https:\/\/adfinternational.org\/wp-content\/uploads\/2026\/08\/PAIVI-1-scaled-1-150x150.png\" class=\"adfi-topic-news-thumb wp-post-image\" alt=\"\" \/>                    <div class=\"adf-hero-warm-stack\" aria-hidden=\"true\"><div class=\"adf-hero-warm-cool\"><\/div><div class=\"adf-hero-warm-cream\"><\/div><div class=\"adf-hero-warm-gold\"><\/div><\/div>\n                <\/div>\n                                <div class=\"adfi-topic-news-meta\">\n                    <span class=\"adfi-topic-news-type\">Press Release<\/span>\n                    <span class=\"adfi-topic-news-date\">August 18, 2026<\/span>\n                    <span class=\"adfi-topic-news-title\">Christian Finnish parliamentarian blocked from entering UK to discuss free speech at religious liberty conference<\/span>\n                <\/div>\n            <\/a>\n        <\/li>\n                <li class=\"adfi-topic-news-item\">\n            <a href=\"https:\/\/adfinternational.org\/news\/un-experts-release-letter-to-nigerian-government\/\" class=\"adfi-topic-news-link\">\n                                <div class=\"adfi-topic-news-thumb-wrap\">\n                    <img loading=\"lazy\" decoding=\"async\" width=\"150\" height=\"150\" src=\"https:\/\/adfinternational.org\/wp-content\/uploads\/2026\/06\/pexels-tep-ro-271238172-12999658-150x150.jpg\" class=\"adfi-topic-news-thumb wp-post-image\" alt=\"\" \/>                    <div class=\"adf-hero-warm-stack\" aria-hidden=\"true\"><div class=\"adf-hero-warm-cool\"><\/div><div class=\"adf-hero-warm-cream\"><\/div><div class=\"adf-hero-warm-gold\"><\/div><\/div>\n                <\/div>\n                                <div class=\"adfi-topic-news-meta\">\n                    <span class=\"adfi-topic-news-type\">Press Release<\/span>\n                    <span class=\"adfi-topic-news-date\">August 13, 2026<\/span>\n                    <span class=\"adfi-topic-news-title\">UN Experts Release Letter to Nigerian Government Warning of Heightened Risk of Violence for Christian Women and Girls<\/span>\n                <\/div>\n            <\/a>\n        <\/li>\n                <li class=\"adfi-topic-news-item\">\n            <a href=\"https:\/\/adfinternational.org\/news\/iraqs-court-of-cassation-affirms-womans-right-to-be-classified-as-christian-in-states-official-database\/\" class=\"adfi-topic-news-link\">\n                                <div class=\"adfi-topic-news-thumb-wrap\">\n                    <img loading=\"lazy\" decoding=\"async\" width=\"150\" height=\"150\" src=\"https:\/\/adfinternational.org\/wp-content\/uploads\/2026\/05\/christian_woman-150x150.webp\" class=\"adfi-topic-news-thumb wp-post-image\" alt=\"\" \/>                    <div class=\"adf-hero-warm-stack\" aria-hidden=\"true\"><div class=\"adf-hero-warm-cool\"><\/div><div class=\"adf-hero-warm-cream\"><\/div><div class=\"adf-hero-warm-gold\"><\/div><\/div>\n                <\/div>\n                                <div class=\"adfi-topic-news-meta\">\n                    <span class=\"adfi-topic-news-type\">Press Release<\/span>\n                    <span class=\"adfi-topic-news-date\">July 30, 2026<\/span>\n                    <span class=\"adfi-topic-news-title\">Iraq\u2019s Court of Cassation affirms woman\u2019s right to be classified as Christian in state\u2019s official database<\/span>\n                <\/div>\n            <\/a>\n        <\/li>\n                <li class=\"adfi-topic-news-item\">\n            <a href=\"https:\/\/adfinternational.org\/news\/us-religious-liberty-commission-cites-european-censorship-crisis-as-warning-in-new-report\/\" class=\"adfi-topic-news-link\">\n                                <div class=\"adfi-topic-news-thumb-wrap\">\n                    <img loading=\"lazy\" decoding=\"async\" width=\"150\" height=\"150\" src=\"https:\/\/adfinternational.org\/wp-content\/uploads\/2024\/01\/adam_hero-2-150x150.webp\" class=\"adfi-topic-news-thumb wp-post-image\" alt=\"\" \/>                    <div class=\"adf-hero-warm-stack\" aria-hidden=\"true\"><div class=\"adf-hero-warm-cool\"><\/div><div class=\"adf-hero-warm-cream\"><\/div><div class=\"adf-hero-warm-gold\"><\/div><\/div>\n                <\/div>\n                                <div class=\"adfi-topic-news-meta\">\n                    <span class=\"adfi-topic-news-type\">Press Release<\/span>\n                    <span class=\"adfi-topic-news-date\">July 28, 2026<\/span>\n                    <span class=\"adfi-topic-news-title\">US Religious Liberty Commission\u00a0cites European\u00a0censorship\u00a0crisis as\u00a0warning in\u00a0new\u00a0report\u00a0<\/span>\n                <\/div>\n            <\/a>\n        <\/li>\n                <li class=\"adfi-topic-news-item\">\n            <a href=\"https:\/\/adfinternational.org\/news\/finnish-parliamentarian-files-appeal-to-european-court-of-human-rights\/\" class=\"adfi-topic-news-link\">\n                                <div class=\"adfi-topic-news-thumb-wrap\">\n                    <img loading=\"lazy\" decoding=\"async\" width=\"150\" height=\"150\" src=\"https:\/\/adfinternational.org\/wp-content\/uploads\/2026\/07\/PAIVI-150x150.png\" class=\"adfi-topic-news-thumb wp-post-image\" alt=\"\" \/>                    <div class=\"adf-hero-warm-stack\" aria-hidden=\"true\"><div class=\"adf-hero-warm-cool\"><\/div><div class=\"adf-hero-warm-cream\"><\/div><div class=\"adf-hero-warm-gold\"><\/div><\/div>\n                <\/div>\n                                <div class=\"adfi-topic-news-meta\">\n                    <span class=\"adfi-topic-news-type\">Press Release<\/span>\n                    <span class=\"adfi-topic-news-date\">July 24, 2026<\/span>\n                    <span class=\"adfi-topic-news-title\">Finnish Parliamentarian Convicted under \u201cHate Speech\u201d Law Files Appeal to European Court of Human Rights<\/span>\n                <\/div>\n            <\/a>\n        <\/li>\n            <\/ul>\n<\/div>\n\n\n<\/div>\n\n\n<\/div>\n\n\n<\/div>\n\n\n<section class=\"adfi-focus-cta adfi-focus-cta--navy wp-block-adfi-focus-cta\">\n    <div class=\"container\">\n        <div class=\"row justify-content-center\">\n            <div class=\"col-lg-7 text-center\">\n                                <p class=\"adfi-focus-cta-eyebrow\">Soutenez notre action<\/p>\n                                                <h2 class=\"adfi-focus-cta-heading\">Renforcer la libert\u00e9 de religion<\/h2>\n                                                <p class=\"adfi-focus-cta-text\">Votre don peut renforcer la libert\u00e9 de religion et soutenir les personnes pers\u00e9cut\u00e9es \u00e0 travers notre plaidoyer international.<\/p>\n                                                <a href=\"\/fr\/faire-un-don\" class=\"btn-ds-primary-dark\">\n                    Faire un don                <\/a>\n                            <\/div>\n        <\/div>\n    <\/div>\n<\/section>\n\n\n<div class=\"adfi-cases-spotlight wp-block-adfi-cases-spotlight\" id=\"adfi-cases-spotlight-1\" data-per-page=\"3\">\n\t<div class=\"container\">\n\t\t\t\t<h2 class=\"adfi-cases-spotlight-heading\">Nos affaires<\/h2>\n\t\t\n\t\t<div class=\"adfi-cases-spotlight-grid\">\n\t\t\t\t\t\t<div class=\"adfi-cases-spotlight-card\" data-page=\"0\">\n\t\t\t\t\t\t\t\t<div class=\"adfi-cases-spotlight-card-image\">\n\t\t\t\t\t<a href=\"https:\/\/adfinternational.org\/case\/akash-pakistan\/\"><img loading=\"lazy\" decoding=\"async\" width=\"768\" height=\"576\" src=\"https:\/\/adfinternational.org\/wp-content\/uploads\/2025\/10\/Akash_IMG_0153_edited-1-768x576.jpg\" class=\"adfi-cases-spotlight-card-img wp-post-image\" alt=\"\" srcset=\"https:\/\/adfinternational.org\/wp-content\/uploads\/2025\/10\/Akash_IMG_0153_edited-1-768x576.jpg 768w, https:\/\/adfinternational.org\/wp-content\/uploads\/2025\/10\/Akash_IMG_0153_edited-1-300x225.jpg 300w, https:\/\/adfinternational.org\/wp-content\/uploads\/2025\/10\/Akash_IMG_0153_edited-1.jpg 800w\" sizes=\"auto, (max-width: 768px) 100vw, 768px\" \/><\/a>\n\t\t\t\t\t<div class=\"adf-hero-warm-stack\" aria-hidden=\"true\"><div class=\"adf-hero-warm-cool\"><\/div><div class=\"adf-hero-warm-cream\"><\/div><div class=\"adf-hero-warm-gold\"><\/div><\/div>\n\t\t\t\t<\/div>\n\t\t\t\t\t\t\t\t<h3 class=\"adfi-cases-spotlight-card-title\">Akash Karamat<\/h3>\n\t\t\t\t<p class=\"adfi-cases-spotlight-card-excerpt\">Akash, a now 19-year-old Christian who was a minor at the time of arrest, faces multiple fabricated blasphemy prosecutions in Pakistan. He was detained for 20 months, subjected to traumatic&#8230;<\/p>\n\t\t\t\t<div class=\"adfi-cases-spotlight-card-cta\">\n\t\t\t\t\t<a class=\"btn-ds-primary-light-navy\" href=\"https:\/\/adfinternational.org\/case\/akash-pakistan\/\">En savoir plus<\/a>\n\t\t\t\t<\/div>\n\t\t\t<\/div>\n\t\t\t\t\t\t<div class=\"adfi-cases-spotlight-card\" data-page=\"0\">\n\t\t\t\t\t\t\t\t<div class=\"adfi-cases-spotlight-card-image\">\n\t\t\t\t\t<a href=\"https:\/\/adfinternational.org\/case\/forced-conversion-cases-pakistan\/\"><img loading=\"lazy\" decoding=\"async\" width=\"768\" height=\"576\" src=\"https:\/\/adfinternational.org\/wp-content\/uploads\/2025\/03\/Sufyan-Masih-1536x1152-1-768x576.jpg\" class=\"adfi-cases-spotlight-card-img wp-post-image\" alt=\"\" srcset=\"https:\/\/adfinternational.org\/wp-content\/uploads\/2025\/03\/Sufyan-Masih-1536x1152-1-768x576.jpg 768w, https:\/\/adfinternational.org\/wp-content\/uploads\/2025\/03\/Sufyan-Masih-1536x1152-1-300x225.jpg 300w, https:\/\/adfinternational.org\/wp-content\/uploads\/2025\/03\/Sufyan-Masih-1536x1152-1-1024x768.jpg 1024w, https:\/\/adfinternational.org\/wp-content\/uploads\/2025\/03\/Sufyan-Masih-1536x1152-1.jpg 1536w\" sizes=\"auto, (max-width: 768px) 100vw, 768px\" \/><\/a>\n\t\t\t\t\t<div class=\"adf-hero-warm-stack\" aria-hidden=\"true\"><div class=\"adf-hero-warm-cool\"><\/div><div class=\"adf-hero-warm-cream\"><\/div><div class=\"adf-hero-warm-gold\"><\/div><\/div>\n\t\t\t\t<\/div>\n\t\t\t\t\t\t\t\t<h3 class=\"adfi-cases-spotlight-card-title\">Sufyan Masih<\/h3>\n\t\t\t\t<p class=\"adfi-cases-spotlight-card-excerpt\">Christians fraudulently \u201cconverted\u201d in attempted enslavement.<\/p>\n\t\t\t\t<div class=\"adfi-cases-spotlight-card-cta\">\n\t\t\t\t\t<a class=\"btn-ds-primary-light-navy\" href=\"https:\/\/adfinternational.org\/case\/forced-conversion-cases-pakistan\/\">En savoir plus<\/a>\n\t\t\t\t<\/div>\n\t\t\t<\/div>\n\t\t\t\t\t\t<div class=\"adfi-cases-spotlight-card\" data-page=\"0\">\n\t\t\t\t\t\t\t\t<div class=\"adfi-cases-spotlight-card-image\">\n\t\t\t\t\t<a href=\"https:\/\/adfinternational.org\/case\/breccia-di-roma-italy\/\"><img loading=\"lazy\" decoding=\"async\" width=\"768\" height=\"512\" src=\"https:\/\/adfinternational.org\/wp-content\/uploads\/2025\/01\/Breccia-di-Roma-Worship-session-768x512.jpeg\" class=\"adfi-cases-spotlight-card-img wp-post-image\" alt=\"Breccia di Roma church in Rome. Worshippers singing.\" srcset=\"https:\/\/adfinternational.org\/wp-content\/uploads\/2025\/01\/Breccia-di-Roma-Worship-session-768x512.jpeg 768w, https:\/\/adfinternational.org\/wp-content\/uploads\/2025\/01\/Breccia-di-Roma-Worship-session-300x200.jpeg 300w, https:\/\/adfinternational.org\/wp-content\/uploads\/2025\/01\/Breccia-di-Roma-Worship-session-1024x682.jpeg 1024w, https:\/\/adfinternational.org\/wp-content\/uploads\/2025\/01\/Breccia-di-Roma-Worship-session-1536x1023.jpeg 1536w, https:\/\/adfinternational.org\/wp-content\/uploads\/2025\/01\/Breccia-di-Roma-Worship-session.jpeg 1600w\" sizes=\"auto, (max-width: 768px) 100vw, 768px\" \/><\/a>\n\t\t\t\t\t<div class=\"adf-hero-warm-stack\" aria-hidden=\"true\"><div class=\"adf-hero-warm-cool\"><\/div><div class=\"adf-hero-warm-cream\"><\/div><div class=\"adf-hero-warm-gold\"><\/div><\/div>\n\t\t\t\t<\/div>\n\t\t\t\t\t\t\t\t<h3 class=\"adfi-cases-spotlight-card-title\">Breccia di Roma<\/h3>\n\t\t\t\t<p class=\"adfi-cases-spotlight-card-excerpt\">An Evangelical church, whose meeting space was deemed a \u201cshop\u201d by authorities, is appealing to the European Court of Human Rights to defend its freedom to worship in the place&#8230;<\/p>\n\t\t\t\t<div class=\"adfi-cases-spotlight-card-cta\">\n\t\t\t\t\t<a class=\"btn-ds-primary-light-navy\" href=\"https:\/\/adfinternational.org\/case\/breccia-di-roma-italy\/\">En savoir plus<\/a>\n\t\t\t\t<\/div>\n\t\t\t<\/div>\n\t\t\t\t\t\t<div class=\"adfi-cases-spotlight-card adfi-cases-spotlight-hidden\" data-page=\"1\">\n\t\t\t\t\t\t\t\t<div class=\"adfi-cases-spotlight-card-image\">\n\t\t\t\t\t<a href=\"https:\/\/adfinternational.org\/case\/abdulbaqi-saeed-abdo-egypt\/\"><img loading=\"lazy\" decoding=\"async\" width=\"593\" height=\"593\" src=\"https:\/\/adfinternational.org\/wp-content\/uploads\/2025\/01\/Abdulbaqi-Abdo.jpg\" class=\"adfi-cases-spotlight-card-img wp-post-image\" alt=\"Abdulbaqi Saeed Abdo: Egypt\" srcset=\"https:\/\/adfinternational.org\/wp-content\/uploads\/2025\/01\/Abdulbaqi-Abdo.jpg 593w, https:\/\/adfinternational.org\/wp-content\/uploads\/2025\/01\/Abdulbaqi-Abdo-300x300.jpg 300w, https:\/\/adfinternational.org\/wp-content\/uploads\/2025\/01\/Abdulbaqi-Abdo-150x150.jpg 150w\" sizes=\"auto, (max-width: 593px) 100vw, 593px\" \/><\/a>\n\t\t\t\t\t<div class=\"adf-hero-warm-stack\" aria-hidden=\"true\"><div class=\"adf-hero-warm-cool\"><\/div><div class=\"adf-hero-warm-cream\"><\/div><div class=\"adf-hero-warm-gold\"><\/div><\/div>\n\t\t\t\t<\/div>\n\t\t\t\t\t\t\t\t<h3 class=\"adfi-cases-spotlight-card-title\">Abdulbaqi Saeed Abdo<\/h3>\n\t\t\t\t<p class=\"adfi-cases-spotlight-card-excerpt\">Abdulbaqi Saeed Abdo Freed from Prison for Sharing His Religious Beliefs UPDATE, FEB. 2, 2025: The father of 5 imprisoned for participating in a private Facebook group about converting to&#8230;<\/p>\n\t\t\t\t<div class=\"adfi-cases-spotlight-card-cta\">\n\t\t\t\t\t<a class=\"btn-ds-primary-light-navy\" href=\"https:\/\/adfinternational.org\/case\/abdulbaqi-saeed-abdo-egypt\/\">En savoir plus<\/a>\n\t\t\t\t<\/div>\n\t\t\t<\/div>\n\t\t\t\t\t\t<div class=\"adfi-cases-spotlight-card adfi-cases-spotlight-hidden\" data-page=\"1\">\n\t\t\t\t\t\t\t\t<div class=\"adfi-cases-spotlight-card-image\">\n\t\t\t\t\t<a href=\"https:\/\/adfinternational.org\/case\/rhoda-jatau-nigeria\/\"><img loading=\"lazy\" decoding=\"async\" width=\"768\" height=\"514\" src=\"https:\/\/adfinternational.org\/wp-content\/uploads\/2024\/12\/Sean-Rhoda-scaled-e1743588866975-768x514.jpg\" class=\"adfi-cases-spotlight-card-img wp-post-image\" alt=\"Rhoda Jatau talks with ADF International&#039;s Sean Nelson about her &quot;blasphemy&quot; experience\" srcset=\"https:\/\/adfinternational.org\/wp-content\/uploads\/2024\/12\/Sean-Rhoda-scaled-e1743588866975-768x514.jpg 768w, https:\/\/adfinternational.org\/wp-content\/uploads\/2024\/12\/Sean-Rhoda-scaled-e1743588866975-300x201.jpg 300w, https:\/\/adfinternational.org\/wp-content\/uploads\/2024\/12\/Sean-Rhoda-scaled-e1743588866975-1024x685.jpg 1024w, https:\/\/adfinternational.org\/wp-content\/uploads\/2024\/12\/Sean-Rhoda-scaled-e1743588866975-1536x1028.jpg 1536w, https:\/\/adfinternational.org\/wp-content\/uploads\/2024\/12\/Sean-Rhoda-scaled-e1743588866975-2048x1371.jpg 2048w\" sizes=\"auto, (max-width: 768px) 100vw, 768px\" \/><\/a>\n\t\t\t\t\t<div class=\"adf-hero-warm-stack\" aria-hidden=\"true\"><div class=\"adf-hero-warm-cool\"><\/div><div class=\"adf-hero-warm-cream\"><\/div><div class=\"adf-hero-warm-gold\"><\/div><\/div>\n\t\t\t\t<\/div>\n\t\t\t\t\t\t\t\t<h3 class=\"adfi-cases-spotlight-card-title\">Rhoda Jatau<\/h3>\n\t\t\t\t<p class=\"adfi-cases-spotlight-card-excerpt\">Rhoda Jatau, a Nigerian Christian and mother of 5, endured years of criminal proceedings, including a 19-month stay in prison, for charges of \u201cblasphemy.\u201d<\/p>\n\t\t\t\t<div class=\"adfi-cases-spotlight-card-cta\">\n\t\t\t\t\t<a class=\"btn-ds-primary-light-navy\" href=\"https:\/\/adfinternational.org\/case\/rhoda-jatau-nigeria\/\">En savoir plus<\/a>\n\t\t\t\t<\/div>\n\t\t\t<\/div>\n\t\t\t\t\t\t<div class=\"adfi-cases-spotlight-card adfi-cases-spotlight-hidden\" data-page=\"1\">\n\t\t\t\t\t\t\t\t<div class=\"adfi-cases-spotlight-card-image\">\n\t\t\t\t\t<a href=\"https:\/\/adfinternational.org\/de\/fall\/rhoda-jatau-nigeria-de\/\"><img loading=\"lazy\" decoding=\"async\" width=\"768\" height=\"512\" src=\"https:\/\/adfinternational.org\/wp-content\/uploads\/2024\/06\/sean-nelson-rhoda-jatau-768x512.webp\" class=\"adfi-cases-spotlight-card-img wp-post-image\" alt=\"Sean Nelson talks with Rhoda Jatau, ADF International client and persecuted Christian,\" srcset=\"https:\/\/adfinternational.org\/wp-content\/uploads\/2024\/06\/sean-nelson-rhoda-jatau-768x512.webp 768w, https:\/\/adfinternational.org\/wp-content\/uploads\/2024\/06\/sean-nelson-rhoda-jatau-300x200.webp 300w, https:\/\/adfinternational.org\/wp-content\/uploads\/2024\/06\/sean-nelson-rhoda-jatau-1024x682.webp 1024w, https:\/\/adfinternational.org\/wp-content\/uploads\/2024\/06\/sean-nelson-rhoda-jatau.webp 1312w\" sizes=\"auto, (max-width: 768px) 100vw, 768px\" \/><\/a>\n\t\t\t\t\t<div class=\"adf-hero-warm-stack\" aria-hidden=\"true\"><div class=\"adf-hero-warm-cool\"><\/div><div class=\"adf-hero-warm-cream\"><\/div><div class=\"adf-hero-warm-gold\"><\/div><\/div>\n\t\t\t\t<\/div>\n\t\t\t\t\t\t\t\t<h3 class=\"adfi-cases-spotlight-card-title\">Rhoda Jatau<\/h3>\n\t\t\t\t<p class=\"adfi-cases-spotlight-card-excerpt\">Rhoda Jatau, eine nigerianische Christin und Mutter von f\u00fcnf Kindern, musste sich jahrelang einem Strafverfahren stellen \u2013 darunter 19 Monate Haft\u2013 wegen angeblicher \u201eBlasphemie\u201c. Ihr Verbrechen? Ihr wurde vorgeworfen auf&#8230;<\/p>\n\t\t\t\t<div class=\"adfi-cases-spotlight-card-cta\">\n\t\t\t\t\t<a class=\"btn-ds-primary-light-navy\" href=\"https:\/\/adfinternational.org\/de\/fall\/rhoda-jatau-nigeria-de\/\">En savoir plus<\/a>\n\t\t\t\t<\/div>\n\t\t\t<\/div>\n\t\t\t\t\t\t<div class=\"adfi-cases-spotlight-card adfi-cases-spotlight-hidden\" data-page=\"2\">\n\t\t\t\t\t\t\t\t<div class=\"adfi-cases-spotlight-card-image\">\n\t\t\t\t\t<a href=\"https:\/\/adfinternational.org\/case\/pastor-youssef-ourahmane-algeria\/\"><img loading=\"lazy\" decoding=\"async\" width=\"768\" height=\"512\" src=\"https:\/\/adfinternational.org\/wp-content\/uploads\/2024\/12\/Kelsey-Zorzi-Pastor-Youssef-1-768x512.webp\" class=\"adfi-cases-spotlight-card-img wp-post-image\" alt=\"Pastor Youssef and Kelsey Zorzi of ADF International stand together\" srcset=\"https:\/\/adfinternational.org\/wp-content\/uploads\/2024\/12\/Kelsey-Zorzi-Pastor-Youssef-1-768x512.webp 768w, https:\/\/adfinternational.org\/wp-content\/uploads\/2024\/12\/Kelsey-Zorzi-Pastor-Youssef-1-300x200.webp 300w, https:\/\/adfinternational.org\/wp-content\/uploads\/2024\/12\/Kelsey-Zorzi-Pastor-Youssef-1.webp 1000w\" sizes=\"auto, (max-width: 768px) 100vw, 768px\" \/><\/a>\n\t\t\t\t\t<div class=\"adf-hero-warm-stack\" aria-hidden=\"true\"><div class=\"adf-hero-warm-cool\"><\/div><div class=\"adf-hero-warm-cream\"><\/div><div class=\"adf-hero-warm-gold\"><\/div><\/div>\n\t\t\t\t<\/div>\n\t\t\t\t\t\t\t\t<h3 class=\"adfi-cases-spotlight-card-title\">Pastor Youssef Ourahmane<\/h3>\n\t\t\t\t<p class=\"adfi-cases-spotlight-card-excerpt\">Pastor Youssef Ourahmane, a Christian convert and pastor in Algeria, has been sentenced to heavy fines and a prison sentence for the so-called crime of \u201cillegal worship\u201d.<\/p>\n\t\t\t\t<div class=\"adfi-cases-spotlight-card-cta\">\n\t\t\t\t\t<a class=\"btn-ds-primary-light-navy\" href=\"https:\/\/adfinternational.org\/case\/pastor-youssef-ourahmane-algeria\/\">En savoir plus<\/a>\n\t\t\t\t<\/div>\n\t\t\t<\/div>\n\t\t\t\t\t<\/div>\n\n\t\t\t\t<div class=\"adfi-cases-spotlight-dots\">\n\t\t\t\t\t\t<button class=\"adfi-spotlight-dot active\" data-page=\"0\" aria-label=\"Go to page 1\" aria-current=\"true\"><\/button>\n\t\t\t\t\t\t<button class=\"adfi-spotlight-dot\" data-page=\"1\" aria-label=\"Go to page 2\"><\/button>\n\t\t\t\t\t\t<button class=\"adfi-spotlight-dot\" data-page=\"2\" aria-label=\"Go to page 3\"><\/button>\n\t\t\t\t\t<\/div>\n\t\t\t<\/div>\n<\/div>\n\n\n\n\n","protected":false},"excerpt":{"rendered":"<p>Pourquoi la libert\u00e9 de religion est-elle si importante ? Dieu a cr\u00e9\u00e9 les cieux, la terre, et tout ce qu\u2019ils contiennent. Parmi toutes Ses cr\u00e9atures, c\u2019est l\u2019homme qu\u2019Il a fa\u00e7onn\u00e9 \u00e0 Son image. Cela fait de l\u2019\u00eatre humain une cr\u00e9ature religieuse par nature, dot\u00e9e de libert\u00e9, de dignit\u00e9 et d\u2019une conscience morale \u2013 \u00e0 l\u2019instar [&hellip;]<\/p>\n","protected":false},"author":0,"featured_media":87929,"parent":0,"menu_order":0,"comment_status":"closed","ping_status":"closed","template":"","meta":{"give_campaign_id":0,"footnotes":""},"class_list":["post-44804","page","type-page","status-publish","has-post-thumbnail","hentry"],"campaignId":"","_links":{"self":[{"href":"https:\/\/adfinternational.org\/fr\/wp-json\/wp\/v2\/pages\/44804","targetHints":{"allow":["GET"]}}],"collection":[{"href":"https:\/\/adfinternational.org\/fr\/wp-json\/wp\/v2\/pages"}],"about":[{"href":"https:\/\/adfinternational.org\/fr\/wp-json\/wp\/v2\/types\/page"}],"replies":[{"embeddable":true,"href":"https:\/\/adfinternational.org\/fr\/wp-json\/wp\/v2\/comments?post=44804"}],"version-history":[{"count":0,"href":"https:\/\/adfinternational.org\/fr\/wp-json\/wp\/v2\/pages\/44804\/revisions"}],"wp:featuredmedia":[{"embeddable":true,"href":"https:\/\/adfinternational.org\/fr\/wp-json\/wp\/v2\/media\/87929"}],"wp:attachment":[{"href":"https:\/\/adfinternational.org\/fr\/wp-json\/wp\/v2\/media?parent=44804"}],"curies":[{"name":"wp","href":"https:\/\/api.w.org\/{rel}","templated":true}]}}